{"id":15615,"date":"2022-05-12T10:56:27","date_gmt":"2022-05-12T10:56:27","guid":{"rendered":"https:\/\/olivera.org\/?post_type=olivera_activity&#038;p=15615"},"modified":"2022-05-24T16:41:13","modified_gmt":"2022-05-24T16:41:13","slug":"cicle-de-poesia-recital-de-laia-carbonell","status":"publish","type":"olivera_activity","link":"https:\/\/olivera.org\/ca\/activitat\/cicle-de-poesia-recital-de-laia-carbonell\/","title":{"rendered":"Cicle de poesia: recital de Laia Carbonell amb el poemari Nibr\u00f3s"},"content":{"rendered":"\t\t<div data-elementor-type=\"wp-post\" data-elementor-id=\"15615\" class=\"elementor elementor-15615\" data-elementor-post-type=\"olivera_activity\">\n\t\t\t\t\t\t<section class=\"elementor-section elementor-top-section elementor-element elementor-element-a91762d elementor-section-boxed elementor-section-height-default elementor-section-height-default\" data-id=\"a91762d\" data-element_type=\"section\">\n\t\t\t\t\t\t<div class=\"elementor-container elementor-column-gap-default\">\n\t\t\t\t\t<div class=\"elementor-column elementor-col-100 elementor-top-column elementor-element elementor-element-daca4eb\" data-id=\"daca4eb\" data-element_type=\"column\">\n\t\t\t<div class=\"elementor-widget-wrap elementor-element-populated\">\n\t\t\t\t\t\t<div class=\"elementor-element elementor-element-f72eeb0 elementor-widget elementor-widget-text-editor\" data-id=\"f72eeb0\" data-element_type=\"widget\" data-widget_type=\"text-editor.default\">\n\t\t\t\t<div class=\"elementor-widget-container\">\n\t\t\t\t\t\t\t\t\t<p>Tanquem el cicle de poesia de La Vinoteca amb una \u00faltima sessi\u00f3 que dona el protagonisme a una de les noves veus imprescindibles de la poesia catalana actual: Laia Carbonell. La poeta de Castellbisbal portar\u00e0 a La Vinoteca l&#8217;obra <strong><em>Nibr\u00f3s<\/em><\/strong>, guardonada amb el Premi Ciutat de Manacor de poesia 2019.<\/p><p>Despr\u00e9s de la bona acollida de\u00a0<em>Finl\u00e0ndia<\/em>\u00a0(ed. Galerada), <strong><em>Nibr\u00f3s<\/em><\/strong> explora un imaginari rural en extinci\u00f3, la seva gent i la senzillesa d&#8217;unes vides crues i franques.<\/p><p>Laia Carbonell forma part del projecte \u201cMassa Mare\u201d, impulsat per Maria Cabrera, una antologia digital de poesia de dones en constant expansi\u00f3. Actualment \u00e9s, juntament amb Raquel Santanera i Maria Sevilla, programadora d\u2019un dels espais amb m\u00e9s prestigi en l\u2019\u00e0mbit de la difusi\u00f3 de la poesia a Barcelona: L\u2019Horiginal.<\/p><p>El recital estar\u00e0 presentat i condu\u00eft pel poeta Eduard Sanahuja i s\u2019iniciar\u00e0 amb una copa de vi de benvinguda, per tal d\u2019apropar, tamb\u00e9, la cultura del vi als assistents.<\/p><p>Despr\u00e9s del recital, qui ho vulgui, pot quedar-se a sopar a La Vinoteca, amb reserva pr\u00e8via a <a href=\"mailto:lavinoteca@olivera.org\"><strong>lavinoteca@olivera.org<\/strong><\/a> o trucant al 646 619 188.<\/p>\t\t\t\t\t\t\t\t<\/div>\n\t\t\t\t<\/div>\n\t\t\t\t\t<\/div>\n\t\t<\/div>\n\t\t\t\t\t<\/div>\n\t\t<\/section>\n\t\t\t\t<section class=\"elementor-section elementor-top-section elementor-element elementor-element-4e09686 elementor-section-boxed elementor-section-height-default elementor-section-height-default\" data-id=\"4e09686\" data-element_type=\"section\">\n\t\t\t\t\t\t<div class=\"elementor-container elementor-column-gap-default\">\n\t\t\t\t\t<div class=\"elementor-column elementor-col-100 elementor-top-column elementor-element elementor-element-122e063\" data-id=\"122e063\" data-element_type=\"column\">\n\t\t\t<div class=\"elementor-widget-wrap elementor-element-populated\">\n\t\t\t\t\t\t<div class=\"elementor-element elementor-element-eae8876 elementor-align-center elementor-widget elementor-widget-button\" data-id=\"eae8876\" data-element_type=\"widget\" data-widget_type=\"button.default\">\n\t\t\t\t<div class=\"elementor-widget-container\">\n\t\t\t\t\t\t\t\t\t<div class=\"elementor-button-wrapper\">\n\t\t\t\t\t<a class=\"elementor-button elementor-button-link elementor-size-sm\" href=\"https:\/\/olivera.org\/ca\/producte\/cicle-de-poesia-recital-de-laia-carbonell\/\">\n\t\t\t\t\t\t<span class=\"elementor-button-content-wrapper\">\n\t\t\t\t\t\t\t\t\t<span class=\"elementor-button-text\">Comprar entrades<\/span>\n\t\t\t\t\t<\/span>\n\t\t\t\t\t<\/a>\n\t\t\t\t<\/div>\n\t\t\t\t\t\t\t\t<\/div>\n\t\t\t\t<\/div>\n\t\t\t\t\t<\/div>\n\t\t<\/div>\n\t\t\t\t\t<\/div>\n\t\t<\/section>\n\t\t\t\t<\/div>\n\t\t","protected":false},"excerpt":{"rendered":"<p>\u00daltima sessi\u00f3 del cicle de poesia de La Vinoteca de Can Calopa.  Tancar\u00e0 el cicle la poeta catalana Laia Carbonell , una de les noves veus imprescindibles de la poesia catalana actual. El seu primer llibre, Finl\u00e0ndia (ed. Galerada), va rebre el Segon Premi Joan Duch de Juneda i el Premi Amadeu Oller per a poetes in\u00e8dits. Ara arriba a La Vinoteca per presentar-hi Nibr\u00f3s, un poemari breu per\u00f2 intens, que evoca un imaginari de muntanya amb una veu sorgida des de les v\u00edsceres, desafiant convencions i barreres de tota mena.<\/p>\n","protected":false},"featured_media":15617,"template":"","class_list":["post-15615","olivera_activity","type-olivera_activity","status-publish","has-post-thumbnail","hentry"],"acf":[],"jetpack_sharing_enabled":true,"_links":{"self":[{"href":"https:\/\/olivera.org\/ca\/wp-json\/wp\/v2\/olivera_activity\/15615","targetHints":{"allow":["GET"]}}],"collection":[{"href":"https:\/\/olivera.org\/ca\/wp-json\/wp\/v2\/olivera_activity"}],"about":[{"href":"https:\/\/olivera.org\/ca\/wp-json\/wp\/v2\/types\/olivera_activity"}],"version-history":[{"count":0,"href":"https:\/\/olivera.org\/ca\/wp-json\/wp\/v2\/olivera_activity\/15615\/revisions"}],"wp:featuredmedia":[{"embeddable":true,"href":"https:\/\/olivera.org\/ca\/wp-json\/wp\/v2\/media\/15617"}],"wp:attachment":[{"href":"https:\/\/olivera.org\/ca\/wp-json\/wp\/v2\/media?parent=15615"}],"curies":[{"name":"wp","href":"https:\/\/api.w.org\/{rel}","templated":true}]}}