{"id":19680,"date":"2023-02-01T16:41:21","date_gmt":"2023-02-01T16:41:21","guid":{"rendered":"https:\/\/olivera.org\/?post_type=olivera_activity&#038;p=19680"},"modified":"2023-02-09T17:55:19","modified_gmt":"2023-02-09T17:55:19","slug":"reina-per-un-dia","status":"publish","type":"olivera_activity","link":"https:\/\/olivera.org\/ca\/activitat\/reina-per-un-dia\/","title":{"rendered":"Reina per un dia: Un tiberi per a esperits irreverents"},"content":{"rendered":"\t\t<div data-elementor-type=\"wp-post\" data-elementor-id=\"19680\" class=\"elementor elementor-19680\" data-elementor-post-type=\"olivera_activity\">\n\t\t\t\t\t\t<section class=\"elementor-section elementor-top-section elementor-element elementor-element-d56d583 elementor-section-boxed elementor-section-height-default elementor-section-height-default\" data-id=\"d56d583\" data-element_type=\"section\">\n\t\t\t\t\t\t<div class=\"elementor-container elementor-column-gap-default\">\n\t\t\t\t\t<div class=\"elementor-column elementor-col-100 elementor-top-column elementor-element elementor-element-44c7b77\" data-id=\"44c7b77\" data-element_type=\"column\">\n\t\t\t<div class=\"elementor-widget-wrap elementor-element-populated\">\n\t\t\t\t\t\t<div class=\"elementor-element elementor-element-79bd33d elementor-widget elementor-widget-text-editor\" data-id=\"79bd33d\" data-element_type=\"widget\" data-widget_type=\"text-editor.default\">\n\t\t\t\t<div class=\"elementor-widget-container\">\n\t\t\t\t\t\t\t\t\t<p class=\"big-serif\" style=\"text-align: center;\">Una experi\u00e8ncia enogastron\u00f2mica amb les propostes m\u00e9s agosarades d\u2019en Xesc Reina i una selecci\u00f3 dels vins de L\u2019Olivera<\/p>\t\t\t\t\t\t\t\t<\/div>\n\t\t\t\t<\/div>\n\t\t\t\t\t<\/div>\n\t\t<\/div>\n\t\t\t\t\t<\/div>\n\t\t<\/section>\n\t\t\t\t<section class=\"elementor-section elementor-top-section elementor-element elementor-element-309f0d2 elementor-section-boxed elementor-section-height-default elementor-section-height-default\" data-id=\"309f0d2\" data-element_type=\"section\">\n\t\t\t\t\t\t<div class=\"elementor-container elementor-column-gap-default\">\n\t\t\t\t\t<div class=\"elementor-column elementor-col-100 elementor-top-column elementor-element elementor-element-21df046\" data-id=\"21df046\" data-element_type=\"column\">\n\t\t\t<div class=\"elementor-widget-wrap elementor-element-populated\">\n\t\t\t\t\t\t<div class=\"elementor-element elementor-element-1cc486c elementor-widget elementor-widget-text-editor\" data-id=\"1cc486c\" data-element_type=\"widget\" data-widget_type=\"text-editor.default\">\n\t\t\t\t<div class=\"elementor-widget-container\">\n\t\t\t\t\t\t\t\t\t<p>La Vinoteca de Can Calopa i Xesc Reina presenten <strong>\u201cReina per un dia: un tiberi per a esperits irreverents\u201d<\/strong>. Es tracta d\u2019un men\u00fa degustaci\u00f3 de temporada pensat especialment per a l\u2019ocasi\u00f3 amb les propostes m\u00e9s agosarades d\u2019en <strong><a href=\"https:\/\/cancompany.es\/es\/blog\/detail\/xesc-reina-maestro-charcutero.html?gclid=CjwKCAiAuOieBhAIEiwAgjCvctZ3T0nSLyjUrfiafNUdX_cWeO_uo1cUWU2MJUvurBQ4vI6FUu-thhoCFjkQAvD_BwE\">Xesc Reina<\/a> <\/strong>que es maridaran amb una selecci\u00f3 dels vins de L\u2019Olivera.<\/p><p>Una proposta fresca i ins\u00f2lita en qu\u00e8 el reconegut xarcuter, \u00e0nima de Can Company (Mallorca), crea una experi\u00e8ncia enogastron\u00f2mica original i singular, pr\u00f2pia d\u2019aquest mestre de sabors i d\u2019il\u00b7lusions que \u00e9s en Xesc Reina. Professional inquiet, l\u2019anomenen el rei de la sobrassada per haver revolucionat aquest m\u00f3n dels embotits amb combinacions de sabors ins\u00f2lites i amb la recuperaci\u00f3 del porc negre de Mallorca.<\/p><p>Sempre buscant noves t\u00e8cniques d\u2019elaboraci\u00f3 i nous productes, en Xesc Reina arriba ara a La Vinoteca en una fusi\u00f3 de cuina i vins original i singular. Una experi\u00e8ncia que combinar\u00e0 10 plats amb 6 vins de L&#8217;Olivera. Una fusi\u00f3 que promet, i molt!\u00a0<\/p><p>A m\u00e9s, aquesta fusi\u00f3 de cuina i vins \u00e9s tamb\u00e9 una col\u00b7laboraci\u00f3 estreta entre La Vinoteca i Xesc Reina que, com a prove\u00efdor habitual de La Vinoteca, vol donar suport al projecte social de L\u2019Olivera.<\/p>\t\t\t\t\t\t\t\t<\/div>\n\t\t\t\t<\/div>\n\t\t\t\t<div class=\"elementor-element elementor-element-468d823 elementor-widget elementor-widget-text-editor\" data-id=\"468d823\" data-element_type=\"widget\" data-widget_type=\"text-editor.default\">\n\t\t\t\t<div class=\"elementor-widget-container\">\n\t\t\t\t\t\t\t\t\t<p class=\"label-sans-serif\"><strong>HORARIS<\/strong><\/p><p>Dijous, 9 de febrer, a les 20:30h<\/p><p class=\"label-sans-serif\"><strong>CONDICIONS<\/strong><\/p><p>Les places s\u00f3n limitades a 25 persones.<br \/>Preu per persona: 60\u20ac<\/p><p class=\"label-sans-serif\"><strong>M\u00c9S INFORMACI\u00d3<\/strong><\/p><p><a href=\"mailto:lavinoteca@olivera.org\">lavinoteca@olivera.org\u00a0<\/a><\/p><p class=\"label-sans-serif\"><strong>ENTRADES<\/strong><\/p><p>Les entrades a l&#8217;esdeveniment s&#8217;han d&#8217;adquirir online.<\/p>\t\t\t\t\t\t\t\t<\/div>\n\t\t\t\t<\/div>\n\t\t\t\t\t<\/div>\n\t\t<\/div>\n\t\t\t\t\t<\/div>\n\t\t<\/section>\n\t\t\t\t<section class=\"elementor-section elementor-top-section elementor-element elementor-element-c8225e9 elementor-section-boxed elementor-section-height-default elementor-section-height-default\" data-id=\"c8225e9\" data-element_type=\"section\">\n\t\t\t\t\t\t<div class=\"elementor-container elementor-column-gap-default\">\n\t\t\t\t\t<div class=\"elementor-column elementor-col-100 elementor-top-column elementor-element elementor-element-d8efc40\" data-id=\"d8efc40\" data-element_type=\"column\">\n\t\t\t<div class=\"elementor-widget-wrap elementor-element-populated\">\n\t\t\t\t\t\t<section class=\"elementor-section elementor-inner-section elementor-element elementor-element-33d0e9d elementor-section-boxed elementor-section-height-default elementor-section-height-default\" data-id=\"33d0e9d\" data-element_type=\"section\">\n\t\t\t\t\t\t<div class=\"elementor-container elementor-column-gap-default\">\n\t\t\t\t\t<div class=\"elementor-column elementor-col-50 elementor-inner-column elementor-element elementor-element-4b7245d\" data-id=\"4b7245d\" data-element_type=\"column\">\n\t\t\t<div class=\"elementor-widget-wrap elementor-element-populated\">\n\t\t\t\t\t\t<div class=\"elementor-element elementor-element-f5dab1a elementor-align-center elementor-widget elementor-widget-button\" data-id=\"f5dab1a\" data-element_type=\"widget\" data-widget_type=\"button.default\">\n\t\t\t\t<div class=\"elementor-widget-container\">\n\t\t\t\t\t\t\t\t\t<div class=\"elementor-button-wrapper\">\n\t\t\t\t\t<a class=\"elementor-button elementor-button-link elementor-size-sm\" href=\"https:\/\/olivera.org\/ca\/?post_type=product&#038;p=19662&#038;preview=true\">\n\t\t\t\t\t\t<span class=\"elementor-button-content-wrapper\">\n\t\t\t\t\t\t\t\t\t<span class=\"elementor-button-text\">Entrades<\/span>\n\t\t\t\t\t<\/span>\n\t\t\t\t\t<\/a>\n\t\t\t\t<\/div>\n\t\t\t\t\t\t\t\t<\/div>\n\t\t\t\t<\/div>\n\t\t\t\t\t<\/div>\n\t\t<\/div>\n\t\t\t\t<div class=\"elementor-column elementor-col-50 elementor-inner-column elementor-element elementor-element-563622f\" data-id=\"563622f\" data-element_type=\"column\">\n\t\t\t<div class=\"elementor-widget-wrap\">\n\t\t\t\t\t\t\t<\/div>\n\t\t<\/div>\n\t\t\t\t\t<\/div>\n\t\t<\/section>\n\t\t\t\t\t<\/div>\n\t\t<\/div>\n\t\t\t\t\t<\/div>\n\t\t<\/section>\n\t\t\t\t<\/div>\n\t\t","protected":false},"excerpt":{"rendered":"<p>La Vinoteca de Can Calopa i Xesc Reina presenten \u201cReina per un dia: un tiberi que tancar\u00e0 moltes boques\u201d. Un men\u00fa de temporada pensat especialment per a l\u2019ocasi\u00f3 amb les propostes m\u00e9s agosarades d\u2019en Xesc Reina que es maridaran amb una selecci\u00f3 dels vins de L\u2019Olivera. <\/p>\n","protected":false},"featured_media":19681,"template":"","class_list":["post-19680","olivera_activity","type-olivera_activity","status-publish","has-post-thumbnail","hentry"],"acf":[],"jetpack_sharing_enabled":true,"_links":{"self":[{"href":"https:\/\/olivera.org\/ca\/wp-json\/wp\/v2\/olivera_activity\/19680","targetHints":{"allow":["GET"]}}],"collection":[{"href":"https:\/\/olivera.org\/ca\/wp-json\/wp\/v2\/olivera_activity"}],"about":[{"href":"https:\/\/olivera.org\/ca\/wp-json\/wp\/v2\/types\/olivera_activity"}],"version-history":[{"count":0,"href":"https:\/\/olivera.org\/ca\/wp-json\/wp\/v2\/olivera_activity\/19680\/revisions"}],"wp:featuredmedia":[{"embeddable":true,"href":"https:\/\/olivera.org\/ca\/wp-json\/wp\/v2\/media\/19681"}],"wp:attachment":[{"href":"https:\/\/olivera.org\/ca\/wp-json\/wp\/v2\/media?parent=19680"}],"curies":[{"name":"wp","href":"https:\/\/api.w.org\/{rel}","templated":true}]}}