{"id":22803,"date":"2023-10-20T10:16:04","date_gmt":"2023-10-20T10:16:04","guid":{"rendered":"https:\/\/olivera.org\/?post_type=olivera_activity&#038;p=22803"},"modified":"2023-10-26T08:21:27","modified_gmt":"2023-10-26T08:21:27","slug":"festa-de-sant-marti","status":"publish","type":"olivera_activity","link":"https:\/\/olivera.org\/ca\/activitat\/festa-de-sant-marti\/","title":{"rendered":"Festa de Sant Mart\u00ed"},"content":{"rendered":"\t\t<div data-elementor-type=\"wp-post\" data-elementor-id=\"22803\" class=\"elementor elementor-22803\" data-elementor-post-type=\"olivera_activity\">\n\t\t\t\t\t\t<section class=\"elementor-section elementor-top-section elementor-element elementor-element-bcf3ea5 elementor-section-boxed elementor-section-height-default elementor-section-height-default\" data-id=\"bcf3ea5\" data-element_type=\"section\">\n\t\t\t\t\t\t<div class=\"elementor-container elementor-column-gap-default\">\n\t\t\t\t\t<div class=\"elementor-column elementor-col-100 elementor-top-column elementor-element elementor-element-cd8c49a\" data-id=\"cd8c49a\" data-element_type=\"column\">\n\t\t\t<div class=\"elementor-widget-wrap elementor-element-populated\">\n\t\t\t\t\t\t<div class=\"elementor-element elementor-element-97be8f0 elementor-widget elementor-widget-text-editor\" data-id=\"97be8f0\" data-element_type=\"widget\" data-widget_type=\"text-editor.default\">\n\t\t\t\t<div class=\"elementor-widget-container\">\n\t\t\t\t\t\t\t\t\t<h2 style=\"text-align: center;\">Celebrem l&#8217;arribada del vi novell i avivem l&#8217;esperit de tardor amb una festa per reivindicar la tradici\u00f3 pagesa de Collserola<\/h2>\t\t\t\t\t\t\t\t<\/div>\n\t\t\t\t<\/div>\n\t\t\t\t\t<\/div>\n\t\t<\/div>\n\t\t\t\t\t<\/div>\n\t\t<\/section>\n\t\t\t\t<section class=\"elementor-section elementor-top-section elementor-element elementor-element-d3b544d elementor-section-boxed elementor-section-height-default elementor-section-height-default\" data-id=\"d3b544d\" data-element_type=\"section\">\n\t\t\t\t\t\t<div class=\"elementor-container elementor-column-gap-default\">\n\t\t\t\t\t<div class=\"elementor-column elementor-col-100 elementor-top-column elementor-element elementor-element-4a34f78\" data-id=\"4a34f78\" data-element_type=\"column\">\n\t\t\t<div class=\"elementor-widget-wrap elementor-element-populated\">\n\t\t\t\t\t\t<div class=\"elementor-element elementor-element-d351bc1 elementor-widget elementor-widget-text-editor\" data-id=\"d351bc1\" data-element_type=\"widget\" data-widget_type=\"text-editor.default\">\n\t\t\t\t<div class=\"elementor-widget-container\">\n\t\t\t\t\t\t\t\t\t<p>Un any m\u00e9s, a les portes de l&#8217;hivern, celebrem la festivitat de Sant Mart\u00ed amb una jornada gastron\u00f2mica per compartir amb tots vosaltres l&#8217;esperit que impulsa el nostre projecte d&#8217;agricultura social. Deixada enrere la verema i amb la collita de les olives pr\u00e0cticament enllestida, aprofitem aquesta data assenyalada del calendari pag\u00e8s per brindar amb el vi novell. descobrir-vos els racons de la nostra finca i gaudir de la cuina popular.<\/p><p>Per aix\u00f2 us hem preparat un programa on hi haur\u00e0 degustacions, tastos, receptes que homenatgen el porc i m\u00fasica en directe per ballar fins que es pongui el sol:<\/p><ul style=\"font-size: 22px;\"><li style=\"font-size: 22px;\">11:30h &#8211; Obertura de portes<\/li><li style=\"font-size: 22px;\">12h &#8211; Presentaci\u00f3 de la jornada<\/li><li style=\"font-size: 22px;\">12:15h &#8211; Visites i tastos per racons:<br \/><ul style=\"font-size: 22px;\"><li>Degustaci\u00f3 d&#8217;embotits a la cuina antiga<\/li><li>Tast del vi novell al celler<\/li><li>Tast d&#8217;oli a l&#8217;hort<\/li><li>Activitat al corral per la canalla<\/li><\/ul><\/li><li style=\"font-size: 22px;\">13:45h &#8211; Vermut popular.<br \/><ul style=\"font-size: 22px;\"><li style=\"font-size: 22px;\">Hi haur\u00e0 tapes i vins a copes a la carta, per pagar al moment.<\/li><\/ul><\/li><li style=\"font-size: 22px;\">14:15h &#8211; Dinar:<br \/><ul style=\"font-size: 22px;\"><li style=\"font-size: 22px;\">Amanida de temporada<\/li><li style=\"font-size: 22px;\">Plat de matan\u00e7a amb mongetes del ganxet<\/li><li>Pa de pessic<\/li><\/ul><\/li><li>15:45h &#8211; Concert de La Zarig\u00fcella<\/li><li>17:15h &#8211; Fi del concert<br \/><ul style=\"font-size: 22px;\"><li>La barra de vins a copes romandr\u00e0 oberta fins al tancament<\/li><\/ul><\/li><\/ul><ul style=\"font-size: 22px;\"><li>18h &#8211; Fi de festa<\/li><\/ul><p style=\"text-align: center;\"><strong style=\"text-align: center;\">Preus*<br \/><\/strong>15\u20ac &#8211; adults i joves<br \/>5\u20ac &#8211; menors de 14 anys<\/p><p class=\"small-serif\" style=\"text-align: center;\"><em><strong>*<\/strong>Els socis de <u><a href=\"https:\/\/olivera.org\/ca\/olivera-a-casa\/\">L&#8217;Olivera a Casa<\/a> teniu un 10% de descompte<\/u><\/em><\/p>\t\t\t\t\t\t\t\t<\/div>\n\t\t\t\t<\/div>\n\t\t\t\t<div class=\"elementor-element elementor-element-baf8bbd elementor-align-center elementor-widget elementor-widget-button\" data-id=\"baf8bbd\" data-element_type=\"widget\" data-widget_type=\"button.default\">\n\t\t\t\t<div class=\"elementor-widget-container\">\n\t\t\t\t\t\t\t\t\t<div class=\"elementor-button-wrapper\">\n\t\t\t\t\t<a class=\"elementor-button elementor-button-link elementor-size-md\" href=\"https:\/\/olivera.org\/ca\/?post_type=product&#038;p=22827&#038;preview=true\">\n\t\t\t\t\t\t<span class=\"elementor-button-content-wrapper\">\n\t\t\t\t\t\t\t\t\t<span class=\"elementor-button-text\">Compra la teva entrada<\/span>\n\t\t\t\t\t<\/span>\n\t\t\t\t\t<\/a>\n\t\t\t\t<\/div>\n\t\t\t\t\t\t\t\t<\/div>\n\t\t\t\t<\/div>\n\t\t\t\t\t<\/div>\n\t\t<\/div>\n\t\t\t\t\t<\/div>\n\t\t<\/section>\n\t\t\t\t<section class=\"elementor-section elementor-top-section elementor-element elementor-element-aac2c3b elementor-section-boxed elementor-section-height-default elementor-section-height-default\" data-id=\"aac2c3b\" data-element_type=\"section\">\n\t\t\t\t\t\t<div class=\"elementor-container elementor-column-gap-default\">\n\t\t\t\t\t<div class=\"elementor-column elementor-col-100 elementor-top-column elementor-element elementor-element-51c13f0\" data-id=\"51c13f0\" data-element_type=\"column\">\n\t\t\t<div class=\"elementor-widget-wrap elementor-element-populated\">\n\t\t\t\t\t\t<div class=\"elementor-element elementor-element-6b5889f elementor-widget elementor-widget-text-editor\" data-id=\"6b5889f\" data-element_type=\"widget\" data-widget_type=\"text-editor.default\">\n\t\t\t\t<div class=\"elementor-widget-container\">\n\t\t\t\t\t\t\t\t\t<p>Amb la col\u00b7laboraci\u00f3 de Turisme de Barcelona, Ajuntament de Barcelona i Parc Natural de Collserola.<\/p>\t\t\t\t\t\t\t\t<\/div>\n\t\t\t\t<\/div>\n\t\t\t\t\t<\/div>\n\t\t<\/div>\n\t\t\t\t\t<\/div>\n\t\t<\/section>\n\t\t\t\t<\/div>\n\t\t","protected":false},"excerpt":{"rendered":"<p>Per Sant Mart\u00ed, matem el porc i encetem el vi! A Can Calopa celebrem la vig\u00e8ncia de la tradici\u00f3 per celebrar una festa cabdal del calendari pag\u00e8s. I ho fem amb una jornada de portes obertes en qu\u00e8 tastarem el vi novell, rememorarem la import\u00e0ncia de la cuina del porc en el nostre receptari i degustarem l&#8217;oli de becaruda i arbequina mentre descobriu el projecte d&#8217;agricultura social que impulsem a Collserola. No us ho perdeu!<\/p>\n","protected":false},"featured_media":22804,"template":"","class_list":["post-22803","olivera_activity","type-olivera_activity","status-publish","has-post-thumbnail","hentry"],"acf":[],"jetpack_sharing_enabled":true,"_links":{"self":[{"href":"https:\/\/olivera.org\/ca\/wp-json\/wp\/v2\/olivera_activity\/22803","targetHints":{"allow":["GET"]}}],"collection":[{"href":"https:\/\/olivera.org\/ca\/wp-json\/wp\/v2\/olivera_activity"}],"about":[{"href":"https:\/\/olivera.org\/ca\/wp-json\/wp\/v2\/types\/olivera_activity"}],"version-history":[{"count":0,"href":"https:\/\/olivera.org\/ca\/wp-json\/wp\/v2\/olivera_activity\/22803\/revisions"}],"wp:featuredmedia":[{"embeddable":true,"href":"https:\/\/olivera.org\/ca\/wp-json\/wp\/v2\/media\/22804"}],"wp:attachment":[{"href":"https:\/\/olivera.org\/ca\/wp-json\/wp\/v2\/media?parent=22803"}],"curies":[{"name":"wp","href":"https:\/\/api.w.org\/{rel}","templated":true}]}}