{"id":25757,"date":"2024-05-02T08:13:10","date_gmt":"2024-05-02T08:13:10","guid":{"rendered":"https:\/\/olivera.org\/?post_type=olivera_activity&#038;p=25757"},"modified":"2024-05-02T08:24:41","modified_gmt":"2024-05-02T08:24:41","slug":"el-convidat-rabassaires","status":"publish","type":"olivera_activity","link":"https:\/\/olivera.org\/ca\/activitat\/el-convidat-rabassaires\/","title":{"rendered":"El Convidat: Rabassaires"},"content":{"rendered":"\t\t<div data-elementor-type=\"wp-post\" data-elementor-id=\"25757\" class=\"elementor elementor-25757\" data-elementor-post-type=\"olivera_activity\">\n\t\t\t\t\t\t<section class=\"elementor-section elementor-top-section elementor-element elementor-element-cf845fb elementor-section-boxed elementor-section-height-default elementor-section-height-default\" data-id=\"cf845fb\" data-element_type=\"section\">\n\t\t\t\t\t\t<div class=\"elementor-container elementor-column-gap-default\">\n\t\t\t\t\t<div class=\"elementor-column elementor-col-100 elementor-top-column elementor-element elementor-element-e1c6b0c\" data-id=\"e1c6b0c\" data-element_type=\"column\">\n\t\t\t<div class=\"elementor-widget-wrap elementor-element-populated\">\n\t\t\t\t\t\t<div class=\"elementor-element elementor-element-806b967 elementor-widget elementor-widget-text-editor\" data-id=\"806b967\" data-element_type=\"widget\" data-widget_type=\"text-editor.default\">\n\t\t\t\t<div class=\"elementor-widget-container\">\n\t\t\t\t\t\t\t\t\t<h2 style=\"text-align: center;\">Tot un mes per con\u00e8ixer i tastar els vins que sorgeixen d&#8217;aquesta iniciativa de recuperaci\u00f3 de vinyes antigues al Vall\u00e8s Occidental<\/h2>\t\t\t\t\t\t\t\t<\/div>\n\t\t\t\t<\/div>\n\t\t\t\t\t<\/div>\n\t\t<\/div>\n\t\t\t\t\t<\/div>\n\t\t<\/section>\n\t\t\t\t<section class=\"elementor-section elementor-top-section elementor-element elementor-element-6985c72 elementor-section-boxed elementor-section-height-default elementor-section-height-default\" data-id=\"6985c72\" data-element_type=\"section\">\n\t\t\t\t\t\t<div class=\"elementor-container elementor-column-gap-default\">\n\t\t\t\t\t<div class=\"elementor-column elementor-col-100 elementor-top-column elementor-element elementor-element-1b6e3d7\" data-id=\"1b6e3d7\" data-element_type=\"column\">\n\t\t\t<div class=\"elementor-widget-wrap elementor-element-populated\">\n\t\t\t\t\t\t<div class=\"elementor-element elementor-element-e6adfd3 elementor-widget elementor-widget-text-editor\" data-id=\"e6adfd3\" data-element_type=\"widget\" data-widget_type=\"text-editor.default\">\n\t\t\t\t<div class=\"elementor-widget-container\">\n\t\t\t\t\t\t\t\t\t<p>Amb El Convidat, cada mes obrim les portes de Can Calopa a un celler convidat, amb l&#8217;objectiu de donar visibilitat a diferents iniciatives vitivin\u00edcoles m\u00e9s enll\u00e0 del projecte propi de L&#8217;Olivera. Durant tot l&#8217;any 2024, el cicle est\u00e0 dedicat als cellers del col\u00b7lectiu Vinyataires Lliures i el celler convidat, durant el mes d&#8217;abril, \u00e9s <a href=\"https:\/\/www.rabassaires.com\/\"><em><strong>RABASSAIRES<\/strong><\/em><\/a>.<\/p>\t\t\t\t\t\t\t\t<\/div>\n\t\t\t\t<\/div>\n\t\t\t\t\t<\/div>\n\t\t<\/div>\n\t\t\t\t\t<\/div>\n\t\t<\/section>\n\t\t\t\t<section class=\"elementor-section elementor-top-section elementor-element elementor-element-37c0514 elementor-section-boxed elementor-section-height-default elementor-section-height-default\" data-id=\"37c0514\" data-element_type=\"section\">\n\t\t\t\t\t\t<div class=\"elementor-container elementor-column-gap-default\">\n\t\t\t\t\t<div class=\"elementor-column elementor-col-100 elementor-top-column elementor-element elementor-element-e294918\" data-id=\"e294918\" data-element_type=\"column\">\n\t\t\t<div class=\"elementor-widget-wrap elementor-element-populated\">\n\t\t\t\t\t\t<div class=\"elementor-element elementor-element-c911c79 elementor-widget elementor-widget-text-editor\" data-id=\"c911c79\" data-element_type=\"widget\" data-widget_type=\"text-editor.default\">\n\t\t\t\t<div class=\"elementor-widget-container\">\n\t\t\t\t\t\t\t\t\t<h3><strong>Qu\u00e8 \u00e9s Rabassaires?<\/strong><\/h3>\t\t\t\t\t\t\t\t<\/div>\n\t\t\t\t<\/div>\n\t\t\t\t\t<\/div>\n\t\t<\/div>\n\t\t\t\t\t<\/div>\n\t\t<\/section>\n\t\t\t\t<section class=\"elementor-section elementor-top-section elementor-element elementor-element-403334c elementor-section-boxed elementor-section-height-default elementor-section-height-default\" data-id=\"403334c\" data-element_type=\"section\">\n\t\t\t\t\t\t<div class=\"elementor-container elementor-column-gap-default\">\n\t\t\t\t\t<div class=\"elementor-column elementor-col-100 elementor-top-column elementor-element elementor-element-1b6b449\" data-id=\"1b6b449\" data-element_type=\"column\">\n\t\t\t<div class=\"elementor-widget-wrap elementor-element-populated\">\n\t\t\t\t\t\t<div class=\"elementor-element elementor-element-65bc062 elementor-widget elementor-widget-text-editor\" data-id=\"65bc062\" data-element_type=\"widget\" data-widget_type=\"text-editor.default\">\n\t\t\t\t<div class=\"elementor-widget-container\">\n\t\t\t\t\t\t\t\t\t<p>Rabassaire \u00e9s un projecte dedicat a reviure la rica tradici\u00f3 vin\u00edcola del Vall\u00e8s Occidental, pr\u00e0cticament desapareguda a dia d&#8217;avui. Amb l&#8217;objectiu de retornar l&#8217;ess\u00e8ncia d&#8217;aquesta regi\u00f3 a trav\u00e9s del vi, Rabassaires treballa per recuperar les vinyes antigues i replantar-les en terrenys abandonats.<\/p><p>La comarca, que un dia va destacar per la seva producci\u00f3 de vi, va patir una crisi vitivin\u00edcola al segle IXI a causa de la fil\u00b7loxera. Amb el seu nom, recorden els viticultors que, mitjan\u00e7ant acords com el de rabassa morta, cultivaven la terra amb dedicaci\u00f3. La missi\u00f3 de Rabassaires \u00e9s m\u00e9s que produir vi: aspiren a preservar la mem\u00f2ria i la cultura local a trav\u00e9s del cultiu de la vinya.<\/p>\t\t\t\t\t\t\t\t<\/div>\n\t\t\t\t<\/div>\n\t\t\t\t\t<\/div>\n\t\t<\/div>\n\t\t\t\t\t<\/div>\n\t\t<\/section>\n\t\t\t\t<section class=\"elementor-section elementor-top-section elementor-element elementor-element-f9b0ccc elementor-section-boxed elementor-section-height-default elementor-section-height-default\" data-id=\"f9b0ccc\" data-element_type=\"section\">\n\t\t\t\t\t\t<div class=\"elementor-container elementor-column-gap-default\">\n\t\t\t\t\t<div class=\"elementor-column elementor-col-100 elementor-top-column elementor-element elementor-element-9140bc3\" data-id=\"9140bc3\" data-element_type=\"column\">\n\t\t\t<div class=\"elementor-widget-wrap elementor-element-populated\">\n\t\t\t\t\t\t<div class=\"elementor-element elementor-element-1d0c4c9 elementor-widget elementor-widget-image\" data-id=\"1d0c4c9\" data-element_type=\"widget\" data-widget_type=\"image.default\">\n\t\t\t\t<div class=\"elementor-widget-container\">\n\t\t\t\t\t\t\t\t\t\t\t\t\t\t\t<img fetchpriority=\"high\" decoding=\"async\" width=\"768\" height=\"838\" src=\"https:\/\/olivera.org\/wp-content\/uploads\/2024\/05\/IMG_0287-768x838.jpg\" class=\"attachment-medium_large size-medium_large wp-image-25784\" alt=\"\" srcset=\"https:\/\/olivera.org\/wp-content\/uploads\/2024\/05\/IMG_0287-768x838.jpg 768w, https:\/\/olivera.org\/wp-content\/uploads\/2024\/05\/IMG_0287-275x300.jpg 275w, https:\/\/olivera.org\/wp-content\/uploads\/2024\/05\/IMG_0287-939x1024.jpg 939w, https:\/\/olivera.org\/wp-content\/uploads\/2024\/05\/IMG_0287-600x655.jpg 600w, https:\/\/olivera.org\/wp-content\/uploads\/2024\/05\/IMG_0287.jpg 1200w\" sizes=\"(max-width: 768px) 100vw, 768px\" \/>\t\t\t\t\t\t\t\t\t\t\t\t\t\t\t<\/div>\n\t\t\t\t<\/div>\n\t\t\t\t\t<\/div>\n\t\t<\/div>\n\t\t\t\t\t<\/div>\n\t\t<\/section>\n\t\t\t\t<section class=\"elementor-section elementor-top-section elementor-element elementor-element-e96280f elementor-section-boxed elementor-section-height-default elementor-section-height-default\" data-id=\"e96280f\" data-element_type=\"section\">\n\t\t\t\t\t\t<div class=\"elementor-container elementor-column-gap-default\">\n\t\t\t\t\t<div class=\"elementor-column elementor-col-100 elementor-top-column elementor-element elementor-element-0454e33\" data-id=\"0454e33\" data-element_type=\"column\">\n\t\t\t<div class=\"elementor-widget-wrap elementor-element-populated\">\n\t\t\t\t\t\t<section class=\"elementor-section elementor-inner-section elementor-element elementor-element-410e45b elementor-section-boxed elementor-section-height-default elementor-section-height-default\" data-id=\"410e45b\" data-element_type=\"section\">\n\t\t\t\t\t\t<div class=\"elementor-container elementor-column-gap-default\">\n\t\t\t\t\t<div class=\"elementor-column elementor-col-33 elementor-inner-column elementor-element elementor-element-e518407\" data-id=\"e518407\" data-element_type=\"column\">\n\t\t\t<div class=\"elementor-widget-wrap elementor-element-populated\">\n\t\t\t\t\t\t<div class=\"elementor-element elementor-element-25708c9 elementor-widget elementor-widget-image\" data-id=\"25708c9\" data-element_type=\"widget\" data-widget_type=\"image.default\">\n\t\t\t\t<div class=\"elementor-widget-container\">\n\t\t\t\t\t\t\t\t\t\t\t\t\t\t\t<img decoding=\"async\" width=\"800\" height=\"800\" src=\"https:\/\/olivera.org\/wp-content\/uploads\/2024\/05\/CONVIDAT-04-1024x1024.jpg\" class=\"attachment-large size-large wp-image-25790\" alt=\"rabassaires\" srcset=\"https:\/\/olivera.org\/wp-content\/uploads\/2024\/05\/CONVIDAT-04-1024x1024.jpg 1024w, https:\/\/olivera.org\/wp-content\/uploads\/2024\/05\/CONVIDAT-04-300x300.jpg 300w, https:\/\/olivera.org\/wp-content\/uploads\/2024\/05\/CONVIDAT-04-150x150.jpg 150w, https:\/\/olivera.org\/wp-content\/uploads\/2024\/05\/CONVIDAT-04-768x768.jpg 768w, https:\/\/olivera.org\/wp-content\/uploads\/2024\/05\/CONVIDAT-04-1536x1536.jpg 1536w, https:\/\/olivera.org\/wp-content\/uploads\/2024\/05\/CONVIDAT-04-2048x2048.jpg 2048w, https:\/\/olivera.org\/wp-content\/uploads\/2024\/05\/CONVIDAT-04-600x600.jpg 600w, https:\/\/olivera.org\/wp-content\/uploads\/2024\/05\/CONVIDAT-04-100x100.jpg 100w\" sizes=\"(max-width: 800px) 100vw, 800px\" \/>\t\t\t\t\t\t\t\t\t\t\t\t\t\t\t<\/div>\n\t\t\t\t<\/div>\n\t\t\t\t\t<\/div>\n\t\t<\/div>\n\t\t\t\t<div class=\"elementor-column elementor-col-66 elementor-inner-column elementor-element elementor-element-52566e3\" data-id=\"52566e3\" data-element_type=\"column\">\n\t\t\t<div class=\"elementor-widget-wrap elementor-element-populated\">\n\t\t\t\t\t\t<div class=\"elementor-element elementor-element-2502c29 elementor-widget elementor-widget-text-editor\" data-id=\"2502c29\" data-element_type=\"widget\" data-widget_type=\"text-editor.default\">\n\t\t\t\t<div class=\"elementor-widget-container\">\n\t\t\t\t\t\t\t\t\t<h2>Coneix el convidat a La Vinoteca!<br \/><em style=\"font-size: 22px;\">Dissabte, 4 de maig de 2024<\/em><\/h2><p>El dissabte, 4 de maig, a partir de les 12h i durant tot el dia, tindrem barra de vins de Rabassaires a La Vinoteca, amb la pres\u00e8ncia d&#8217;\u00cd\u00f1igo Haughey, del celler convidat, per poder tastar i con\u00e8ixer de primera m\u00e0 els seus vins. Es podran degustar vins a copes i tamb\u00e9 es podran comprar ampolles.<\/p>\t\t\t\t\t\t\t\t<\/div>\n\t\t\t\t<\/div>\n\t\t\t\t\t<\/div>\n\t\t<\/div>\n\t\t\t\t\t<\/div>\n\t\t<\/section>\n\t\t\t\t\t<\/div>\n\t\t<\/div>\n\t\t\t\t\t<\/div>\n\t\t<\/section>\n\t\t\t\t<section class=\"elementor-section elementor-top-section elementor-element elementor-element-d5813fa elementor-section-boxed elementor-section-height-default elementor-section-height-default\" data-id=\"d5813fa\" data-element_type=\"section\">\n\t\t\t\t\t\t<div class=\"elementor-container elementor-column-gap-default\">\n\t\t\t\t\t<div class=\"elementor-column elementor-col-100 elementor-top-column elementor-element elementor-element-c558f8d\" data-id=\"c558f8d\" data-element_type=\"column\">\n\t\t\t<div class=\"elementor-widget-wrap elementor-element-populated\">\n\t\t\t\t\t\t<section class=\"elementor-section elementor-inner-section elementor-element elementor-element-62ca06e elementor-section-boxed elementor-section-height-default elementor-section-height-default\" data-id=\"62ca06e\" data-element_type=\"section\">\n\t\t\t\t\t\t<div class=\"elementor-container elementor-column-gap-default\">\n\t\t\t\t\t<div class=\"elementor-column elementor-col-33 elementor-inner-column elementor-element elementor-element-e354f08\" data-id=\"e354f08\" data-element_type=\"column\">\n\t\t\t<div class=\"elementor-widget-wrap elementor-element-populated\">\n\t\t\t\t\t\t<div class=\"elementor-element elementor-element-d4e49aa elementor-widget elementor-widget-image\" data-id=\"d4e49aa\" data-element_type=\"widget\" data-widget_type=\"image.default\">\n\t\t\t\t<div class=\"elementor-widget-container\">\n\t\t\t\t\t\t\t\t\t\t\t\t\t\t\t<img decoding=\"async\" width=\"800\" height=\"800\" src=\"https:\/\/olivera.org\/wp-content\/uploads\/2024\/05\/CONVIDAT-03-1024x1024.jpg\" class=\"attachment-large size-large wp-image-25805\" alt=\"rabassaires\" srcset=\"https:\/\/olivera.org\/wp-content\/uploads\/2024\/05\/CONVIDAT-03-1024x1024.jpg 1024w, https:\/\/olivera.org\/wp-content\/uploads\/2024\/05\/CONVIDAT-03-300x300.jpg 300w, https:\/\/olivera.org\/wp-content\/uploads\/2024\/05\/CONVIDAT-03-150x150.jpg 150w, https:\/\/olivera.org\/wp-content\/uploads\/2024\/05\/CONVIDAT-03-768x768.jpg 768w, https:\/\/olivera.org\/wp-content\/uploads\/2024\/05\/CONVIDAT-03-1536x1536.jpg 1536w, https:\/\/olivera.org\/wp-content\/uploads\/2024\/05\/CONVIDAT-03-2048x2048.jpg 2048w, https:\/\/olivera.org\/wp-content\/uploads\/2024\/05\/CONVIDAT-03-600x600.jpg 600w, https:\/\/olivera.org\/wp-content\/uploads\/2024\/05\/CONVIDAT-03-100x100.jpg 100w\" sizes=\"(max-width: 800px) 100vw, 800px\" \/>\t\t\t\t\t\t\t\t\t\t\t\t\t\t\t<\/div>\n\t\t\t\t<\/div>\n\t\t\t\t\t<\/div>\n\t\t<\/div>\n\t\t\t\t<div class=\"elementor-column elementor-col-66 elementor-inner-column elementor-element elementor-element-1c5ee05\" data-id=\"1c5ee05\" data-element_type=\"column\">\n\t\t\t<div class=\"elementor-widget-wrap elementor-element-populated\">\n\t\t\t\t\t\t<div class=\"elementor-element elementor-element-acd796c elementor-widget elementor-widget-text-editor\" data-id=\"acd796c\" data-element_type=\"widget\" data-widget_type=\"text-editor.default\">\n\t\t\t\t<div class=\"elementor-widget-container\">\n\t\t\t\t\t\t\t\t\t<h2>Rabassaires protagonitza el vi de la setmana!<br \/><em style=\"font-size: 22px;\">Del 2 al 5 de maig de 2024<\/em><\/h2><p>Del 2 al 5 de maig, el vi de Rabassaires \u00e9s el vi de la setmana a La Vinoteca: podreu tastar-lo a copes i us el servirem acompanyat d&#8217;una tapa pensada especialment per aquest vi. El vi escollit de la setmana \u00e9s:<\/p><ul><li>&#8220;Can Canaletes&#8221; (2022): Vi blanc de Macabeu (79%) i Pansalet (21%), de fermentaci\u00f3 espont\u00e0nia i envellit en roure americ\u00e0 durant 4 mesos. Un vi procedent de vinyes velles de l&#8217;antic aq\u00fceducte de Canaletes, al municipi de Cerdanyola del Vall\u00e8s.<\/li><\/ul>\t\t\t\t\t\t\t\t<\/div>\n\t\t\t\t<\/div>\n\t\t\t\t\t<\/div>\n\t\t<\/div>\n\t\t\t\t\t<\/div>\n\t\t<\/section>\n\t\t\t\t\t<\/div>\n\t\t<\/div>\n\t\t\t\t\t<\/div>\n\t\t<\/section>\n\t\t\t\t<section class=\"elementor-section elementor-top-section elementor-element elementor-element-7142ed7 elementor-section-boxed elementor-section-height-default elementor-section-height-default\" data-id=\"7142ed7\" data-element_type=\"section\">\n\t\t\t\t\t\t<div class=\"elementor-container elementor-column-gap-default\">\n\t\t\t\t\t<div class=\"elementor-column elementor-col-100 elementor-top-column elementor-element elementor-element-deae807\" data-id=\"deae807\" data-element_type=\"column\">\n\t\t\t<div class=\"elementor-widget-wrap elementor-element-populated\">\n\t\t\t\t\t\t<div class=\"elementor-element elementor-element-81797b6 elementor-widget elementor-widget-text-editor\" data-id=\"81797b6\" data-element_type=\"widget\" data-widget_type=\"text-editor.default\">\n\t\t\t\t<div class=\"elementor-widget-container\">\n\t\t\t\t\t\t\t\t\t<p>A m\u00e9s, durant tot el maig, disposarem tamb\u00e9 de dos vins m\u00e9s de Ravassaires a La Vinoteca, tant a copes com en ampolles.\u00a0 Es tracta de:<\/p><ul><li>&#8220;Medir&#8221; (2023): Vi blanc de Xarel\u00b7lo, Macabeu i Malvasia, de fermentaci\u00f3 espont\u00e0nia, sense filtrar ni clarificar. Fermentat en inox i treball amb les lies fins a l&#8217;embotellament.<\/li><li>&#8220;Cugat&#8221; (2023): Vi negre de Monastrell i Garnatxa negra, de fermentaci\u00f3 espont\u00e0nia, sense filtrar ni clarificar. Fermentat en inox i treball amb les lies fins a l&#8217;embotellament.<\/li><\/ul>\t\t\t\t\t\t\t\t<\/div>\n\t\t\t\t<\/div>\n\t\t\t\t\t<\/div>\n\t\t<\/div>\n\t\t\t\t\t<\/div>\n\t\t<\/section>\n\t\t\t\t<section class=\"elementor-section elementor-top-section elementor-element elementor-element-e10560b elementor-section-boxed elementor-section-height-default elementor-section-height-default\" data-id=\"e10560b\" data-element_type=\"section\">\n\t\t\t\t\t\t<div class=\"elementor-container elementor-column-gap-default\">\n\t\t\t\t\t<div class=\"elementor-column elementor-col-100 elementor-top-column elementor-element elementor-element-22f21b7\" data-id=\"22f21b7\" data-element_type=\"column\">\n\t\t\t<div class=\"elementor-widget-wrap elementor-element-populated\">\n\t\t\t\t\t\t<div class=\"elementor-element elementor-element-7d41c8c elementor-widget elementor-widget-text-editor\" data-id=\"7d41c8c\" data-element_type=\"widget\" data-widget_type=\"text-editor.default\">\n\t\t\t\t<div class=\"elementor-widget-container\">\n\t\t\t\t\t\t\t\t\t<h3 style=\"text-align: center;\">SAVE THE DATE!<br \/>Totes les dates dels cellers convidats!<\/h3>\t\t\t\t\t\t\t\t<\/div>\n\t\t\t\t<\/div>\n\t\t\t\t\t<\/div>\n\t\t<\/div>\n\t\t\t\t\t<\/div>\n\t\t<\/section>\n\t\t\t\t<section class=\"elementor-section elementor-top-section elementor-element elementor-element-8f40b8e elementor-section-boxed elementor-section-height-default elementor-section-height-default\" data-id=\"8f40b8e\" data-element_type=\"section\">\n\t\t\t\t\t\t<div class=\"elementor-container elementor-column-gap-default\">\n\t\t\t\t\t<div class=\"elementor-column elementor-col-100 elementor-top-column elementor-element elementor-element-ced7232\" data-id=\"ced7232\" data-element_type=\"column\">\n\t\t\t<div class=\"elementor-widget-wrap elementor-element-populated\">\n\t\t\t\t\t\t<div class=\"elementor-element elementor-element-0d2b1b4 elementor-widget elementor-widget-image\" data-id=\"0d2b1b4\" data-element_type=\"widget\" data-widget_type=\"image.default\">\n\t\t\t\t<div class=\"elementor-widget-container\">\n\t\t\t\t\t\t\t\t\t\t\t\t\t\t\t<img loading=\"lazy\" decoding=\"async\" width=\"600\" height=\"1069\" src=\"https:\/\/olivera.org\/wp-content\/uploads\/2024\/05\/CONVIDAT-08-600x1069.jpg\" class=\"attachment-woocommerce_single size-woocommerce_single wp-image-25820\" alt=\"el-convidat\" srcset=\"https:\/\/olivera.org\/wp-content\/uploads\/2024\/05\/CONVIDAT-08-600x1069.jpg 600w, https:\/\/olivera.org\/wp-content\/uploads\/2024\/05\/CONVIDAT-08-168x300.jpg 168w, https:\/\/olivera.org\/wp-content\/uploads\/2024\/05\/CONVIDAT-08-575x1024.jpg 575w, https:\/\/olivera.org\/wp-content\/uploads\/2024\/05\/CONVIDAT-08-768x1368.jpg 768w, https:\/\/olivera.org\/wp-content\/uploads\/2024\/05\/CONVIDAT-08-862x1536.jpg 862w, https:\/\/olivera.org\/wp-content\/uploads\/2024\/05\/CONVIDAT-08-1150x2048.jpg 1150w, https:\/\/olivera.org\/wp-content\/uploads\/2024\/05\/CONVIDAT-08-scaled.jpg 1437w\" sizes=\"(max-width: 600px) 100vw, 600px\" \/>\t\t\t\t\t\t\t\t\t\t\t\t\t\t\t<\/div>\n\t\t\t\t<\/div>\n\t\t\t\t\t<\/div>\n\t\t<\/div>\n\t\t\t\t\t<\/div>\n\t\t<\/section>\n\t\t\t\t<\/div>\n\t\t","protected":false},"excerpt":{"rendered":"<p>Amb El Convidat, cada mes obrim les portes de Can Calopa a un celler convidat, amb l&#8217;objectiu de donar visibilitat a diferents iniciatives vitivin\u00edcoles m\u00e9s enll\u00e0 del projecte propi de L&#8217;Olivera. Durant tot l&#8217;any 2024, el cicle est\u00e0 dedicat als cellers del col\u00b7lectiu Vinyataires Lliures i el celler convidat, durant el mes de maig, \u00e9s RABASSAIRES.<\/p>\n","protected":false},"featured_media":25759,"template":"","class_list":["post-25757","olivera_activity","type-olivera_activity","status-publish","has-post-thumbnail","hentry"],"acf":[],"jetpack_sharing_enabled":true,"_links":{"self":[{"href":"https:\/\/olivera.org\/ca\/wp-json\/wp\/v2\/olivera_activity\/25757","targetHints":{"allow":["GET"]}}],"collection":[{"href":"https:\/\/olivera.org\/ca\/wp-json\/wp\/v2\/olivera_activity"}],"about":[{"href":"https:\/\/olivera.org\/ca\/wp-json\/wp\/v2\/types\/olivera_activity"}],"version-history":[{"count":0,"href":"https:\/\/olivera.org\/ca\/wp-json\/wp\/v2\/olivera_activity\/25757\/revisions"}],"wp:featuredmedia":[{"embeddable":true,"href":"https:\/\/olivera.org\/ca\/wp-json\/wp\/v2\/media\/25759"}],"wp:attachment":[{"href":"https:\/\/olivera.org\/ca\/wp-json\/wp\/v2\/media?parent=25757"}],"curies":[{"name":"wp","href":"https:\/\/api.w.org\/{rel}","templated":true}]}}