{"id":28554,"date":"2024-10-21T18:27:41","date_gmt":"2024-10-21T18:27:41","guid":{"rendered":"https:\/\/olivera.org\/?post_type=olivera_activity&#038;p=28554"},"modified":"2024-10-22T07:24:35","modified_gmt":"2024-10-22T07:24:35","slug":"el-convidat-venus-la-universal","status":"publish","type":"olivera_activity","link":"https:\/\/olivera.org\/ca\/activitat\/el-convidat-venus-la-universal\/","title":{"rendered":"El Convidat: Venus La Universal"},"content":{"rendered":"\t\t<div data-elementor-type=\"wp-post\" data-elementor-id=\"28554\" class=\"elementor elementor-28554\" data-elementor-post-type=\"olivera_activity\">\n\t\t\t\t\t\t<section class=\"elementor-section elementor-top-section elementor-element elementor-element-52ac7ba elementor-section-boxed elementor-section-height-default elementor-section-height-default\" data-id=\"52ac7ba\" data-element_type=\"section\">\n\t\t\t\t\t\t<div class=\"elementor-container elementor-column-gap-default\">\n\t\t\t\t\t<div class=\"elementor-column elementor-col-100 elementor-top-column elementor-element elementor-element-3897521\" data-id=\"3897521\" data-element_type=\"column\">\n\t\t\t<div class=\"elementor-widget-wrap elementor-element-populated\">\n\t\t\t\t\t\t<div class=\"elementor-element elementor-element-0fc7464 elementor-widget elementor-widget-text-editor\" data-id=\"0fc7464\" data-element_type=\"widget\" data-widget_type=\"text-editor.default\">\n\t\t\t\t<div class=\"elementor-widget-container\">\n\t\t\t\t\t\t\t\t\t<p class=\"small-serif\">Amb El Convidat, cada mes obrim les portes de <strong>Can Calopa<\/strong> a un celler convidat, amb l\u2019objectiu de donar visibilitat a diferents iniciatives vitivin\u00edcoles m\u00e9s enll\u00e0 del projecte propi de L\u2019Olivera. Durant tot l\u2019any 2024, el cicle est\u00e0 dedicat als cellers del col\u00b7lectiu <strong>Vinyataires Lliures<\/strong> i el celler convidat, durant el mes de novembre, <strong>Venus la Universal<\/strong>.<\/p>\t\t\t\t\t\t\t\t<\/div>\n\t\t\t\t<\/div>\n\t\t\t\t\t<\/div>\n\t\t<\/div>\n\t\t\t\t\t<\/div>\n\t\t<\/section>\n\t\t\t\t<section class=\"elementor-section elementor-top-section elementor-element elementor-element-5781601 elementor-section-boxed elementor-section-height-default elementor-section-height-default\" data-id=\"5781601\" data-element_type=\"section\">\n\t\t\t\t\t\t<div class=\"elementor-container elementor-column-gap-default\">\n\t\t\t\t\t<div class=\"elementor-column elementor-col-100 elementor-top-column elementor-element elementor-element-1702509\" data-id=\"1702509\" data-element_type=\"column\">\n\t\t\t<div class=\"elementor-widget-wrap elementor-element-populated\">\n\t\t\t\t\t\t<div class=\"elementor-element elementor-element-a3993d8 elementor-widget elementor-widget-text-editor\" data-id=\"a3993d8\" data-element_type=\"widget\" data-widget_type=\"text-editor.default\">\n\t\t\t\t<div class=\"elementor-widget-container\">\n\t\t\t\t\t\t\t\t\t<h4>Ens fa molta il.lusi\u00f3 gaudir del vins i con\u00e8ixer de m\u00e9s a prop el projecte vitiv\u00ednicola <strong>Venus la Universal<\/strong>; una particular visio\u0301 del territori, del paisatge, del so\u0300l, de recerca de la bellesa, de justi\u0301cia i equitat.<\/h4>\t\t\t\t\t\t\t\t<\/div>\n\t\t\t\t<\/div>\n\t\t\t\t\t<\/div>\n\t\t<\/div>\n\t\t\t\t\t<\/div>\n\t\t<\/section>\n\t\t\t\t<section class=\"elementor-section elementor-top-section elementor-element elementor-element-74ff5d3 elementor-section-boxed elementor-section-height-default elementor-section-height-default\" data-id=\"74ff5d3\" data-element_type=\"section\">\n\t\t\t\t\t\t<div class=\"elementor-container elementor-column-gap-default\">\n\t\t\t\t\t<div class=\"elementor-column elementor-col-100 elementor-top-column elementor-element elementor-element-3a9b679\" data-id=\"3a9b679\" data-element_type=\"column\">\n\t\t\t<div class=\"elementor-widget-wrap elementor-element-populated\">\n\t\t\t\t\t\t<div class=\"elementor-element elementor-element-6d6dcfe elementor-widget elementor-widget-image\" data-id=\"6d6dcfe\" data-element_type=\"widget\" data-widget_type=\"image.default\">\n\t\t\t\t<div class=\"elementor-widget-container\">\n\t\t\t\t\t\t\t\t\t\t\t\t\t\t\t<img fetchpriority=\"high\" decoding=\"async\" width=\"800\" height=\"698\" src=\"https:\/\/olivera.org\/wp-content\/uploads\/2024\/10\/IMG_4774-1024x894.jpg\" class=\"attachment-large size-large wp-image-28557\" alt=\"\" srcset=\"https:\/\/olivera.org\/wp-content\/uploads\/2024\/10\/IMG_4774-1024x894.jpg 1024w, https:\/\/olivera.org\/wp-content\/uploads\/2024\/10\/IMG_4774-300x262.jpg 300w, https:\/\/olivera.org\/wp-content\/uploads\/2024\/10\/IMG_4774-768x671.jpg 768w, https:\/\/olivera.org\/wp-content\/uploads\/2024\/10\/IMG_4774-1536x1341.jpg 1536w, https:\/\/olivera.org\/wp-content\/uploads\/2024\/10\/IMG_4774-600x524.jpg 600w, https:\/\/olivera.org\/wp-content\/uploads\/2024\/10\/IMG_4774.jpg 1697w\" sizes=\"(max-width: 800px) 100vw, 800px\" \/>\t\t\t\t\t\t\t\t\t\t\t\t\t\t\t<\/div>\n\t\t\t\t<\/div>\n\t\t\t\t\t<\/div>\n\t\t<\/div>\n\t\t\t\t\t<\/div>\n\t\t<\/section>\n\t\t\t\t<section class=\"elementor-section elementor-top-section elementor-element elementor-element-612c39b elementor-section-boxed elementor-section-height-default elementor-section-height-default\" data-id=\"612c39b\" data-element_type=\"section\">\n\t\t\t\t\t\t<div class=\"elementor-container elementor-column-gap-default\">\n\t\t\t\t\t<div class=\"elementor-column elementor-col-100 elementor-top-column elementor-element elementor-element-2053b42\" data-id=\"2053b42\" data-element_type=\"column\">\n\t\t\t<div class=\"elementor-widget-wrap elementor-element-populated\">\n\t\t\t\t\t\t<div class=\"elementor-element elementor-element-7cc8d53 elementor-widget elementor-widget-text-editor\" data-id=\"7cc8d53\" data-element_type=\"widget\" data-widget_type=\"text-editor.default\">\n\t\t\t\t<div class=\"elementor-widget-container\">\n\t\t\t\t\t\t\t\t\t<h4><strong>Qui s\u00f3n Venus la Universal?<\/strong><\/h4>\t\t\t\t\t\t\t\t<\/div>\n\t\t\t\t<\/div>\n\t\t\t\t\t<\/div>\n\t\t<\/div>\n\t\t\t\t\t<\/div>\n\t\t<\/section>\n\t\t\t\t<section class=\"elementor-section elementor-top-section elementor-element elementor-element-5021699 elementor-section-boxed elementor-section-height-default elementor-section-height-default\" data-id=\"5021699\" data-element_type=\"section\">\n\t\t\t\t\t\t<div class=\"elementor-container elementor-column-gap-default\">\n\t\t\t\t\t<div class=\"elementor-column elementor-col-100 elementor-top-column elementor-element elementor-element-f5dbc28\" data-id=\"f5dbc28\" data-element_type=\"column\">\n\t\t\t<div class=\"elementor-widget-wrap elementor-element-populated\">\n\t\t\t\t\t\t<div class=\"elementor-element elementor-element-3c2ca43 elementor-widget elementor-widget-text-editor\" data-id=\"3c2ca43\" data-element_type=\"widget\" data-widget_type=\"text-editor.default\">\n\t\t\t\t<div class=\"elementor-widget-container\">\n\t\t\t\t\t\t\t\t\t<p>Despr\u00e9s de col\u00b7laborar amb Clos Martinet i Clor\u00a0<span class=\"hiddenSpellError\">Mogador<\/span>, <strong>Sara P\u00e9rez<\/strong> i <strong>Ren\u00e9\u00a0<span class=\"hiddenSpellError\">Barbier<\/span><\/strong>\u00a0emprenen el seu propi projecte. Decideixen establir-se al Montsant, amb el repte de recuperar una vinya deteriorada per males pr\u00e0ctiques agr\u00edcoles, i fer-la sostenible. Sempre a favor de l&#8217;ecosistema, fa anys que passaren al cultiu ecol\u00f2gic i es fixaren la sostenibilitat com a objectiu innegociable.<\/p><p>Sota aquesta filosofia del menor impacte, treballen cont\u00ednuament per tenir una menor despesa energ\u00e8tica, reduir el m\u00ednim els residus i reformulant el consum d&#8217;aigua i electricitat. Per aquest motiu, durant aquests anys han reorientat i estudiat cada un dels processos a la vinya i el celler, aix\u00ed com els aspectes log\u00edstics com el transport, l&#8217;embotellament, etc.<\/p><p>I m\u00e9s enll\u00e0 de l&#8217;entorn, aquest projecte tamb\u00e9 parla de persones. Actualment, treballen amb vinyes de col\u00b7laboradors, primant sempre un tracte just i equitatiu, i ampliant aix\u00ed\u00a0a poc a poc\u00a0la fam\u00edlia.<\/p><p>\u00a0<\/p>\t\t\t\t\t\t\t\t<\/div>\n\t\t\t\t<\/div>\n\t\t\t\t\t<\/div>\n\t\t<\/div>\n\t\t\t\t\t<\/div>\n\t\t<\/section>\n\t\t\t\t<section class=\"elementor-section elementor-top-section elementor-element elementor-element-db5e71a elementor-section-boxed elementor-section-height-default elementor-section-height-default\" data-id=\"db5e71a\" data-element_type=\"section\">\n\t\t\t\t\t\t<div class=\"elementor-container elementor-column-gap-default\">\n\t\t\t\t\t<div class=\"elementor-column elementor-col-100 elementor-top-column elementor-element elementor-element-87678cd\" data-id=\"87678cd\" data-element_type=\"column\">\n\t\t\t<div class=\"elementor-widget-wrap elementor-element-populated\">\n\t\t\t\t\t\t<div class=\"elementor-element elementor-element-c8e78bb elementor-widget elementor-widget-image\" data-id=\"c8e78bb\" data-element_type=\"widget\" data-widget_type=\"image.default\">\n\t\t\t\t<div class=\"elementor-widget-container\">\n\t\t\t\t\t\t\t\t\t\t\t\t\t\t\t<img decoding=\"async\" width=\"800\" height=\"557\" src=\"https:\/\/olivera.org\/wp-content\/uploads\/2024\/10\/IMG_5295-1024x713.jpg\" class=\"attachment-large size-large wp-image-28560\" alt=\"\" srcset=\"https:\/\/olivera.org\/wp-content\/uploads\/2024\/10\/IMG_5295-1024x713.jpg 1024w, https:\/\/olivera.org\/wp-content\/uploads\/2024\/10\/IMG_5295-300x209.jpg 300w, https:\/\/olivera.org\/wp-content\/uploads\/2024\/10\/IMG_5295-768x535.jpg 768w, https:\/\/olivera.org\/wp-content\/uploads\/2024\/10\/IMG_5295-1536x1070.jpg 1536w, https:\/\/olivera.org\/wp-content\/uploads\/2024\/10\/IMG_5295-600x418.jpg 600w, https:\/\/olivera.org\/wp-content\/uploads\/2024\/10\/IMG_5295.jpg 1551w\" sizes=\"(max-width: 800px) 100vw, 800px\" \/>\t\t\t\t\t\t\t\t\t\t\t\t\t\t\t<\/div>\n\t\t\t\t<\/div>\n\t\t\t\t\t<\/div>\n\t\t<\/div>\n\t\t\t\t\t<\/div>\n\t\t<\/section>\n\t\t\t\t<section class=\"elementor-section elementor-top-section elementor-element elementor-element-03d9610 elementor-section-boxed elementor-section-height-default elementor-section-height-default\" data-id=\"03d9610\" data-element_type=\"section\">\n\t\t\t\t\t\t<div class=\"elementor-container elementor-column-gap-default\">\n\t\t\t\t\t<div class=\"elementor-column elementor-col-100 elementor-top-column elementor-element elementor-element-25dbcf2\" data-id=\"25dbcf2\" data-element_type=\"column\">\n\t\t\t<div class=\"elementor-widget-wrap elementor-element-populated\">\n\t\t\t\t\t\t<div class=\"elementor-element elementor-element-cf0a617 elementor-widget elementor-widget-text-editor\" data-id=\"cf0a617\" data-element_type=\"widget\" data-widget_type=\"text-editor.default\">\n\t\t\t\t<div class=\"elementor-widget-container\">\n\t\t\t\t\t\t\t\t\t<p>Els seus vins s\u00f3n el resultat d&#8217;una particular visi\u00f3 del territori, del paisatge, del s\u00f2l, de recerca de la bellesa, de just\u00edcia i equitat. Cada elaboraci\u00f3 segueix un meditat sentit filos\u00f2fic, sota criteris de m\u00ednima intervenci\u00f3, amb la idea d&#8217;explotar tota la riquesa i varietat de s\u00f2ls que existeixen en aquesta regi\u00f3.<\/p>\t\t\t\t\t\t\t\t<\/div>\n\t\t\t\t<\/div>\n\t\t\t\t\t<\/div>\n\t\t<\/div>\n\t\t\t\t\t<\/div>\n\t\t<\/section>\n\t\t\t\t<section class=\"elementor-section elementor-top-section elementor-element elementor-element-ec54bda elementor-section-boxed elementor-section-height-default elementor-section-height-default\" data-id=\"ec54bda\" data-element_type=\"section\">\n\t\t\t\t\t\t<div class=\"elementor-container elementor-column-gap-default\">\n\t\t\t\t\t<div class=\"elementor-column elementor-col-100 elementor-top-column elementor-element elementor-element-d62ecf9\" data-id=\"d62ecf9\" data-element_type=\"column\">\n\t\t\t<div class=\"elementor-widget-wrap elementor-element-populated\">\n\t\t\t\t\t\t<div class=\"elementor-element elementor-element-7cf93c1 elementor-widget elementor-widget-image\" data-id=\"7cf93c1\" data-element_type=\"widget\" data-widget_type=\"image.default\">\n\t\t\t\t<div class=\"elementor-widget-container\">\n\t\t\t\t\t\t\t\t\t\t\t\t\t\t\t<img decoding=\"async\" width=\"800\" height=\"609\" src=\"https:\/\/olivera.org\/wp-content\/uploads\/2024\/10\/1C022E70-1662-4C52-8D15-4D58007BA60B.jpg\" class=\"attachment-large size-large wp-image-28563\" alt=\"\" srcset=\"https:\/\/olivera.org\/wp-content\/uploads\/2024\/10\/1C022E70-1662-4C52-8D15-4D58007BA60B.jpg 1011w, https:\/\/olivera.org\/wp-content\/uploads\/2024\/10\/1C022E70-1662-4C52-8D15-4D58007BA60B-300x228.jpg 300w, https:\/\/olivera.org\/wp-content\/uploads\/2024\/10\/1C022E70-1662-4C52-8D15-4D58007BA60B-768x585.jpg 768w, https:\/\/olivera.org\/wp-content\/uploads\/2024\/10\/1C022E70-1662-4C52-8D15-4D58007BA60B-600x457.jpg 600w\" sizes=\"(max-width: 800px) 100vw, 800px\" \/>\t\t\t\t\t\t\t\t\t\t\t\t\t\t\t<\/div>\n\t\t\t\t<\/div>\n\t\t\t\t\t<\/div>\n\t\t<\/div>\n\t\t\t\t\t<\/div>\n\t\t<\/section>\n\t\t\t\t<section class=\"elementor-section elementor-top-section elementor-element elementor-element-166d6fc elementor-section-boxed elementor-section-height-default elementor-section-height-default\" data-id=\"166d6fc\" data-element_type=\"section\">\n\t\t\t\t\t\t<div class=\"elementor-container elementor-column-gap-default\">\n\t\t\t\t\t<div class=\"elementor-column elementor-col-100 elementor-top-column elementor-element elementor-element-8dde4cf\" data-id=\"8dde4cf\" data-element_type=\"column\">\n\t\t\t<div class=\"elementor-widget-wrap elementor-element-populated\">\n\t\t\t\t\t\t<div class=\"elementor-element elementor-element-e37cbc2 elementor-widget elementor-widget-text-editor\" data-id=\"e37cbc2\" data-element_type=\"widget\" data-widget_type=\"text-editor.default\">\n\t\t\t\t<div class=\"elementor-widget-container\">\n\t\t\t\t\t\t\t\t\t<p>El resultat de tot plegat s\u00f3n vins amb identitat pr\u00f2pia, on es plasma terrer, clima i persones; vins que emocionen amb cada copa.<\/p>\t\t\t\t\t\t\t\t<\/div>\n\t\t\t\t<\/div>\n\t\t\t\t\t<\/div>\n\t\t<\/div>\n\t\t\t\t\t<\/div>\n\t\t<\/section>\n\t\t\t\t<section class=\"elementor-section elementor-top-section elementor-element elementor-element-7abc75e elementor-section-boxed elementor-section-height-default elementor-section-height-default\" data-id=\"7abc75e\" data-element_type=\"section\">\n\t\t\t\t\t\t<div class=\"elementor-container elementor-column-gap-default\">\n\t\t\t\t\t<div class=\"elementor-column elementor-col-100 elementor-top-column elementor-element elementor-element-d09a5b0\" data-id=\"d09a5b0\" data-element_type=\"column\">\n\t\t\t<div class=\"elementor-widget-wrap elementor-element-populated\">\n\t\t\t\t\t\t<div class=\"elementor-element elementor-element-98637c0 elementor-widget elementor-widget-image\" data-id=\"98637c0\" data-element_type=\"widget\" data-widget_type=\"image.default\">\n\t\t\t\t<div class=\"elementor-widget-container\">\n\t\t\t\t\t\t\t\t\t\t\t\t\t\t\t<img loading=\"lazy\" decoding=\"async\" width=\"800\" height=\"800\" src=\"https:\/\/olivera.org\/wp-content\/uploads\/2024\/10\/CONVIDAT-dissabte-02-1024x1024.jpg\" class=\"attachment-large size-large wp-image-28572\" alt=\"\" srcset=\"https:\/\/olivera.org\/wp-content\/uploads\/2024\/10\/CONVIDAT-dissabte-02-1024x1024.jpg 1024w, https:\/\/olivera.org\/wp-content\/uploads\/2024\/10\/CONVIDAT-dissabte-02-300x300.jpg 300w, https:\/\/olivera.org\/wp-content\/uploads\/2024\/10\/CONVIDAT-dissabte-02-150x150.jpg 150w, https:\/\/olivera.org\/wp-content\/uploads\/2024\/10\/CONVIDAT-dissabte-02-768x768.jpg 768w, https:\/\/olivera.org\/wp-content\/uploads\/2024\/10\/CONVIDAT-dissabte-02-1536x1536.jpg 1536w, https:\/\/olivera.org\/wp-content\/uploads\/2024\/10\/CONVIDAT-dissabte-02-2048x2048.jpg 2048w, https:\/\/olivera.org\/wp-content\/uploads\/2024\/10\/CONVIDAT-dissabte-02-600x600.jpg 600w, https:\/\/olivera.org\/wp-content\/uploads\/2024\/10\/CONVIDAT-dissabte-02-100x100.jpg 100w\" sizes=\"(max-width: 800px) 100vw, 800px\" \/>\t\t\t\t\t\t\t\t\t\t\t\t\t\t\t<\/div>\n\t\t\t\t<\/div>\n\t\t\t\t\t<\/div>\n\t\t<\/div>\n\t\t\t\t\t<\/div>\n\t\t<\/section>\n\t\t\t\t<section class=\"elementor-section elementor-top-section elementor-element elementor-element-d4aef62 elementor-section-boxed elementor-section-height-default elementor-section-height-default\" data-id=\"d4aef62\" data-element_type=\"section\">\n\t\t\t\t\t\t<div class=\"elementor-container elementor-column-gap-default\">\n\t\t\t\t\t<div class=\"elementor-column elementor-col-100 elementor-top-column elementor-element elementor-element-0145f4c\" data-id=\"0145f4c\" data-element_type=\"column\">\n\t\t\t<div class=\"elementor-widget-wrap elementor-element-populated\">\n\t\t\t\t\t\t<div class=\"elementor-element elementor-element-f6fc203 elementor-widget elementor-widget-text-editor\" data-id=\"f6fc203\" data-element_type=\"widget\" data-widget_type=\"text-editor.default\">\n\t\t\t\t<div class=\"elementor-widget-container\">\n\t\t\t\t\t\t\t\t\t<h2 class=\"p1\"><strong>Coneix el convidat a La Vinoteca!<\/strong><\/h2>\t\t\t\t\t\t\t\t<\/div>\n\t\t\t\t<\/div>\n\t\t\t\t\t<\/div>\n\t\t<\/div>\n\t\t\t\t\t<\/div>\n\t\t<\/section>\n\t\t\t\t<section class=\"elementor-section elementor-top-section elementor-element elementor-element-ae651f3 elementor-section-boxed elementor-section-height-default elementor-section-height-default\" data-id=\"ae651f3\" data-element_type=\"section\">\n\t\t\t\t\t\t<div class=\"elementor-container elementor-column-gap-default\">\n\t\t\t\t\t<div class=\"elementor-column elementor-col-100 elementor-top-column elementor-element elementor-element-6c8e366\" data-id=\"6c8e366\" data-element_type=\"column\">\n\t\t\t<div class=\"elementor-widget-wrap elementor-element-populated\">\n\t\t\t\t\t\t<div class=\"elementor-element elementor-element-3d5a575 elementor-widget elementor-widget-text-editor\" data-id=\"3d5a575\" data-element_type=\"widget\" data-widget_type=\"text-editor.default\">\n\t\t\t\t<div class=\"elementor-widget-container\">\n\t\t\t\t\t\t\t\t\t<p class=\"p1\"><em>Dissabte, 2 de novembre de 2024 \u2013 A partir de les 12 h<\/em><\/p>\t\t\t\t\t\t\t\t<\/div>\n\t\t\t\t<\/div>\n\t\t\t\t\t<\/div>\n\t\t<\/div>\n\t\t\t\t\t<\/div>\n\t\t<\/section>\n\t\t\t\t<section class=\"elementor-section elementor-top-section elementor-element elementor-element-fdc736d elementor-section-boxed elementor-section-height-default elementor-section-height-default\" data-id=\"fdc736d\" data-element_type=\"section\">\n\t\t\t\t\t\t<div class=\"elementor-container elementor-column-gap-default\">\n\t\t\t\t\t<div class=\"elementor-column elementor-col-100 elementor-top-column elementor-element elementor-element-a9cf37f\" data-id=\"a9cf37f\" data-element_type=\"column\">\n\t\t\t<div class=\"elementor-widget-wrap elementor-element-populated\">\n\t\t\t\t\t\t<div class=\"elementor-element elementor-element-4c24c9b elementor-widget elementor-widget-text-editor\" data-id=\"4c24c9b\" data-element_type=\"widget\" data-widget_type=\"text-editor.default\">\n\t\t\t\t<div class=\"elementor-widget-container\">\n\t\t\t\t\t\t\t\t\t<p class=\"p1\">El dissabte, 2 de novembre, durant tot el dia, tindrem barra de vins de <strong>Venus la Universal<\/strong> a La Vinoteca de Can Calopa, amb la pres\u00e8ncia de la <strong>Sara P\u00e8rez<\/strong>, per poder tastar i con\u00e8ixer, de primera m\u00e0, el seu projecte. Gaudireu dels seus vins a copes i tamb\u00e9 es podran comprar ampolles.<\/p>\t\t\t\t\t\t\t\t<\/div>\n\t\t\t\t<\/div>\n\t\t\t\t\t<\/div>\n\t\t<\/div>\n\t\t\t\t\t<\/div>\n\t\t<\/section>\n\t\t\t\t<section class=\"elementor-section elementor-top-section elementor-element elementor-element-9b52293 elementor-section-boxed elementor-section-height-default elementor-section-height-default\" data-id=\"9b52293\" data-element_type=\"section\">\n\t\t\t\t\t\t<div class=\"elementor-container elementor-column-gap-default\">\n\t\t\t\t\t<div class=\"elementor-column elementor-col-100 elementor-top-column elementor-element elementor-element-fd4cf45\" data-id=\"fd4cf45\" data-element_type=\"column\">\n\t\t\t<div class=\"elementor-widget-wrap elementor-element-populated\">\n\t\t\t\t\t\t<div class=\"elementor-element elementor-element-366c395 elementor-widget elementor-widget-image\" data-id=\"366c395\" data-element_type=\"widget\" data-widget_type=\"image.default\">\n\t\t\t\t<div class=\"elementor-widget-container\">\n\t\t\t\t\t\t\t\t\t\t\t\t\t\t\t<img loading=\"lazy\" decoding=\"async\" width=\"800\" height=\"800\" src=\"https:\/\/olivera.org\/wp-content\/uploads\/2024\/10\/CONVIDAT-copa-tapa-1024x1024.jpg\" class=\"attachment-large size-large wp-image-28575\" alt=\"\" srcset=\"https:\/\/olivera.org\/wp-content\/uploads\/2024\/10\/CONVIDAT-copa-tapa-1024x1024.jpg 1024w, https:\/\/olivera.org\/wp-content\/uploads\/2024\/10\/CONVIDAT-copa-tapa-300x300.jpg 300w, https:\/\/olivera.org\/wp-content\/uploads\/2024\/10\/CONVIDAT-copa-tapa-150x150.jpg 150w, https:\/\/olivera.org\/wp-content\/uploads\/2024\/10\/CONVIDAT-copa-tapa-768x768.jpg 768w, https:\/\/olivera.org\/wp-content\/uploads\/2024\/10\/CONVIDAT-copa-tapa-1536x1536.jpg 1536w, https:\/\/olivera.org\/wp-content\/uploads\/2024\/10\/CONVIDAT-copa-tapa-2048x2048.jpg 2048w, https:\/\/olivera.org\/wp-content\/uploads\/2024\/10\/CONVIDAT-copa-tapa-600x600.jpg 600w, https:\/\/olivera.org\/wp-content\/uploads\/2024\/10\/CONVIDAT-copa-tapa-100x100.jpg 100w\" sizes=\"(max-width: 800px) 100vw, 800px\" \/>\t\t\t\t\t\t\t\t\t\t\t\t\t\t\t<\/div>\n\t\t\t\t<\/div>\n\t\t\t\t\t<\/div>\n\t\t<\/div>\n\t\t\t\t\t<\/div>\n\t\t<\/section>\n\t\t\t\t<section class=\"elementor-section elementor-top-section elementor-element elementor-element-45549fd elementor-section-boxed elementor-section-height-default elementor-section-height-default\" data-id=\"45549fd\" data-element_type=\"section\">\n\t\t\t\t\t\t<div class=\"elementor-container elementor-column-gap-default\">\n\t\t\t\t\t<div class=\"elementor-column elementor-col-100 elementor-top-column elementor-element elementor-element-21f9f31\" data-id=\"21f9f31\" data-element_type=\"column\">\n\t\t\t<div class=\"elementor-widget-wrap elementor-element-populated\">\n\t\t\t\t\t\t<div class=\"elementor-element elementor-element-2647143 elementor-widget elementor-widget-text-editor\" data-id=\"2647143\" data-element_type=\"widget\" data-widget_type=\"text-editor.default\">\n\t\t\t\t<div class=\"elementor-widget-container\">\n\t\t\t\t\t\t\t\t\t<h3><strong>Venus la Universal protagonitza el de la setmana a La Vinoteca de Can Calopa!<\/strong><\/h3>\t\t\t\t\t\t\t\t<\/div>\n\t\t\t\t<\/div>\n\t\t\t\t\t<\/div>\n\t\t<\/div>\n\t\t\t\t\t<\/div>\n\t\t<\/section>\n\t\t\t\t<section class=\"elementor-section elementor-top-section elementor-element elementor-element-dae72f9 elementor-section-boxed elementor-section-height-default elementor-section-height-default\" data-id=\"dae72f9\" data-element_type=\"section\">\n\t\t\t\t\t\t<div class=\"elementor-container elementor-column-gap-default\">\n\t\t\t\t\t<div class=\"elementor-column elementor-col-100 elementor-top-column elementor-element elementor-element-887c70c\" data-id=\"887c70c\" data-element_type=\"column\">\n\t\t\t<div class=\"elementor-widget-wrap elementor-element-populated\">\n\t\t\t\t\t\t<div class=\"elementor-element elementor-element-1824f9c elementor-widget elementor-widget-text-editor\" data-id=\"1824f9c\" data-element_type=\"widget\" data-widget_type=\"text-editor.default\">\n\t\t\t\t<div class=\"elementor-widget-container\">\n\t\t\t\t\t\t\t\t\t<p><em>Del 31 d&#8217;octubre al 3 novembrede 2024<\/em><\/p>\t\t\t\t\t\t\t\t<\/div>\n\t\t\t\t<\/div>\n\t\t\t\t\t<\/div>\n\t\t<\/div>\n\t\t\t\t\t<\/div>\n\t\t<\/section>\n\t\t\t\t<section class=\"elementor-section elementor-top-section elementor-element elementor-element-8e60f24 elementor-section-boxed elementor-section-height-default elementor-section-height-default\" data-id=\"8e60f24\" data-element_type=\"section\">\n\t\t\t\t\t\t<div class=\"elementor-container elementor-column-gap-default\">\n\t\t\t\t\t<div class=\"elementor-column elementor-col-100 elementor-top-column elementor-element elementor-element-41a038f\" data-id=\"41a038f\" data-element_type=\"column\">\n\t\t\t<div class=\"elementor-widget-wrap elementor-element-populated\">\n\t\t\t\t\t\t<div class=\"elementor-element elementor-element-d9ced62 elementor-widget elementor-widget-text-editor\" data-id=\"d9ced62\" data-element_type=\"widget\" data-widget_type=\"text-editor.default\">\n\t\t\t\t<div class=\"elementor-widget-container\">\n\t\t\t\t\t\t\t\t\t<p><em><strong>DIDO 2022:<\/strong> 65% Garnatxa, 25% Sir\u00e0, 10% Carinyena, Cabernet Sauvignon i Merlot d&#8217;agricultura ecol\u00f2gica.\u00a0<\/em><\/p>\t\t\t\t\t\t\t\t<\/div>\n\t\t\t\t<\/div>\n\t\t\t\t\t<\/div>\n\t\t<\/div>\n\t\t\t\t\t<\/div>\n\t\t<\/section>\n\t\t\t\t<section class=\"elementor-section elementor-top-section elementor-element elementor-element-44a212f elementor-section-boxed elementor-section-height-default elementor-section-height-default\" data-id=\"44a212f\" data-element_type=\"section\">\n\t\t\t\t\t\t<div class=\"elementor-container elementor-column-gap-default\">\n\t\t\t\t\t<div class=\"elementor-column elementor-col-100 elementor-top-column elementor-element elementor-element-d666a19\" data-id=\"d666a19\" data-element_type=\"column\">\n\t\t\t<div class=\"elementor-widget-wrap elementor-element-populated\">\n\t\t\t\t\t\t<div class=\"elementor-element elementor-element-4dc72c5 elementor-widget elementor-widget-text-editor\" data-id=\"4dc72c5\" data-element_type=\"widget\" data-widget_type=\"text-editor.default\">\n\t\t\t\t<div class=\"elementor-widget-container\">\n\t\t\t\t\t\t\t\t\t<p>Podreu tastar el vi de la setmana del celler convidat a copes, i us el servirem maridat per una tapa creada per la nostra cuina de productes Km0.<\/p><p>I, a m\u00e9s, durant tot el mes de novembre disposarem dels seus vins, tant a copes com en ampolles.<\/p>\t\t\t\t\t\t\t\t<\/div>\n\t\t\t\t<\/div>\n\t\t\t\t\t<\/div>\n\t\t<\/div>\n\t\t\t\t\t<\/div>\n\t\t<\/section>\n\t\t\t\t<\/div>\n\t\t","protected":false},"excerpt":{"rendered":"<p>Amb El Convidat, cada mes obrim les portes de Can Calopa a un celler convidat, amb l\u2019objectiu de donar visibilitat a diferents iniciatives vitivin\u00edcoles m\u00e9s enll\u00e0 del projecte propi de L\u2019Olivera. Durant tot l\u2019any 2024, el cicle est\u00e0 dedicat als cellers del col\u00b7lectiu Vinyataires Lliures i el celler convidat, durant el mes de novembre, \u00e9s VENUS LA UNIVERSAL.<\/p>\n","protected":false},"featured_media":28552,"template":"","class_list":["post-28554","olivera_activity","type-olivera_activity","status-publish","has-post-thumbnail","hentry"],"acf":[],"jetpack_sharing_enabled":true,"_links":{"self":[{"href":"https:\/\/olivera.org\/ca\/wp-json\/wp\/v2\/olivera_activity\/28554","targetHints":{"allow":["GET"]}}],"collection":[{"href":"https:\/\/olivera.org\/ca\/wp-json\/wp\/v2\/olivera_activity"}],"about":[{"href":"https:\/\/olivera.org\/ca\/wp-json\/wp\/v2\/types\/olivera_activity"}],"version-history":[{"count":0,"href":"https:\/\/olivera.org\/ca\/wp-json\/wp\/v2\/olivera_activity\/28554\/revisions"}],"wp:featuredmedia":[{"embeddable":true,"href":"https:\/\/olivera.org\/ca\/wp-json\/wp\/v2\/media\/28552"}],"wp:attachment":[{"href":"https:\/\/olivera.org\/ca\/wp-json\/wp\/v2\/media?parent=28554"}],"curies":[{"name":"wp","href":"https:\/\/api.w.org\/{rel}","templated":true}]}}