{"id":2969,"date":"2021-01-20T16:37:07","date_gmt":"2021-01-20T16:37:07","guid":{"rendered":"https:\/\/olivera.org\/?post_type=olivera_activity&#038;p=2969"},"modified":"2026-03-12T15:32:50","modified_gmt":"2026-03-12T15:32:50","slug":"visita-al-moli-doli","status":"publish","type":"olivera_activity","link":"https:\/\/olivera.org\/ca\/activitat\/visita-al-moli-doli\/","title":{"rendered":"Visita al mol\u00ed d&#8217;oli"},"content":{"rendered":"\t\t<div data-elementor-type=\"wp-post\" data-elementor-id=\"2969\" class=\"elementor elementor-2969\" data-elementor-post-type=\"olivera_activity\">\n\t\t\t\t\t\t<section class=\"elementor-section elementor-top-section elementor-element elementor-element-223137f elementor-section-boxed elementor-section-height-default elementor-section-height-default\" data-id=\"223137f\" data-element_type=\"section\">\n\t\t\t\t\t\t<div class=\"elementor-container elementor-column-gap-default\">\n\t\t\t\t\t<div class=\"elementor-column elementor-col-100 elementor-top-column elementor-element elementor-element-876ffcd\" data-id=\"876ffcd\" data-element_type=\"column\">\n\t\t\t<div class=\"elementor-widget-wrap elementor-element-populated\">\n\t\t\t\t\t\t<div class=\"elementor-element elementor-element-3becd4b elementor-widget elementor-widget-text-editor\" data-id=\"3becd4b\" data-element_type=\"widget\" data-widget_type=\"text-editor.default\">\n\t\t\t\t<div class=\"elementor-widget-container\">\n\t\t\t\t\t\t\t\t\t<p class=\"big-serif\" style=\"text-align: center;\">La collita de l&#8217;oliva des de dins<\/p><p>La visita comen\u00e7a als camps d\u2019oliveres, on podreu participar, amb les vostres mans, en la collita de l\u2019oliva arbequina. Despr\u00e9s, anirem al mol\u00ed per veure com s\u2019elabora l\u2019oli i tastar-ne una mostra recent sortida del mol\u00ed. Acabarem la visita al celler, on podrem fer una vista a les instal\u00b7lacions per acabar tastant la resta d\u2019olis que elaborem a L\u2019Olivera.<\/p><p><span style=\"font-family: Inter, sans-serif; font-size: 14px;\">Horari<br \/><\/span><span style=\"font-family: Inter, sans-serif;\"><span style=\"font-size: 18px;\">La visita s&#8217;ofereix dissabtes de collita a les 10.30h.<br \/><\/span><\/span><span style=\"font-family: Inter, sans-serif;\"><span style=\"font-size: 18px;\"><br \/><\/span><span style=\"font-size: 14px;\">Condicions<br \/><\/span><\/span><span style=\"font-family: Inter, sans-serif; font-size: 18px;\">Es requereix un m\u00ednim de 2 persones.<br \/><\/span><span style=\"font-family: Inter, sans-serif; font-size: 18px;\">Cal reservar pr\u00e8viament.<br \/><\/span><span style=\"font-family: Inter, sans-serif;\"><span style=\"font-size: 18px;\">Aquesta experi\u00e8ncia es fa a l&#8217;aire lliure. La seva realitzaci\u00f3 est\u00e0 subjecta a les condicions meteorol\u00f2giques. Nom\u00e9s disponible durant els mesos de collita (octubre-desembre).<br \/><\/span><\/span><span style=\"font-family: Inter, sans-serif;\"><span style=\"font-size: 18px;\"><br \/><\/span><span style=\"font-size: 14px;\">Preus<br \/><\/span><\/span><span style=\"font-family: Inter, sans-serif; font-size: 18px;\">Adults: 20\u20ac\/persona | Infants: 9\u20ac\/persona (de 6 a 17 anys). Menors de 5 anys, gratu\u00eft.<\/span><\/p><p><span style=\"font-family: Inter, sans-serif; font-size: 18px;\"> Grups (a partir de 10 persones): 15\u20ac\/persona | Infants: 7\u20ac\/persona (de 6 a 17 anys). Menors de 5 anys, gratu\u00eft.<\/span><\/p><p class=\"small-sans-serif\"><span style=\"font-size: 14px;\">M\u00e9s informaci\u00f3 i reserves<br \/><\/span>A trav\u00e9s del correu electr\u00f2nic a <a href=\"mailto:visites@olivera.org\"><strong>visites@olivera.org<\/strong><\/a> o per tel\u00e8fon al 618 304 483<\/p>\t\t\t\t\t\t\t\t<\/div>\n\t\t\t\t<\/div>\n\t\t\t\t\t<\/div>\n\t\t<\/div>\n\t\t\t\t\t<\/div>\n\t\t<\/section>\n\t\t\t\t<section class=\"elementor-section elementor-top-section elementor-element elementor-element-fa71890 elementor-section-boxed elementor-section-height-default elementor-section-height-default\" data-id=\"fa71890\" data-element_type=\"section\">\n\t\t\t\t\t\t<div class=\"elementor-container elementor-column-gap-default\">\n\t\t\t\t\t<div class=\"elementor-column elementor-col-100 elementor-top-column elementor-element elementor-element-5aa063a\" data-id=\"5aa063a\" data-element_type=\"column\">\n\t\t\t<div class=\"elementor-widget-wrap elementor-element-populated\">\n\t\t\t\t\t\t<div class=\"elementor-element elementor-element-75e73da elementor-align-center elementor-widget elementor-widget-button\" data-id=\"75e73da\" data-element_type=\"widget\" data-widget_type=\"button.default\">\n\t\t\t\t<div class=\"elementor-widget-container\">\n\t\t\t\t\t\t\t\t\t<div class=\"elementor-button-wrapper\">\n\t\t\t\t\t<a class=\"elementor-button elementor-button-link elementor-size-sm\" href=\"mailto:visites@olivera.org\" target=\"_blank\">\n\t\t\t\t\t\t<span class=\"elementor-button-content-wrapper\">\n\t\t\t\t\t\t\t\t\t<span class=\"elementor-button-text\">Reserva<\/span>\n\t\t\t\t\t<\/span>\n\t\t\t\t\t<\/a>\n\t\t\t\t<\/div>\n\t\t\t\t\t\t\t\t<\/div>\n\t\t\t\t<\/div>\n\t\t\t\t\t<\/div>\n\t\t<\/div>\n\t\t\t\t\t<\/div>\n\t\t<\/section>\n\t\t\t\t<\/div>\n\t\t","protected":false},"excerpt":{"rendered":"<p>Durant els mesos de collita de l\u2019oliva (octubre-desembre) obrim les portes del mol\u00ed de L\u2019Olivera per ensenyar-vos de prop el proc\u00e9s d\u2019elaboraci\u00f3 dels nostres olis i participar, amb les vostres mans, en la collita de l\u2019oliva per acabar tastant els olis acabats de sortir del mol\u00ed.<\/p>\n","protected":false},"featured_media":8322,"template":"","class_list":["post-2969","olivera_activity","type-olivera_activity","status-publish","has-post-thumbnail","hentry"],"acf":[],"jetpack_sharing_enabled":true,"_links":{"self":[{"href":"https:\/\/olivera.org\/ca\/wp-json\/wp\/v2\/olivera_activity\/2969","targetHints":{"allow":["GET"]}}],"collection":[{"href":"https:\/\/olivera.org\/ca\/wp-json\/wp\/v2\/olivera_activity"}],"about":[{"href":"https:\/\/olivera.org\/ca\/wp-json\/wp\/v2\/types\/olivera_activity"}],"version-history":[{"count":7,"href":"https:\/\/olivera.org\/ca\/wp-json\/wp\/v2\/olivera_activity\/2969\/revisions"}],"predecessor-version":[{"id":34659,"href":"https:\/\/olivera.org\/ca\/wp-json\/wp\/v2\/olivera_activity\/2969\/revisions\/34659"}],"wp:featuredmedia":[{"embeddable":true,"href":"https:\/\/olivera.org\/ca\/wp-json\/wp\/v2\/media\/8322"}],"wp:attachment":[{"href":"https:\/\/olivera.org\/ca\/wp-json\/wp\/v2\/media?parent=2969"}],"curies":[{"name":"wp","href":"https:\/\/api.w.org\/{rel}","templated":true}]}}