{"id":2996,"date":"2021-01-20T18:10:20","date_gmt":"2021-01-20T18:10:20","guid":{"rendered":"https:\/\/olivera.org\/?post_type=olivera_activity&#038;p=2996"},"modified":"2026-03-13T11:54:46","modified_gmt":"2026-03-13T11:54:46","slug":"esmorzar-a-la-masia-can-calopa","status":"publish","type":"olivera_activity","link":"https:\/\/olivera.org\/ca\/activitat\/esmorzar-a-la-masia-can-calopa\/","title":{"rendered":"Esmorza Collserola"},"content":{"rendered":"\t\t<div data-elementor-type=\"wp-post\" data-elementor-id=\"2996\" class=\"elementor elementor-2996\" data-elementor-post-type=\"olivera_activity\">\n\t\t\t\t\t\t<section class=\"elementor-section elementor-top-section elementor-element elementor-element-4fffcc9 elementor-section-boxed elementor-section-height-default elementor-section-height-default\" data-id=\"4fffcc9\" data-element_type=\"section\">\n\t\t\t\t\t\t<div class=\"elementor-container elementor-column-gap-default\">\n\t\t\t\t\t<div class=\"elementor-column elementor-col-100 elementor-top-column elementor-element elementor-element-703aa29\" data-id=\"703aa29\" data-element_type=\"column\">\n\t\t\t<div class=\"elementor-widget-wrap elementor-element-populated\">\n\t\t\t\t\t\t<div class=\"elementor-element elementor-element-7dfbe68 elementor-widget elementor-widget-text-editor\" data-id=\"7dfbe68\" data-element_type=\"widget\" data-widget_type=\"text-editor.default\">\n\t\t\t\t<div class=\"elementor-widget-container\">\n\t\t\t\t\t\t\t\t\t<p style=\"text-align: center;\">Assaboreix la visita que et permetr\u00e0 tastar i con\u00e8ixer els productes dels darrers artesans de la serra de Barcelona<\/p><p>Comen\u00e7a el dia rodejant-te de natura molt a prop de la ciutat. Entre vinyes, boscos i bancals, ressegueix la finca de Can Calopa per submergir-te en la hist\u00f2ria vitivin\u00edcola de Collserola i el paisatge agr\u00edcola que, encara avui, perdura a la serra de Barcelona.<\/p><p>Despr\u00e9s de visitar el celler i con\u00e8ixer de prop el projecte agroecol\u00f2gic i social de Can Calopa, entaula&#8217;t a la cuina antiga on, a m\u00e9s dels nostres vins i olis, tastar\u00e0s els productes elaborats pels darrers artesans de Collserola en un aut\u00e8ntic esmorzar de pag\u00e8s.\u00a0\u00a0<\/p><p class=\"small-serif\"><strong>Horari<\/strong><br \/>La visita s\u2019ofereix de dijous a diumenge en un \u00fanic torn a les 10h.<\/p><p><strong>Condicions<\/strong><br \/>La visita s&#8217;ofereix per a un m\u00ednim de 2 persones. \u00c9s necess\u00e0ria reserva pr\u00e8via.<\/p><p>Per a grups m\u00e9s grans de 25 persones o per visites fora d&#8217;aquest horari, contacteu esdeveniments@olivera.org.<\/p><p>S&#8217;hi inclou el tast de tres vins i un oli amb el seg\u00fcent esmorzar:<\/p><p style=\"text-align: center;\">Taula mixta de formatges i embotits artesans catalans<\/p><p style=\"text-align: center;\">Amanida de temporada<\/p><p style=\"text-align: center;\">Botifarra de Cal Rovira amb mongetes del ganxet<\/p><p style=\"text-align: center;\">Pa amb tom\u00e0quet<\/p><p style=\"text-align: center;\">Caf\u00e8 o infusi\u00f3 amb\u00a0<em>petit four<\/em><\/p><p><strong>Preus<\/strong><br \/>Adults: 42\u20ac\/persona | Infants: 28,50\u20ac\/persona (de 6 a 17 anys). Menors de 5 anys, gratu\u00eft.<\/p><p><strong>Reserves<\/strong><span style=\"font-size: 14px;\"><br \/><\/span>A trav\u00e9s del correu electr\u00f2nic a <strong>visitescancalopa@olivera.org<\/strong>. Tens dubtes? Truca&#8217;ns a 646 619 188.<\/p>\t\t\t\t\t\t\t\t<\/div>\n\t\t\t\t<\/div>\n\t\t\t\t\t<\/div>\n\t\t<\/div>\n\t\t\t\t\t<\/div>\n\t\t<\/section>\n\t\t\t\t<section class=\"elementor-section elementor-top-section elementor-element elementor-element-dcb693c elementor-section-boxed elementor-section-height-default elementor-section-height-default\" data-id=\"dcb693c\" data-element_type=\"section\">\n\t\t\t\t\t\t<div class=\"elementor-container elementor-column-gap-default\">\n\t\t\t\t\t<div class=\"elementor-column elementor-col-100 elementor-top-column elementor-element elementor-element-eb88081\" data-id=\"eb88081\" data-element_type=\"column\">\n\t\t\t<div class=\"elementor-widget-wrap elementor-element-populated\">\n\t\t\t\t\t\t<div class=\"elementor-element elementor-element-b12181d elementor-align-center elementor-widget__width-auto elementor-widget elementor-widget-button\" data-id=\"b12181d\" data-element_type=\"widget\" data-widget_type=\"button.default\">\n\t\t\t\t<div class=\"elementor-widget-container\">\n\t\t\t\t\t\t\t\t\t<div class=\"elementor-button-wrapper\">\n\t\t\t\t\t<a class=\"elementor-button elementor-button-link elementor-size-sm\" href=\"mailto:visitescancalopa@olivera.org\" target=\"_blank\">\n\t\t\t\t\t\t<span class=\"elementor-button-content-wrapper\">\n\t\t\t\t\t\t\t\t\t<span class=\"elementor-button-text\">Reserva<\/span>\n\t\t\t\t\t<\/span>\n\t\t\t\t\t<\/a>\n\t\t\t\t<\/div>\n\t\t\t\t\t\t\t\t<\/div>\n\t\t\t\t<\/div>\n\t\t\t\t<div class=\"elementor-element elementor-element-c92b10b elementor-align-center elementor-widget__width-auto elementor-widget elementor-widget-button\" data-id=\"c92b10b\" data-element_type=\"widget\" data-widget_type=\"button.default\">\n\t\t\t\t<div class=\"elementor-widget-container\">\n\t\t\t\t\t\t\t\t\t<div class=\"elementor-button-wrapper\">\n\t\t\t\t\t<a class=\"elementor-button elementor-button-link elementor-size-sm\" href=\"https:\/\/olivera.org\/ca\/producte\/esmorza-collserola\/\" target=\"_blank\">\n\t\t\t\t\t\t<span class=\"elementor-button-content-wrapper\">\n\t\t\t\t\t\t\t\t\t<span class=\"elementor-button-text\">Regala<\/span>\n\t\t\t\t\t<\/span>\n\t\t\t\t\t<\/a>\n\t\t\t\t<\/div>\n\t\t\t\t\t\t\t\t<\/div>\n\t\t\t\t<\/div>\n\t\t\t\t\t<\/div>\n\t\t<\/div>\n\t\t\t\t\t<\/div>\n\t\t<\/section>\n\t\t\t\t<\/div>\n\t\t","protected":false},"excerpt":{"rendered":"<p>Submergeix-te en el paisatge hum\u00e0 i agr\u00edcola que encara avui perdura a la serra de Collserola. Descobreix el projecte de L\u2019Olivera tot resseguint la finca municipal de Can Calopa i gaudeix d\u2019un esmorzar de pag\u00e8s que et permetr\u00e0 tastar els nostres vins i olis aix\u00ed com els productes elaborats per petits artesans del Parc Natural. <\/p>\n","protected":false},"featured_media":3605,"template":"","class_list":["post-2996","olivera_activity","type-olivera_activity","status-publish","has-post-thumbnail","hentry"],"acf":[],"jetpack_sharing_enabled":true,"_links":{"self":[{"href":"https:\/\/olivera.org\/ca\/wp-json\/wp\/v2\/olivera_activity\/2996","targetHints":{"allow":["GET"]}}],"collection":[{"href":"https:\/\/olivera.org\/ca\/wp-json\/wp\/v2\/olivera_activity"}],"about":[{"href":"https:\/\/olivera.org\/ca\/wp-json\/wp\/v2\/types\/olivera_activity"}],"version-history":[{"count":15,"href":"https:\/\/olivera.org\/ca\/wp-json\/wp\/v2\/olivera_activity\/2996\/revisions"}],"predecessor-version":[{"id":34672,"href":"https:\/\/olivera.org\/ca\/wp-json\/wp\/v2\/olivera_activity\/2996\/revisions\/34672"}],"wp:featuredmedia":[{"embeddable":true,"href":"https:\/\/olivera.org\/ca\/wp-json\/wp\/v2\/media\/3605"}],"wp:attachment":[{"href":"https:\/\/olivera.org\/ca\/wp-json\/wp\/v2\/media?parent=2996"}],"curies":[{"name":"wp","href":"https:\/\/api.w.org\/{rel}","templated":true}]}}