{"id":31651,"date":"2025-06-17T13:11:28","date_gmt":"2025-06-17T13:11:28","guid":{"rendered":"https:\/\/olivera.org\/?post_type=olivera_activity&#038;p=31651"},"modified":"2025-06-19T14:03:27","modified_gmt":"2025-06-19T14:03:27","slug":"can-calopa-plena-de-vida","status":"publish","type":"olivera_activity","link":"https:\/\/olivera.org\/ca\/activitat\/can-calopa-plena-de-vida\/","title":{"rendered":"CAN CALOPA PLENA DE VIDA"},"content":{"rendered":"\t\t<div data-elementor-type=\"wp-post\" data-elementor-id=\"31651\" class=\"elementor elementor-31651\" data-elementor-post-type=\"olivera_activity\">\n\t\t\t\t\t\t<section class=\"elementor-section elementor-top-section elementor-element elementor-element-95ed392 elementor-section-boxed elementor-section-height-default elementor-section-height-default\" data-id=\"95ed392\" data-element_type=\"section\">\n\t\t\t\t\t\t<div class=\"elementor-container elementor-column-gap-default\">\n\t\t\t\t\t<div class=\"elementor-column elementor-col-100 elementor-top-column elementor-element elementor-element-fa1f9e3\" data-id=\"fa1f9e3\" data-element_type=\"column\">\n\t\t\t<div class=\"elementor-widget-wrap elementor-element-populated\">\n\t\t\t\t\t\t<div class=\"elementor-element elementor-element-042381e elementor-widget elementor-widget-text-editor\" data-id=\"042381e\" data-element_type=\"widget\" data-widget_type=\"text-editor.default\">\n\t\t\t\t<div class=\"elementor-widget-container\">\n\t\t\t\t\t\t\t\t\t<h3>Descobrim l\u2019ambient rural i la biodiversitat que amaga un conreu de vinya situat al bosc de Collserola!<\/h3><p><strong>Cursos:<\/strong> cicle mitj\u00e0 i superior de prim\u00e0ria.<\/p><p><strong>Grups:<\/strong> entre 15 i 50 alumnes.<\/p><p><strong>Calendari:<\/strong> de setembre a juny.<\/p><p><strong>Objectius:<\/strong><\/p><ol><li>Analitzar les caracter\u00edstiques de diferents elements o sistemes del medi natural.<\/li><li>Recon\u00e8ixer el patrimoni cultural i natural per a un \u00fas responsable de la seva conservaci\u00f3 i millora.<\/li><li>Plantejar-se preguntes sobre el m\u00f3n aplicant el m\u00e8tode i el pensament cient\u00edfic.<\/li><li>Interpretar, respondre i predir fen\u00f2mens del medi natural, social i cultural.<\/li><\/ol>\t\t\t\t\t\t\t\t<\/div>\n\t\t\t\t<\/div>\n\t\t\t\t\t<\/div>\n\t\t<\/div>\n\t\t\t\t\t<\/div>\n\t\t<\/section>\n\t\t\t\t<section class=\"elementor-section elementor-top-section elementor-element elementor-element-3394260 elementor-section-boxed elementor-section-height-default elementor-section-height-default\" data-id=\"3394260\" data-element_type=\"section\">\n\t\t\t\t\t\t<div class=\"elementor-container elementor-column-gap-default\">\n\t\t\t\t\t<div class=\"elementor-column elementor-col-50 elementor-top-column elementor-element elementor-element-ed12bbb\" data-id=\"ed12bbb\" data-element_type=\"column\">\n\t\t\t<div class=\"elementor-widget-wrap elementor-element-populated\">\n\t\t\t\t\t\t<div class=\"elementor-element elementor-element-ac5e872 elementor-widget elementor-widget-text-editor\" data-id=\"ac5e872\" data-element_type=\"widget\" data-widget_type=\"text-editor.default\">\n\t\t\t\t<div class=\"elementor-widget-container\">\n\t\t\t\t\t\t\t\t\t<p><strong>Din\u00e0mica:<\/strong><\/p><p>En aquesta activitat pr\u00e0ctica l\u2019alumnat s\u2019organitzar\u00e0 en petits grups per con\u00e8ixer la flora i fauna que podem trobar a la vinya. Tamb\u00e9 aprendr\u00e0 a identificar i resseguir alguns rastres animals, tasca que els ajudar\u00e0 a descobrir els secrets que amaga un conreu situat enmig d\u2019un bosc.<\/p>\t\t\t\t\t\t\t\t<\/div>\n\t\t\t\t<\/div>\n\t\t\t\t\t<\/div>\n\t\t<\/div>\n\t\t\t\t<div class=\"elementor-column elementor-col-50 elementor-top-column elementor-element elementor-element-60d949f\" data-id=\"60d949f\" data-element_type=\"column\">\n\t\t\t<div class=\"elementor-widget-wrap elementor-element-populated\">\n\t\t\t\t\t\t<div class=\"elementor-element elementor-element-b997877 elementor-widget elementor-widget-image\" data-id=\"b997877\" data-element_type=\"widget\" data-widget_type=\"image.default\">\n\t\t\t\t<div class=\"elementor-widget-container\">\n\t\t\t\t\t\t\t\t\t\t\t\t\t\t\t<img fetchpriority=\"high\" decoding=\"async\" width=\"800\" height=\"534\" src=\"https:\/\/olivera.org\/wp-content\/uploads\/2025\/06\/250403CanCalopa_149-1024x683.jpg\" class=\"attachment-large size-large wp-image-31661\" alt=\"\" srcset=\"https:\/\/olivera.org\/wp-content\/uploads\/2025\/06\/250403CanCalopa_149-1024x683.jpg 1024w, https:\/\/olivera.org\/wp-content\/uploads\/2025\/06\/250403CanCalopa_149-300x200.jpg 300w, https:\/\/olivera.org\/wp-content\/uploads\/2025\/06\/250403CanCalopa_149-768x512.jpg 768w, https:\/\/olivera.org\/wp-content\/uploads\/2025\/06\/250403CanCalopa_149-1536x1024.jpg 1536w, https:\/\/olivera.org\/wp-content\/uploads\/2025\/06\/250403CanCalopa_149-2048x1365.jpg 2048w, https:\/\/olivera.org\/wp-content\/uploads\/2025\/06\/250403CanCalopa_149-600x400.jpg 600w\" sizes=\"(max-width: 800px) 100vw, 800px\" \/>\t\t\t\t\t\t\t\t\t\t\t\t\t\t\t<\/div>\n\t\t\t\t<\/div>\n\t\t\t\t\t<\/div>\n\t\t<\/div>\n\t\t\t\t\t<\/div>\n\t\t<\/section>\n\t\t\t\t<section class=\"elementor-section elementor-top-section elementor-element elementor-element-a39c6da elementor-section-boxed elementor-section-height-default elementor-section-height-default\" data-id=\"a39c6da\" data-element_type=\"section\">\n\t\t\t\t\t\t<div class=\"elementor-container elementor-column-gap-default\">\n\t\t\t\t\t<div class=\"elementor-column elementor-col-100 elementor-top-column elementor-element elementor-element-c07fc3a\" data-id=\"c07fc3a\" data-element_type=\"column\">\n\t\t\t<div class=\"elementor-widget-wrap elementor-element-populated\">\n\t\t\t\t\t\t<div class=\"elementor-element elementor-element-321421a elementor-widget elementor-widget-text-editor\" data-id=\"321421a\" data-element_type=\"widget\" data-widget_type=\"text-editor.default\">\n\t\t\t\t<div class=\"elementor-widget-container\">\n\t\t\t\t\t\t\t\t\t<div class=\"elementor elementor-31630\" data-elementor-type=\"wp-post\" data-elementor-id=\"31630\"><div class=\"elementor-inner\"><div class=\"elementor-section-wrap\"><section class=\"elementor-section elementor-top-section elementor-element elementor-element-667d95a elementor-section-boxed elementor-section-height-default elementor-section-height-default\" data-id=\"667d95a\" data-element_type=\"section\"><div class=\"elementor-container elementor-column-gap-default\"><div class=\"elementor-row\"><div class=\"elementor-column elementor-col-100 elementor-top-column elementor-element elementor-element-6acd51b\" data-id=\"6acd51b\" data-element_type=\"column\"><div class=\"elementor-column-wrap elementor-element-populated\"><div class=\"elementor-widget-wrap\"><div class=\"elementor-element elementor-element-63df441 elementor-widget elementor-widget-text-editor\" data-id=\"63df441\" data-element_type=\"widget\" data-widget_type=\"text-editor.default\"><div class=\"elementor-widget-container\"><div class=\"elementor-text-editor elementor-clearfix\"><p>M\u00e9s informaci\u00f3 i reserves a:\u00a0<strong><a href=\"mailto:formaci%C3%B3@olivera.org\">formaci\u00f3@olivera.org<\/a><\/strong><\/p><\/div><\/div><\/div><\/div><\/div><\/div><\/div><\/div><\/section><\/div><\/div><\/div>\t\t\t\t\t\t\t\t<\/div>\n\t\t\t\t<\/div>\n\t\t\t\t\t<\/div>\n\t\t<\/div>\n\t\t\t\t\t<\/div>\n\t\t<\/section>\n\t\t\t\t<\/div>\n\t\t","protected":false},"excerpt":{"rendered":"<p>Aquesta activitat permet con\u00e8ixer la flora i fauna que podem trobar a la vinya, aprendre a identificar i resseguir alguns rastres animals i descobrir els secrets que amaga un conreu situat al mig del bosc.<\/p>\n","protected":false},"featured_media":31653,"template":"","class_list":["post-31651","olivera_activity","type-olivera_activity","status-publish","has-post-thumbnail","hentry"],"acf":[],"jetpack_sharing_enabled":true,"_links":{"self":[{"href":"https:\/\/olivera.org\/ca\/wp-json\/wp\/v2\/olivera_activity\/31651","targetHints":{"allow":["GET"]}}],"collection":[{"href":"https:\/\/olivera.org\/ca\/wp-json\/wp\/v2\/olivera_activity"}],"about":[{"href":"https:\/\/olivera.org\/ca\/wp-json\/wp\/v2\/types\/olivera_activity"}],"version-history":[{"count":12,"href":"https:\/\/olivera.org\/ca\/wp-json\/wp\/v2\/olivera_activity\/31651\/revisions"}],"predecessor-version":[{"id":31740,"href":"https:\/\/olivera.org\/ca\/wp-json\/wp\/v2\/olivera_activity\/31651\/revisions\/31740"}],"wp:featuredmedia":[{"embeddable":true,"href":"https:\/\/olivera.org\/ca\/wp-json\/wp\/v2\/media\/31653"}],"wp:attachment":[{"href":"https:\/\/olivera.org\/ca\/wp-json\/wp\/v2\/media?parent=31651"}],"curies":[{"name":"wp","href":"https:\/\/api.w.org\/{rel}","templated":true}]}}