{"id":32817,"date":"2025-10-28T16:13:25","date_gmt":"2025-10-28T16:13:25","guid":{"rendered":"https:\/\/olivera.org\/?post_type=olivera_activity&#038;p=32817"},"modified":"2025-11-11T14:04:54","modified_gmt":"2025-11-11T14:04:54","slug":"festa-de-sant-marti-a-can-calopa","status":"publish","type":"olivera_activity","link":"https:\/\/olivera.org\/ca\/activitat\/festa-de-sant-marti-a-can-calopa\/","title":{"rendered":"Festa de Sant Mart\u00ed a Can Calopa"},"content":{"rendered":"\t\t<div data-elementor-type=\"wp-post\" data-elementor-id=\"32817\" class=\"elementor elementor-32817\" data-elementor-post-type=\"olivera_activity\">\n\t\t\t\t\t\t<section class=\"elementor-section elementor-top-section elementor-element elementor-element-667d6b5 elementor-section-boxed elementor-section-height-default elementor-section-height-default\" data-id=\"667d6b5\" data-element_type=\"section\">\n\t\t\t\t\t\t<div class=\"elementor-container elementor-column-gap-default\">\n\t\t\t\t\t<div class=\"elementor-column elementor-col-100 elementor-top-column elementor-element elementor-element-6ddc617\" data-id=\"6ddc617\" data-element_type=\"column\">\n\t\t\t<div class=\"elementor-widget-wrap elementor-element-populated\">\n\t\t\t\t\t\t<div class=\"elementor-element elementor-element-c8555b1 elementor-widget elementor-widget-text-editor\" data-id=\"c8555b1\" data-element_type=\"widget\" data-widget_type=\"text-editor.default\">\n\t\t\t\t<div class=\"elementor-widget-container\">\n\t\t\t\t\t\t\t\t\t<p><strong>Entrades a formacio@olivera.org<\/strong><\/p><p><span style=\"font-family: 'Times New Roman', Times, Baskerville, Georgia, serif;\">Les festes de Sant Mart\u00ed marquen l\u2019inici de l\u2019elaboraci\u00f3 de l\u2019oli i el tast del vi novell de la temporada, coincidint amb l\u2019arribada de l\u2019hivern i el final del cicle agr\u00edcola anual. Tradicionalment, tamb\u00e9 era l\u2019\u00e8poca de la matan\u00e7a del porc, ja que el fred ajudava a conservar millor la carn.<\/span><\/p><p data-pm-slice=\"1 1 []\">A Can Calopa, organitzem una jornada per degustar i con\u00e8ixer l\u2019elaboraci\u00f3 de l\u2019oli i el vi de Can Calopa, acompanyada de productes per a tots els gustos: des de propostes porcines fins a delicioses opcions veganes.<\/p><p style=\"text-align: center;\" data-pm-slice=\"1 1 []\">PROGRAMA | <strong>Dissabte, 15 de novembre, Can Calopa:<\/strong><\/p><p style=\"text-align: center;\">Degustaci\u00f3 de l\u2019oli nou<\/p><p style=\"text-align: center;\">Tast de vi novell<\/p><p style=\"text-align: center;\">Degustaci\u00f3 dels productes porcins<\/p><p style=\"text-align: center;\">*L\u2019activitat t\u00e9 una durada d\u2019una hora i quaranta-cinc minuts i es far\u00e0 en <strong>tres franges hor\u00e0ries:\u00a0<\/strong><\/p><p style=\"text-align: center;\">11 h &#8211; en castell\u00e0<\/p><p style=\"text-align: center;\">12 h &#8211; en catal\u00e0<\/p><p style=\"text-align: center;\">13 h &#8211; en catal\u00e0<\/p><p style=\"text-align: center;\"><strong>Entrades a formacio@olivera.org<\/strong><\/p>\t\t\t\t\t\t\t\t<\/div>\n\t\t\t\t<\/div>\n\t\t\t\t\t<\/div>\n\t\t<\/div>\n\t\t\t\t\t<\/div>\n\t\t<\/section>\n\t\t\t\t<section class=\"elementor-section elementor-top-section elementor-element elementor-element-75a122b elementor-section-boxed elementor-section-height-default elementor-section-height-default\" data-id=\"75a122b\" data-element_type=\"section\">\n\t\t\t\t\t\t<div class=\"elementor-container elementor-column-gap-default\">\n\t\t\t\t\t<div class=\"elementor-column elementor-col-100 elementor-top-column elementor-element elementor-element-1c81c54\" data-id=\"1c81c54\" data-element_type=\"column\">\n\t\t\t<div class=\"elementor-widget-wrap elementor-element-populated\">\n\t\t\t\t\t\t<div class=\"elementor-element elementor-element-2a50a2a elementor-widget elementor-widget-image\" data-id=\"2a50a2a\" data-element_type=\"widget\" data-widget_type=\"image.default\">\n\t\t\t\t<div class=\"elementor-widget-container\">\n\t\t\t\t\t\t\t\t\t\t\t\t\t\t\t<img fetchpriority=\"high\" decoding=\"async\" width=\"800\" height=\"534\" src=\"https:\/\/olivera.org\/wp-content\/uploads\/2025\/10\/4-Crate-of-olives-birds-eye-1024x684.jpg\" class=\"attachment-large size-large wp-image-32820\" alt=\"\" srcset=\"https:\/\/olivera.org\/wp-content\/uploads\/2025\/10\/4-Crate-of-olives-birds-eye-1024x684.jpg 1024w, https:\/\/olivera.org\/wp-content\/uploads\/2025\/10\/4-Crate-of-olives-birds-eye-300x200.jpg 300w, https:\/\/olivera.org\/wp-content\/uploads\/2025\/10\/4-Crate-of-olives-birds-eye-768x513.jpg 768w, https:\/\/olivera.org\/wp-content\/uploads\/2025\/10\/4-Crate-of-olives-birds-eye-1536x1025.jpg 1536w, https:\/\/olivera.org\/wp-content\/uploads\/2025\/10\/4-Crate-of-olives-birds-eye-2048x1367.jpg 2048w, https:\/\/olivera.org\/wp-content\/uploads\/2025\/10\/4-Crate-of-olives-birds-eye-600x401.jpg 600w\" sizes=\"(max-width: 800px) 100vw, 800px\" \/>\t\t\t\t\t\t\t\t\t\t\t\t\t\t\t<\/div>\n\t\t\t\t<\/div>\n\t\t\t\t\t<\/div>\n\t\t<\/div>\n\t\t\t\t\t<\/div>\n\t\t<\/section>\n\t\t\t\t<\/div>\n\t\t","protected":false},"excerpt":{"rendered":"<p>Celebra Sant Mart\u00ed a Can Calopa amb una jornada on farem degustaci\u00f3 de l&#8217;oli nou, productes porcins i el vi novell. Descobrir\u00e0s com s&#8217;elabora l&#8217;oli i el vi de l&#8217;\u00fanica finca periurbana de Barcelona, Can Calopa.<\/p>\n","protected":false},"featured_media":33154,"template":"","class_list":["post-32817","olivera_activity","type-olivera_activity","status-publish","has-post-thumbnail","hentry"],"acf":[],"jetpack_sharing_enabled":true,"_links":{"self":[{"href":"https:\/\/olivera.org\/ca\/wp-json\/wp\/v2\/olivera_activity\/32817","targetHints":{"allow":["GET"]}}],"collection":[{"href":"https:\/\/olivera.org\/ca\/wp-json\/wp\/v2\/olivera_activity"}],"about":[{"href":"https:\/\/olivera.org\/ca\/wp-json\/wp\/v2\/types\/olivera_activity"}],"version-history":[{"count":17,"href":"https:\/\/olivera.org\/ca\/wp-json\/wp\/v2\/olivera_activity\/32817\/revisions"}],"predecessor-version":[{"id":33155,"href":"https:\/\/olivera.org\/ca\/wp-json\/wp\/v2\/olivera_activity\/32817\/revisions\/33155"}],"wp:featuredmedia":[{"embeddable":true,"href":"https:\/\/olivera.org\/ca\/wp-json\/wp\/v2\/media\/33154"}],"wp:attachment":[{"href":"https:\/\/olivera.org\/ca\/wp-json\/wp\/v2\/media?parent=32817"}],"curies":[{"name":"wp","href":"https:\/\/api.w.org\/{rel}","templated":true}]}}