{"id":1020,"date":"2020-11-16T15:43:51","date_gmt":"2020-11-16T15:43:51","guid":{"rendered":"https:\/\/olivera.org\/?page_id=1020"},"modified":"2022-11-14T17:22:15","modified_gmt":"2022-11-14T17:22:15","slug":"oli-de-marges","status":"publish","type":"page","link":"https:\/\/olivera.org\/ca\/olis\/oli-de-marges\/","title":{"rendered":"Oli de marges"},"content":{"rendered":"\t\t<div data-elementor-type=\"wp-page\" data-elementor-id=\"1020\" class=\"elementor elementor-1020\" data-elementor-post-type=\"page\">\n\t\t\t\t\t\t<section class=\"elementor-section elementor-top-section elementor-element elementor-element-e67e1d3 elementor-section-boxed elementor-section-height-default elementor-section-height-default\" data-id=\"e67e1d3\" data-element_type=\"section\">\n\t\t\t\t\t\t<div class=\"elementor-container elementor-column-gap-default\">\n\t\t\t\t\t<div class=\"elementor-column elementor-col-100 elementor-top-column elementor-element elementor-element-04fcc37\" data-id=\"04fcc37\" data-element_type=\"column\">\n\t\t\t<div class=\"elementor-widget-wrap elementor-element-populated\">\n\t\t\t\t\t\t<div class=\"elementor-element elementor-element-16de6de elementor-widget elementor-widget-text-editor\" data-id=\"16de6de\" data-element_type=\"widget\" data-widget_type=\"text-editor.default\">\n\t\t\t\t<div class=\"elementor-widget-container\">\n\t\t\t\t\t\t\t\t\t<p style=\"text-align: center;\">De Marges, perqu\u00e8 aquests olis d\u2019oliva verge extra provenen d\u2019oliveres en parcel\u00b7les delimitades per marges de pedra seca. S\u00f3n petites explotacions familiars de la Vall del Corb i les Garrigues, amb oliveres ecol\u00f2giques cultivades amb m\u00e8todes tradicionals, majorit\u00e0riament en r\u00e8gim de sec\u00e0,\u00a0 i amb l\u2019Arbequina com a \u00fanica varietat.<\/p>\t\t\t\t\t\t\t\t<\/div>\n\t\t\t\t<\/div>\n\t\t\t\t\t<\/div>\n\t\t<\/div>\n\t\t\t\t\t<\/div>\n\t\t<\/section>\n\t\t\t\t<section class=\"elementor-section elementor-top-section elementor-element elementor-element-f26103c elementor-section-big elementor-section-height-default elementor-section-height-default\" data-id=\"f26103c\" data-element_type=\"section\">\n\t\t\t\t\t\t<div class=\"elementor-container elementor-column-gap-default\">\n\t\t\t\t\t<div class=\"elementor-column elementor-col-100 elementor-top-column elementor-element elementor-element-cfd2c85\" data-id=\"cfd2c85\" data-element_type=\"column\">\n\t\t\t<div class=\"elementor-widget-wrap elementor-element-populated\">\n\t\t\t\t\t\t<div class=\"elementor-element elementor-element-a39b633 elementor-widget elementor-widget-olivera-productlisting\" data-id=\"a39b633\" data-element_type=\"widget\" data-widget_type=\"olivera-productlisting.default\">\n\t\t\t\t<div class=\"elementor-widget-container\">\n\t\t\t\t\t<div class=\"product-listing-container\" data-slider=\"no\"><div class=\"product-list\"><article class=\"entry\"><a href=\"https:\/\/olivera.org\/ca\/producte\/oli-de-marges-verge-extra-ecologic\/\"><img fetchpriority=\"high\" decoding=\"async\" width=\"600\" height=\"716\" src=\"https:\/\/olivera.org\/wp-content\/uploads\/2020\/11\/noli_marges_1L-600x716-2.png\" class=\"attachment-woocommerce_thumbnail size-woocommerce_thumbnail\" alt=\"oli-de-marges-1l\" srcset=\"https:\/\/olivera.org\/wp-content\/uploads\/2020\/11\/noli_marges_1L-600x716-2.png 600w, https:\/\/olivera.org\/wp-content\/uploads\/2020\/11\/noli_marges_1L-600x716-2-251x300.png 251w\" sizes=\"(max-width: 600px) 100vw, 600px\" \/><h1 class=\"title\">Oli de Marges 1L<\/h1><\/a><\/article><article class=\"entry\"><a href=\"https:\/\/olivera.org\/ca\/producte\/oli-de-marges-025l\/\"><img decoding=\"async\" width=\"600\" height=\"899\" src=\"https:\/\/olivera.org\/wp-content\/uploads\/2020\/12\/lasembra-olivera-fotos32--600x899.png\" class=\"attachment-woocommerce_thumbnail size-woocommerce_thumbnail\" alt=\"Oli de Marges 0,25L\" srcset=\"https:\/\/olivera.org\/wp-content\/uploads\/2020\/12\/lasembra-olivera-fotos32--600x899.png 600w, https:\/\/olivera.org\/wp-content\/uploads\/2020\/12\/lasembra-olivera-fotos32--200x300.png 200w, https:\/\/olivera.org\/wp-content\/uploads\/2020\/12\/lasembra-olivera-fotos32--683x1024.png 683w, https:\/\/olivera.org\/wp-content\/uploads\/2020\/12\/lasembra-olivera-fotos32--768x1151.png 768w, https:\/\/olivera.org\/wp-content\/uploads\/2020\/12\/lasembra-olivera-fotos32--1025x1536.png 1025w, https:\/\/olivera.org\/wp-content\/uploads\/2020\/12\/lasembra-olivera-fotos32--1367x2048.png 1367w\" sizes=\"(max-width: 600px) 100vw, 600px\" \/><h1 class=\"title\">Oli de Marges 0,25L<\/h1><\/a><\/article><article class=\"entry\"><a href=\"https:\/\/olivera.org\/ca\/producte\/oli-de-marges-100ml\/\"><img decoding=\"async\" width=\"600\" height=\"716\" src=\"https:\/\/olivera.org\/wp-content\/uploads\/2020\/11\/noli_marges_100cl-600x716-1.png\" class=\"attachment-woocommerce_thumbnail size-woocommerce_thumbnail\" alt=\"oli-de-marges-100ml\" srcset=\"https:\/\/olivera.org\/wp-content\/uploads\/2020\/11\/noli_marges_100cl-600x716-1.png 600w, https:\/\/olivera.org\/wp-content\/uploads\/2020\/11\/noli_marges_100cl-600x716-1-251x300.png 251w\" sizes=\"(max-width: 600px) 100vw, 600px\" \/><h1 class=\"title\">Oli de Marges 100ml<\/h1><\/a><\/article><\/div><\/div>\t\t\t\t<\/div>\n\t\t\t\t<\/div>\n\t\t\t\t\t<\/div>\n\t\t<\/div>\n\t\t\t\t\t<\/div>\n\t\t<\/section>\n\t\t\t\t<\/div>\n\t\t","protected":false},"excerpt":{"rendered":"<p>De Marges, perqu\u00e8 aquests olis d\u2019oliva verge extra provenen d\u2019oliveres en parcel\u00b7les delimitades per marges de pedra seca. S\u00f3n petites explotacions familiars de la Vall del Corb i les Garrigues, amb oliveres ecol\u00f2giques cultivades amb m\u00e8todes tradicionals, majorit\u00e0riament en r\u00e8gim de sec\u00e0,\u00a0 i amb l\u2019Arbequina com a \u00fanica varietat. Oli de Marges 1L Oli de [&hellip;]<\/p>\n","protected":false},"author":12,"featured_media":0,"parent":27,"menu_order":1,"comment_status":"closed","ping_status":"closed","template":"","meta":{"_acf_changed":false,"footnotes":""},"class_list":["post-1020","page","type-page","status-publish","hentry"],"acf":[],"jetpack_sharing_enabled":true,"_links":{"self":[{"href":"https:\/\/olivera.org\/ca\/wp-json\/wp\/v2\/pages\/1020","targetHints":{"allow":["GET"]}}],"collection":[{"href":"https:\/\/olivera.org\/ca\/wp-json\/wp\/v2\/pages"}],"about":[{"href":"https:\/\/olivera.org\/ca\/wp-json\/wp\/v2\/types\/page"}],"author":[{"embeddable":true,"href":"https:\/\/olivera.org\/ca\/wp-json\/wp\/v2\/users\/12"}],"replies":[{"embeddable":true,"href":"https:\/\/olivera.org\/ca\/wp-json\/wp\/v2\/comments?post=1020"}],"version-history":[{"count":0,"href":"https:\/\/olivera.org\/ca\/wp-json\/wp\/v2\/pages\/1020\/revisions"}],"up":[{"embeddable":true,"href":"https:\/\/olivera.org\/ca\/wp-json\/wp\/v2\/pages\/27"}],"wp:attachment":[{"href":"https:\/\/olivera.org\/ca\/wp-json\/wp\/v2\/media?parent=1020"}],"curies":[{"name":"wp","href":"https:\/\/api.w.org\/{rel}","templated":true}]}}