{"id":13455,"date":"2022-02-07T10:55:11","date_gmt":"2022-02-07T10:55:11","guid":{"rendered":"https:\/\/olivera.org\/?page_id=13455"},"modified":"2025-09-01T14:19:08","modified_gmt":"2025-09-01T14:19:08","slug":"aula-rural","status":"publish","type":"page","link":"https:\/\/olivera.org\/ca\/visitans\/can-calopa\/aula-rural\/","title":{"rendered":"Aula de Can Calopa"},"content":{"rendered":"\t\t<div data-elementor-type=\"wp-page\" data-elementor-id=\"13455\" class=\"elementor elementor-13455\" data-elementor-post-type=\"page\">\n\t\t\t\t\t\t<section class=\"elementor-section elementor-top-section elementor-element elementor-element-4627338 elementor-section-boxed elementor-section-height-default elementor-section-height-default\" data-id=\"4627338\" data-element_type=\"section\">\n\t\t\t\t\t\t<div class=\"elementor-container elementor-column-gap-default\">\n\t\t\t\t\t<div class=\"elementor-column elementor-col-100 elementor-top-column elementor-element elementor-element-91df447\" data-id=\"91df447\" data-element_type=\"column\">\n\t\t\t<div class=\"elementor-widget-wrap elementor-element-populated\">\n\t\t\t\t\t\t<div class=\"elementor-element elementor-element-c7e744e elementor-widget elementor-widget-text-editor\" data-id=\"c7e744e\" data-element_type=\"widget\" data-widget_type=\"text-editor.default\">\n\t\t\t\t<div class=\"elementor-widget-container\">\n\t\t\t\t\t\t\t\t\t<p>La proposta pedag\u00f2gica de L\u2019Olivera a la masia de Can Calopa de Dalt \u00e9s un espai obert a la divulgaci\u00f3 ambiental, patrimonial i cultural de Collserola, la seva relaci\u00f3 amb Barcelona i el conjunt del territori metropolit\u00e0.<\/p><p>Les activitats educatives orientades a escoles i centres educatius, proposen una metodologia activa que convida l\u2019alumnat a fer, pensar i sentir en connexi\u00f3 amb l\u2019entorn i a intervenir de manera cr\u00edtica, activa i creativa en la societat plural que els envolta.<\/p><p>Tamb\u00e9 oferim una proposta adre\u00e7ada a cicles formatius per mostrar els models d\u2019acompanyament que desenvolupa el projecte social de L\u2019Olivera cap a una major autonomia de les persones que estan en situaci\u00f3 vulnerable, tant en l\u2019\u00e0mbit personal com el laboral.<\/p><p>M\u00e9s informaci\u00f3 i reserves a: <a href=\"mailto:formaci\u00f3@olivera.org\">formaci\u00f3@olivera.org<\/a><\/p>\t\t\t\t\t\t\t\t<\/div>\n\t\t\t\t<\/div>\n\t\t\t\t<div class=\"elementor-element elementor-element-3ef0bfa elementor-widget elementor-widget-button\" data-id=\"3ef0bfa\" data-element_type=\"widget\" data-widget_type=\"button.default\">\n\t\t\t\t<div class=\"elementor-widget-container\">\n\t\t\t\t\t\t\t\t\t<div class=\"elementor-button-wrapper\">\n\t\t\t\t\t<a class=\"elementor-button elementor-button-link elementor-size-sm\" href=\"http:\/\/olivera.org\/wp-content\/uploads\/2025\/09\/LO_ActivitatsCE.pdf\">\n\t\t\t\t\t\t<span class=\"elementor-button-content-wrapper\">\n\t\t\t\t\t\t\t\t\t<span class=\"elementor-button-text\">Presentaci\u00f3 del Programa d'Activitats<\/span>\n\t\t\t\t\t<\/span>\n\t\t\t\t\t<\/a>\n\t\t\t\t<\/div>\n\t\t\t\t\t\t\t\t<\/div>\n\t\t\t\t<\/div>\n\t\t\t\t\t<\/div>\n\t\t<\/div>\n\t\t\t\t\t<\/div>\n\t\t<\/section>\n\t\t\t\t<section class=\"elementor-section elementor-top-section elementor-element elementor-element-839a38b elementor-section-big elementor-section-height-min-height elementor-section-height-default elementor-section-items-middle\" data-id=\"839a38b\" data-element_type=\"section\">\n\t\t\t\t\t\t<div class=\"elementor-container elementor-column-gap-default\">\n\t\t\t\t\t<div class=\"elementor-column elementor-col-100 elementor-top-column elementor-element elementor-element-24ac8a1\" data-id=\"24ac8a1\" data-element_type=\"column\">\n\t\t\t<div class=\"elementor-widget-wrap elementor-element-populated\">\n\t\t\t\t\t\t<div class=\"elementor-element elementor-element-8403004 elementor-widget elementor-widget-olivera-activitylisting\" data-id=\"8403004\" data-element_type=\"widget\" data-widget_type=\"olivera-activitylisting.default\">\n\t\t\t\t<div class=\"elementor-widget-container\">\n\t\t\t\t\t<div class=\"activity-list\" data-background-color=\"grey\" ><article class=\"activity\"><a class=\"block-link\" href=\"https:\/\/olivera.org\/ca\/activitat\/pagesia-als-marges-de-la-ciutat\/\"><div class=\"featured-image\"><div class=\"image\" style=\"background-image: url(https:\/\/olivera.org\/wp-content\/uploads\/2022\/02\/250403CanCalopa_180-scaled.jpg);\"><\/div><\/div><div class=\"description\"><div class=\"details\"><p class=\"location\"><svg xmlns=\"http:\/\/www.w3.org\/2000\/svg\" width=\"17.157\" height=\"21.167\" viewBox=\"0 0 17.157 21.167\">\r\n  <path id=\"Trazado_11672\" data-name=\"Trazado 11672\" d=\"M56.723,23.591a2.025,2.025,0,0,0,2.7,0c2.414-2.21,7.224-7.287,7.224-12.684C66.637,6.5,62.8,2.94,58.068,2.94h-.554A8.3,8.3,0,0,0,49.49,11C49.547,16.365,54.318,21.378,56.723,23.591ZM54.639,10.907a3.438,3.438,0,0,1,6.859,0,3.439,3.439,0,0,1-6.859.016Z\" transform=\"translate(-49.49 -2.94)\" fill=\"#001e53\"\/>\r\n<\/svg>\r\nCan Calopa<\/p><p class=\"length\"><svg xmlns=\"http:\/\/www.w3.org\/2000\/svg\" width=\"15.938\" height=\"15.938\" viewBox=\"0 0 15.938 15.938\">\r\n  <path id=\"Trazado_11673\" data-name=\"Trazado 11673\" d=\"M9.367,2.328a8.023,8.023,0,0,0,7.969-7.969,8.035,8.035,0,0,0-7.977-7.969A8.026,8.026,0,0,0,1.4-5.641,8.028,8.028,0,0,0,9.367,2.328ZM9.367,1A6.609,6.609,0,0,1,2.734-5.641a6.607,6.607,0,0,1,6.625-6.641,6.632,6.632,0,0,1,6.648,6.641A6.61,6.61,0,0,1,9.367,1ZM5.281-4.8H9.359a.539.539,0,0,0,.547-.547v-5.266a.537.537,0,0,0-.547-.539.53.53,0,0,0-.539.539v4.727H5.281a.532.532,0,0,0-.547.539A.534.534,0,0,0,5.281-4.8Z\" transform=\"translate(-1.398 13.609)\" fill=\"#001e53\"\/>\r\n<\/svg>\r\n3 hores<\/p><\/div><h1 class=\"title\">PAGESIA ALS MARGES DE LA CIUTAT<\/h1><p class=\"excerpt\">L'alumnat es posar\u00e0 a la pell de la vida a pag\u00e8s i coneixer\u00e0 les tasques i les formes d'organitzar-se d\u2019una finca agr\u00edcola: coneixer\u00e0 el cultiu de la vinya i de l\u2019hora, la cura i la utilitat del bestiar i la producci\u00f3 de vi al celler. <\/p><p class=\"button\">Saber m\u00e9s<\/p><\/div><\/a><\/article><article class=\"activity\"><a class=\"block-link\" href=\"https:\/\/olivera.org\/ca\/activitat\/can-calopa-plena-de-vida\/\"><div class=\"featured-image\"><div class=\"image\" style=\"background-image: url(https:\/\/olivera.org\/wp-content\/uploads\/2025\/06\/250403CanCalopa_243-scaled.jpg);\"><\/div><\/div><div class=\"description\"><div class=\"details\"><p class=\"location\"><svg xmlns=\"http:\/\/www.w3.org\/2000\/svg\" width=\"17.157\" height=\"21.167\" viewBox=\"0 0 17.157 21.167\">\r\n  <path id=\"Trazado_11672\" data-name=\"Trazado 11672\" d=\"M56.723,23.591a2.025,2.025,0,0,0,2.7,0c2.414-2.21,7.224-7.287,7.224-12.684C66.637,6.5,62.8,2.94,58.068,2.94h-.554A8.3,8.3,0,0,0,49.49,11C49.547,16.365,54.318,21.378,56.723,23.591ZM54.639,10.907a3.438,3.438,0,0,1,6.859,0,3.439,3.439,0,0,1-6.859.016Z\" transform=\"translate(-49.49 -2.94)\" fill=\"#001e53\"\/>\r\n<\/svg>\r\nCan Calopa<\/p><p class=\"length\"><svg xmlns=\"http:\/\/www.w3.org\/2000\/svg\" width=\"15.938\" height=\"15.938\" viewBox=\"0 0 15.938 15.938\">\r\n  <path id=\"Trazado_11673\" data-name=\"Trazado 11673\" d=\"M9.367,2.328a8.023,8.023,0,0,0,7.969-7.969,8.035,8.035,0,0,0-7.977-7.969A8.026,8.026,0,0,0,1.4-5.641,8.028,8.028,0,0,0,9.367,2.328ZM9.367,1A6.609,6.609,0,0,1,2.734-5.641a6.607,6.607,0,0,1,6.625-6.641,6.632,6.632,0,0,1,6.648,6.641A6.61,6.61,0,0,1,9.367,1ZM5.281-4.8H9.359a.539.539,0,0,0,.547-.547v-5.266a.537.537,0,0,0-.547-.539.53.53,0,0,0-.539.539v4.727H5.281a.532.532,0,0,0-.547.539A.534.534,0,0,0,5.281-4.8Z\" transform=\"translate(-1.398 13.609)\" fill=\"#001e53\"\/>\r\n<\/svg>\r\n3 hores <\/p><\/div><h1 class=\"title\">CAN CALOPA PLENA DE VIDA<\/h1><p class=\"excerpt\">Aquesta activitat permet con\u00e8ixer la flora i fauna que podem trobar a la vinya, aprendre a identificar i resseguir alguns rastres animals i descobrir els secrets que amaga un conreu situat al mig del bosc.<\/p><p class=\"button\">Saber m\u00e9s<\/p><\/div><\/a><\/article><article class=\"activity\"><a class=\"block-link\" href=\"https:\/\/olivera.org\/ca\/activitat\/fem-cooperativa\/\"><div class=\"featured-image\"><div class=\"image\" style=\"background-image: url(https:\/\/olivera.org\/wp-content\/uploads\/2025\/06\/250403CanCalopa_35-scaled.jpg);\"><\/div><\/div><div class=\"description\"><div class=\"details\"><p class=\"location\"><svg xmlns=\"http:\/\/www.w3.org\/2000\/svg\" width=\"17.157\" height=\"21.167\" viewBox=\"0 0 17.157 21.167\">\r\n  <path id=\"Trazado_11672\" data-name=\"Trazado 11672\" d=\"M56.723,23.591a2.025,2.025,0,0,0,2.7,0c2.414-2.21,7.224-7.287,7.224-12.684C66.637,6.5,62.8,2.94,58.068,2.94h-.554A8.3,8.3,0,0,0,49.49,11C49.547,16.365,54.318,21.378,56.723,23.591ZM54.639,10.907a3.438,3.438,0,0,1,6.859,0,3.439,3.439,0,0,1-6.859.016Z\" transform=\"translate(-49.49 -2.94)\" fill=\"#001e53\"\/>\r\n<\/svg>\r\nCan Calopa<\/p><p class=\"length\"><svg xmlns=\"http:\/\/www.w3.org\/2000\/svg\" width=\"15.938\" height=\"15.938\" viewBox=\"0 0 15.938 15.938\">\r\n  <path id=\"Trazado_11673\" data-name=\"Trazado 11673\" d=\"M9.367,2.328a8.023,8.023,0,0,0,7.969-7.969,8.035,8.035,0,0,0-7.977-7.969A8.026,8.026,0,0,0,1.4-5.641,8.028,8.028,0,0,0,9.367,2.328ZM9.367,1A6.609,6.609,0,0,1,2.734-5.641a6.607,6.607,0,0,1,6.625-6.641,6.632,6.632,0,0,1,6.648,6.641A6.61,6.61,0,0,1,9.367,1ZM5.281-4.8H9.359a.539.539,0,0,0,.547-.547v-5.266a.537.537,0,0,0-.547-.539.53.53,0,0,0-.539.539v4.727H5.281a.532.532,0,0,0-.547.539A.534.534,0,0,0,5.281-4.8Z\" transform=\"translate(-1.398 13.609)\" fill=\"#001e53\"\/>\r\n<\/svg>\r\n3 hores<\/p><\/div><h1 class=\"title\">FEM COOPERATIVA<\/h1><p class=\"excerpt\">L\u2019alumnat treballar\u00e0 els 7 principis b\u00e0sics del cooperativisme a partir de 5 estacions al llarg de la visita de L\u2019Olivera, projecte amb m\u00e9s de 50 anys d\u2019hist\u00f2ria i experi\u00e8ncia en l\u2019Economia Social i Solid\u00e0ria. <\/p><p class=\"button\">Saber m\u00e9s<\/p><\/div><\/a><\/article><article class=\"activity\"><a class=\"block-link\" href=\"https:\/\/olivera.org\/ca\/activitat\/vides-autonomes\/\"><div class=\"featured-image\"><div class=\"image\" style=\"background-image: url(https:\/\/olivera.org\/wp-content\/uploads\/2025\/06\/250403CanCalopa_01-scaled.jpg);\"><\/div><\/div><div class=\"description\"><div class=\"details\"><p class=\"location\"><svg xmlns=\"http:\/\/www.w3.org\/2000\/svg\" width=\"17.157\" height=\"21.167\" viewBox=\"0 0 17.157 21.167\">\r\n  <path id=\"Trazado_11672\" data-name=\"Trazado 11672\" d=\"M56.723,23.591a2.025,2.025,0,0,0,2.7,0c2.414-2.21,7.224-7.287,7.224-12.684C66.637,6.5,62.8,2.94,58.068,2.94h-.554A8.3,8.3,0,0,0,49.49,11C49.547,16.365,54.318,21.378,56.723,23.591ZM54.639,10.907a3.438,3.438,0,0,1,6.859,0,3.439,3.439,0,0,1-6.859.016Z\" transform=\"translate(-49.49 -2.94)\" fill=\"#001e53\"\/>\r\n<\/svg>\r\nCan Calopa<\/p><p class=\"length\"><svg xmlns=\"http:\/\/www.w3.org\/2000\/svg\" width=\"15.938\" height=\"15.938\" viewBox=\"0 0 15.938 15.938\">\r\n  <path id=\"Trazado_11673\" data-name=\"Trazado 11673\" d=\"M9.367,2.328a8.023,8.023,0,0,0,7.969-7.969,8.035,8.035,0,0,0-7.977-7.969A8.026,8.026,0,0,0,1.4-5.641,8.028,8.028,0,0,0,9.367,2.328ZM9.367,1A6.609,6.609,0,0,1,2.734-5.641a6.607,6.607,0,0,1,6.625-6.641,6.632,6.632,0,0,1,6.648,6.641A6.61,6.61,0,0,1,9.367,1ZM5.281-4.8H9.359a.539.539,0,0,0,.547-.547v-5.266a.537.537,0,0,0-.547-.539.53.53,0,0,0-.539.539v4.727H5.281a.532.532,0,0,0-.547.539A.534.534,0,0,0,5.281-4.8Z\" transform=\"translate(-1.398 13.609)\" fill=\"#001e53\"\/>\r\n<\/svg>\r\n2 hores<\/p><\/div><h1 class=\"title\">VIDES AUT\u00d2NOMES<\/h1><p class=\"excerpt\">L'activitat permet descobrir el projecte social tot fent una passejada per la finca. Durant l\u2019activitat, s'aprofundir\u00e0 en els objectius la llar-resid\u00e8ncia mitjan\u00e7ant una din\u00e0mica participativa. A continuaci\u00f3, s'explorar\u00e0 el funcionament de l\u2019Empresa la Inserci\u00f3 a trav\u00e9s d\u2019un joc de rol basat en situacions reals que poden tenir lloc en aquest \u00e0mbit.<\/p><p class=\"button\">Saber m\u00e9s<\/p><\/div><\/a><\/article><\/div>\t\t\t\t<\/div>\n\t\t\t\t<\/div>\n\t\t\t\t\t<\/div>\n\t\t<\/div>\n\t\t\t\t\t<\/div>\n\t\t<\/section>\n\t\t\t\t<\/div>\n\t\t","protected":false},"excerpt":{"rendered":"<p>La proposta pedag\u00f2gica de L\u2019Olivera a la masia de Can Calopa de Dalt \u00e9s un espai obert a la divulgaci\u00f3 ambiental, patrimonial i cultural de Collserola, la seva relaci\u00f3 amb Barcelona i el conjunt del territori metropolit\u00e0. Les activitats educatives orientades a escoles i centres educatius, proposen una metodologia activa que convida l\u2019alumnat a fer, [&hellip;]<\/p>\n","protected":false},"author":12,"featured_media":0,"parent":13442,"menu_order":0,"comment_status":"closed","ping_status":"closed","template":"","meta":{"_acf_changed":false,"footnotes":""},"class_list":["post-13455","page","type-page","status-publish","hentry"],"acf":[],"jetpack_sharing_enabled":true,"_links":{"self":[{"href":"https:\/\/olivera.org\/ca\/wp-json\/wp\/v2\/pages\/13455","targetHints":{"allow":["GET"]}}],"collection":[{"href":"https:\/\/olivera.org\/ca\/wp-json\/wp\/v2\/pages"}],"about":[{"href":"https:\/\/olivera.org\/ca\/wp-json\/wp\/v2\/types\/page"}],"author":[{"embeddable":true,"href":"https:\/\/olivera.org\/ca\/wp-json\/wp\/v2\/users\/12"}],"replies":[{"embeddable":true,"href":"https:\/\/olivera.org\/ca\/wp-json\/wp\/v2\/comments?post=13455"}],"version-history":[{"count":36,"href":"https:\/\/olivera.org\/ca\/wp-json\/wp\/v2\/pages\/13455\/revisions"}],"predecessor-version":[{"id":32359,"href":"https:\/\/olivera.org\/ca\/wp-json\/wp\/v2\/pages\/13455\/revisions\/32359"}],"up":[{"embeddable":true,"href":"https:\/\/olivera.org\/ca\/wp-json\/wp\/v2\/pages\/13442"}],"wp:attachment":[{"href":"https:\/\/olivera.org\/ca\/wp-json\/wp\/v2\/media?parent=13455"}],"curies":[{"name":"wp","href":"https:\/\/api.w.org\/{rel}","templated":true}]}}