{"id":1337,"date":"2020-11-24T12:52:35","date_gmt":"2020-11-24T12:52:35","guid":{"rendered":"https:\/\/olivera.org\/?post_type=product&#038;p=1337"},"modified":"2026-03-23T13:23:53","modified_gmt":"2026-03-23T13:23:53","slug":"arraona-blanc","status":"publish","type":"product","link":"https:\/\/olivera.org\/ca\/producte\/arraona-blanc\/","title":{"rendered":"Arraona blanc"},"content":{"rendered":"\t\t<div data-elementor-type=\"wp-post\" data-elementor-id=\"1337\" class=\"elementor elementor-1337\" data-elementor-post-type=\"product\">\n\t\t\t\t\t\t<section class=\"elementor-section elementor-top-section elementor-element elementor-element-355625e elementor-section-boxed elementor-section-height-default elementor-section-height-default\" data-id=\"355625e\" data-element_type=\"section\">\n\t\t\t\t\t\t<div class=\"elementor-container elementor-column-gap-default\">\n\t\t\t\t\t<div class=\"elementor-column elementor-col-100 elementor-top-column elementor-element elementor-element-dfc6ce8\" data-id=\"dfc6ce8\" data-element_type=\"column\">\n\t\t\t<div class=\"elementor-widget-wrap elementor-element-populated\">\n\t\t\t\t\t\t<div class=\"elementor-element elementor-element-9e8d04e elementor-widget elementor-widget-heading\" data-id=\"9e8d04e\" data-element_type=\"widget\" data-widget_type=\"heading.default\">\n\t\t\t\t<div class=\"elementor-widget-container\">\n\t\t\t\t\t<h2 class=\"elementor-heading-title elementor-size-default\">Arraona blanc 2023<\/h2>\t\t\t\t<\/div>\n\t\t\t\t<\/div>\n\t\t\t\t\t<\/div>\n\t\t<\/div>\n\t\t\t\t\t<\/div>\n\t\t<\/section>\n\t\t\t\t<section class=\"elementor-section elementor-top-section elementor-element elementor-element-74c278a elementor-section-boxed elementor-section-height-default elementor-section-height-default\" data-id=\"74c278a\" data-element_type=\"section\">\n\t\t\t\t\t\t<div class=\"elementor-container elementor-column-gap-default\">\n\t\t\t\t\t<div class=\"elementor-column elementor-col-100 elementor-top-column elementor-element elementor-element-b97666f\" data-id=\"b97666f\" data-element_type=\"column\">\n\t\t\t<div class=\"elementor-widget-wrap elementor-element-populated\">\n\t\t\t\t\t\t<div class=\"elementor-element elementor-element-a49966d elementor-widget elementor-widget-text-editor\" data-id=\"a49966d\" data-element_type=\"widget\" data-widget_type=\"text-editor.default\">\n\t\t\t\t<div class=\"elementor-widget-container\">\n\t\t\t\t\t\t\t\t\t<p class=\"label-sans-serif\">Caracter\u00edstiques de l\u2019anyada<\/p><p class=\"big-serif\">L\u2019anyada 2023 ha estat marcada per una pluviometria escassa, amb algunes precipitacions puntuals durant l\u2019hivern i una primavera seca. Durant l\u2019estiu, hi ha hagut una situaci\u00f3 de sequera persistent deguda a les elevades temperatures, les fortes onades de calor i una pluviometria acumulada inferior als 150 mil\u00b7l\u00edmetres. Tanmateix, les bones pr\u00e0ctiques en la gesti\u00f3 del s\u00f2l i les aportacions d\u2019aigua puntuals han contribu\u00eft a preservar la salut de les vinyes. En definitiva, la producci\u00f3 ha estat inferior a la mitjana, per\u00f2 equilibrada i de qualitat, ja que la forta sequera ha afavorit una sanitat excepcional del ra\u00efm.<\/p>\t\t\t\t\t\t\t\t<\/div>\n\t\t\t\t<\/div>\n\t\t\t\t\t<\/div>\n\t\t<\/div>\n\t\t\t\t\t<\/div>\n\t\t<\/section>\n\t\t\t\t<section class=\"elementor-section elementor-top-section elementor-element elementor-element-73d2fe0 elementor-section-big elementor-section-height-default elementor-section-height-default\" data-id=\"73d2fe0\" data-element_type=\"section\">\n\t\t\t\t\t\t<div class=\"elementor-container elementor-column-gap-default\">\n\t\t\t\t\t<div class=\"elementor-column elementor-col-50 elementor-top-column elementor-element elementor-element-5ca4d9f\" data-id=\"5ca4d9f\" data-element_type=\"column\">\n\t\t\t<div class=\"elementor-widget-wrap elementor-element-populated\">\n\t\t\t\t\t\t<div class=\"elementor-element elementor-element-698ce99 elementor-widget elementor-widget-video\" data-id=\"698ce99\" data-element_type=\"widget\" data-settings=\"{&quot;video_type&quot;:&quot;hosted&quot;,&quot;autoplay&quot;:&quot;yes&quot;,&quot;play_on_mobile&quot;:&quot;yes&quot;,&quot;loop&quot;:&quot;yes&quot;,&quot;mute&quot;:&quot;yes&quot;}\" data-widget_type=\"video.default\">\n\t\t\t\t<div class=\"elementor-widget-container\">\n\t\t\t\t\t\t\t<div class=\"e-hosted-video elementor-wrapper elementor-open-inline\">\n\t\t\t\t\t<video class=\"elementor-video\" src=\"https:\/\/olivera.org\/wp-content\/uploads\/2020\/11\/arraona-blanc-lolivera.mp4\" autoplay=\"\" loop=\"\" muted=\"muted\" playsinline=\"\" controlsList=\"nodownload\"><\/video>\n\t\t\t\t<\/div>\n\t\t\t\t\t\t<\/div>\n\t\t\t\t<\/div>\n\t\t\t\t\t<\/div>\n\t\t<\/div>\n\t\t\t\t<div class=\"elementor-column elementor-col-50 elementor-top-column elementor-element elementor-element-4157e8d\" data-id=\"4157e8d\" data-element_type=\"column\">\n\t\t\t<div class=\"elementor-widget-wrap elementor-element-populated\">\n\t\t\t\t\t\t<div class=\"elementor-element elementor-element-fff1d3c elementor-widget elementor-widget-image\" data-id=\"fff1d3c\" data-element_type=\"widget\" data-widget_type=\"image.default\">\n\t\t\t\t<div class=\"elementor-widget-container\">\n\t\t\t\t\t\t\t\t\t\t\t\t\t\t\t<img fetchpriority=\"high\" decoding=\"async\" width=\"1200\" height=\"1600\" src=\"https:\/\/olivera.org\/wp-content\/uploads\/2021\/01\/arraona-blanc-lolivera-01.jpg\" class=\"attachment-full size-full wp-image-1972\" alt=\"\" srcset=\"https:\/\/olivera.org\/wp-content\/uploads\/2021\/01\/arraona-blanc-lolivera-01.jpg 1200w, https:\/\/olivera.org\/wp-content\/uploads\/2021\/01\/arraona-blanc-lolivera-01-600x800.jpg 600w, https:\/\/olivera.org\/wp-content\/uploads\/2021\/01\/arraona-blanc-lolivera-01-225x300.jpg 225w, https:\/\/olivera.org\/wp-content\/uploads\/2021\/01\/arraona-blanc-lolivera-01-768x1024.jpg 768w, https:\/\/olivera.org\/wp-content\/uploads\/2021\/01\/arraona-blanc-lolivera-01-1152x1536.jpg 1152w\" sizes=\"(max-width: 1200px) 100vw, 1200px\" \/>\t\t\t\t\t\t\t\t\t\t\t\t\t\t\t<\/div>\n\t\t\t\t<\/div>\n\t\t\t\t\t<\/div>\n\t\t<\/div>\n\t\t\t\t\t<\/div>\n\t\t<\/section>\n\t\t\t\t<section class=\"elementor-section elementor-top-section elementor-element elementor-element-3f51ca6 elementor-section-boxed elementor-section-height-default elementor-section-height-default\" data-id=\"3f51ca6\" data-element_type=\"section\">\n\t\t\t\t\t\t<div class=\"elementor-container elementor-column-gap-default\">\n\t\t\t\t\t<div class=\"elementor-column elementor-col-100 elementor-top-column elementor-element elementor-element-716b6a6\" data-id=\"716b6a6\" data-element_type=\"column\">\n\t\t\t<div class=\"elementor-widget-wrap elementor-element-populated\">\n\t\t\t\t\t\t<div class=\"elementor-element elementor-element-bbf37fe elementor-widget elementor-widget-text-editor\" data-id=\"bbf37fe\" data-element_type=\"widget\" data-widget_type=\"text-editor.default\">\n\t\t\t\t<div class=\"elementor-widget-container\">\n\t\t\t\t\t\t\t\t\t<p class=\"label-sans-serif\">Viticultura i elaboraci\u00f3<\/p><p class=\"big-serif\">Viticultura ecol\u00f2gica certificada. Verema manual en caixes de 10 quilos i premsa amb el gra sencer i la rapa. Les varietats fermenten per separat en botes de roure franc\u00e8s, majorit\u00e0riament de segon i tercer any, per tal de respectar el car\u00e0cter varietal del ra\u00efm i aconseguir un equilibri \u00f2ptim en l\u2019aportaci\u00f3 de la fusta. La crian\u00e7a es fa sobre les lies amb battonage setmanal durant els 5 mesos que dura, amb l\u2019objectiu d\u2019augmentar el volum en boca i buscar una integraci\u00f3 m\u00e9s fina i elegant de la fusta al vi.<\/p>\t\t\t\t\t\t\t\t<\/div>\n\t\t\t\t<\/div>\n\t\t\t\t\t<\/div>\n\t\t<\/div>\n\t\t\t\t\t<\/div>\n\t\t<\/section>\n\t\t\t\t<section class=\"elementor-section elementor-top-section elementor-element elementor-element-a100916 elementor-section-boxed elementor-section-height-default elementor-section-height-default\" data-id=\"a100916\" data-element_type=\"section\">\n\t\t\t\t\t\t<div class=\"elementor-container elementor-column-gap-default\">\n\t\t\t\t\t<div class=\"elementor-column elementor-col-100 elementor-top-column elementor-element elementor-element-43326fa\" data-id=\"43326fa\" data-element_type=\"column\">\n\t\t\t<div class=\"elementor-widget-wrap elementor-element-populated\">\n\t\t\t\t\t\t<div class=\"elementor-element elementor-element-ba40f2b elementor-widget elementor-widget-text-editor\" data-id=\"ba40f2b\" data-element_type=\"widget\" data-widget_type=\"text-editor.default\">\n\t\t\t\t<div class=\"elementor-widget-container\">\n\t\t\t\t\t\t\t\t\t<p class=\"label-sans-serif\">Anal\u00edtica<\/p><p class=\"small-sans-serif\">Grau alcoh\u00f2lic: 13,3%<br \/>Acidesa total: 5,8 g\/l (\u00e0cid sulf\u00faric)<br \/>Acidesa vol\u00e0til: 0,27 g\/l<br \/>Sucre residual: 0,6 g\/l (glucosa+fructosa)<br \/>Sulfur\u00f3s total: 63 mg<\/p>\t\t\t\t\t\t\t\t<\/div>\n\t\t\t\t<\/div>\n\t\t\t\t\t<\/div>\n\t\t<\/div>\n\t\t\t\t\t<\/div>\n\t\t<\/section>\n\t\t\t\t<section class=\"elementor-section elementor-top-section elementor-element elementor-element-574b0aa elementor-section-boxed elementor-section-height-default elementor-section-height-default\" data-id=\"574b0aa\" data-element_type=\"section\">\n\t\t\t\t\t\t<div class=\"elementor-container elementor-column-gap-default\">\n\t\t\t\t\t<div class=\"elementor-column elementor-col-100 elementor-top-column elementor-element elementor-element-336f79d\" data-id=\"336f79d\" data-element_type=\"column\">\n\t\t\t<div class=\"elementor-widget-wrap elementor-element-populated\">\n\t\t\t\t\t\t<div class=\"elementor-element elementor-element-deaebaa elementor-widget elementor-widget-text-editor\" data-id=\"deaebaa\" data-element_type=\"widget\" data-widget_type=\"text-editor.default\">\n\t\t\t\t<div class=\"elementor-widget-container\">\n\t\t\t\t\t\t\t\t\t<p class=\"label-sans-serif\">Tast<\/p><p class=\"big-serif\">Aromes florals, notes de fruita blanca (pr\u00e9ssec) amb tocs de plantes arom\u00e0tiques com en fonoll i la vainilla. En boca \u00e9s un vi fresc, amb volum i amb un postgust llarg on apareixen les notes torrades de la fusta. Final llarg i lleugerament amarg. L\u2019Arraona \u00e9s un bon acompanyant dels arrossos i els llegums guisats. Bona harmonia tamb\u00e9 amb els plats de pasta i amb tota mena de peixos i carns blanques.<\/p>\t\t\t\t\t\t\t\t<\/div>\n\t\t\t\t<\/div>\n\t\t\t\t\t<\/div>\n\t\t<\/div>\n\t\t\t\t\t<\/div>\n\t\t<\/section>\n\t\t\t\t<section class=\"elementor-section elementor-top-section elementor-element elementor-element-9d8f3c6 elementor-section-boxed elementor-section-height-default elementor-section-height-default\" data-id=\"9d8f3c6\" data-element_type=\"section\">\n\t\t\t\t\t\t<div class=\"elementor-container elementor-column-gap-default\">\n\t\t\t\t\t<div class=\"elementor-column elementor-col-100 elementor-top-column elementor-element elementor-element-f183909\" data-id=\"f183909\" data-element_type=\"column\">\n\t\t\t<div class=\"elementor-widget-wrap elementor-element-populated\">\n\t\t\t\t\t\t<section class=\"elementor-section elementor-inner-section elementor-element elementor-element-4e6fe84 elementor-section-boxed elementor-section-height-default elementor-section-height-default\" data-id=\"4e6fe84\" data-element_type=\"section\">\n\t\t\t\t\t\t<div class=\"elementor-container elementor-column-gap-default\">\n\t\t\t\t\t<div class=\"elementor-column elementor-col-50 elementor-inner-column elementor-element elementor-element-8cab7a6\" data-id=\"8cab7a6\" data-element_type=\"column\">\n\t\t\t<div class=\"elementor-widget-wrap elementor-element-populated\">\n\t\t\t\t\t\t<div class=\"elementor-element elementor-element-dcd1361 elementor-widget elementor-widget-text-editor\" data-id=\"dcd1361\" data-element_type=\"widget\" data-widget_type=\"text-editor.default\">\n\t\t\t\t<div class=\"elementor-widget-container\">\n\t\t\t\t\t\t\t\t\t<p class=\"label-sans-serif\">Reconeixements<\/p>\n<p class=\"small-sans-serif\"><strong>International Wine Awards 2019:<br><\/strong>Medall d&#8217;or (anyada 2017)<\/p>\t\t\t\t\t\t\t\t<\/div>\n\t\t\t\t<\/div>\n\t\t\t\t\t<\/div>\n\t\t<\/div>\n\t\t\t\t<div class=\"elementor-column elementor-col-50 elementor-inner-column elementor-element elementor-element-5c086b3\" data-id=\"5c086b3\" data-element_type=\"column\">\n\t\t\t<div class=\"elementor-widget-wrap\">\n\t\t\t\t\t\t\t<\/div>\n\t\t<\/div>\n\t\t\t\t\t<\/div>\n\t\t<\/section>\n\t\t\t\t\t<\/div>\n\t\t<\/div>\n\t\t\t\t\t<\/div>\n\t\t<\/section>\n\t\t\t\t<\/div>\n\t\t","protected":false},"excerpt":{"rendered":"<p class=\"big-serif\">Arraona \u00e9s el nom que s&#8217;atribueix a l&#8217;antic poblat ib\u00e8ric de Sabadell. Aquest vi neix amb la voluntat de reivindicar el passat vitivin\u00edcola de la vila i recuperar-ne els valors agr\u00edcoles, culturals i paisatg\u00edstics. Amb aquest vi mantenim el treball manual a la vinya i l&#8217;aposta per una iniciativa d&#8217;agricultura social i periurbana a la vinya de Can Gamb\u00fas, al Parc Agrari de Sabadell, que L&#8217;Olivera gestiona amb l&#8217;equip de Can Calopa des del 2010.<\/p>\n<p><img decoding=\"async\" class=\"alignnone wp-image-1975 size-full\" src=\"https:\/\/olivera.org\/wp-content\/uploads\/2021\/01\/arraona-blanc-lolivera-02.jpg\" alt=\"\" width=\"1200\" height=\"1600\" srcset=\"https:\/\/olivera.org\/wp-content\/uploads\/2021\/01\/arraona-blanc-lolivera-02.jpg 1200w, https:\/\/olivera.org\/wp-content\/uploads\/2021\/01\/arraona-blanc-lolivera-02-600x800.jpg 600w, https:\/\/olivera.org\/wp-content\/uploads\/2021\/01\/arraona-blanc-lolivera-02-225x300.jpg 225w, https:\/\/olivera.org\/wp-content\/uploads\/2021\/01\/arraona-blanc-lolivera-02-768x1024.jpg 768w, https:\/\/olivera.org\/wp-content\/uploads\/2021\/01\/arraona-blanc-lolivera-02-1152x1536.jpg 1152w\" sizes=\"(max-width: 1200px) 100vw, 1200px\" \/><\/p>\n<p class=\"big-serif\">Aquest vi forma part dels microprojectes externs en els quals participa L&#8217;Olivera amb l&#8217;objectiu de teixir complicitats amb el territori m\u00e9s proper, compartir experi\u00e8ncies i coneixements i contribuir a l&#8217;impuls de l&#8217;activitat agr\u00e0ria en diferents territoris de l&#8217;\u00e0mbit rural i urb\u00e0. \u00c9s fruit de l&#8217;acord entre L&#8217;Olivera i l&#8217;Ajuntament de Sabadell per a la recuperaci\u00f3 del cultiu de la vinya al municipi.<\/p>\n<p class=\"label-sans-serif\">Paisatge<\/p>\n<p class=\"small-sans-serif\">ORIGEN: Vinyes de la finca de Can Gamb\u00fas, al Parc Agrari de Sabadell. El Parc Agrari \u00e9s un espai agroforestal protegit no urbanitzable, situat a l&#8217;oest del terme municipal, entre els barris de Castellarnau, Can Gamb\u00fas i Ca n&#8217;Oriac, amb un paisatge que combina boscos i torrents amb terres de conreu de sec\u00e0 i regadiu.<br \/>\nS\u00d2LS: S\u00f2ls de matriu argilocalc\u00e0ria amb pres\u00e8ncia de pedregositat variable, majorit\u00e0riament c\u00f2dols, i amb una bona capacitat de retenci\u00f3 d&#8217;aigua.<br \/>\nCLIMA: Clima d&#8217;influ\u00e8ncia mediterr\u00e0nia, amb hiverns suaus, estius calorosos, oscil\u00b7laci\u00f3 t\u00e8rmica moderada i precipitacions estacionals escasses i fortament irregulars. L&#8217;entrada de la marinada a la tarda modera les elevades temperatures de l&#8217;estiu.<\/p>\n<p class=\"label-sans-serif\">Varietats<\/p>\n<p class=\"small-sans-serif\">Xarel\u00b7lo (50%) i Chardonnay (50%)<\/p>\n<p class=\"label-sans-serif\">Viticultura<\/p>\n<p class=\"small-sans-serif\">Viticultura ecol\u00f2gica. Verema manual en caixes de 10-12 kg.<\/p>\n<p class=\"label-sans-serif\">Vinificaci\u00f3<\/p>\n<p class=\"small-sans-serif\">Fermentaci\u00f3 a temperatura controlada en botes de roure i crian\u00e7a sobre les lies amb<em> battonage<\/em> setmanal.<\/p>\n<p class=\"label-sans-serif\">Producci\u00f3<\/p>\n<p class=\"small-sans-serif\">Anyada 2023: 2.272 ampolles<\/p>\n","protected":false},"featured_media":31077,"comment_status":"open","ping_status":"closed","template":"","meta":{"_acf_changed":false},"product_brand":[],"product_cat":[44],"product_tag":[],"class_list":{"0":"post-1337","1":"product","2":"type-product","3":"status-publish","4":"has-post-thumbnail","6":"product_cat-wines-ca","7":"pa_characteristics-wines-urbans-ca","8":"pa_origin-can-calopa-ca","9":"pa_unity-single-ca","10":"pa_unity-box-ca","11":"pa_wine-type-blancs","13":"first","14":"instock","15":"shipping-taxable","16":"purchasable","17":"product-type-simple"},"acf":[],"jetpack_sharing_enabled":true,"_links":{"self":[{"href":"https:\/\/olivera.org\/ca\/wp-json\/wp\/v2\/product\/1337","targetHints":{"allow":["GET"]}}],"collection":[{"href":"https:\/\/olivera.org\/ca\/wp-json\/wp\/v2\/product"}],"about":[{"href":"https:\/\/olivera.org\/ca\/wp-json\/wp\/v2\/types\/product"}],"replies":[{"embeddable":true,"href":"https:\/\/olivera.org\/ca\/wp-json\/wp\/v2\/comments?post=1337"}],"version-history":[{"count":11,"href":"https:\/\/olivera.org\/ca\/wp-json\/wp\/v2\/product\/1337\/revisions"}],"predecessor-version":[{"id":31971,"href":"https:\/\/olivera.org\/ca\/wp-json\/wp\/v2\/product\/1337\/revisions\/31971"}],"wp:featuredmedia":[{"embeddable":true,"href":"https:\/\/olivera.org\/ca\/wp-json\/wp\/v2\/media\/31077"}],"wp:attachment":[{"href":"https:\/\/olivera.org\/ca\/wp-json\/wp\/v2\/media?parent=1337"}],"wp:term":[{"taxonomy":"product_brand","embeddable":true,"href":"https:\/\/olivera.org\/ca\/wp-json\/wp\/v2\/product_brand?post=1337"},{"taxonomy":"product_cat","embeddable":true,"href":"https:\/\/olivera.org\/ca\/wp-json\/wp\/v2\/product_cat?post=1337"},{"taxonomy":"product_tag","embeddable":true,"href":"https:\/\/olivera.org\/ca\/wp-json\/wp\/v2\/product_tag?post=1337"}],"curies":[{"name":"wp","href":"https:\/\/api.w.org\/{rel}","templated":true}]}}