{"id":1670,"date":"2020-12-04T11:01:12","date_gmt":"2020-12-04T11:01:12","guid":{"rendered":"https:\/\/olivera.org\/?post_type=product&#038;p=1670"},"modified":"2026-04-09T07:00:43","modified_gmt":"2026-04-09T07:00:43","slug":"natural-de-can-calopa","status":"publish","type":"product","link":"https:\/\/olivera.org\/ca\/producte\/natural-de-can-calopa\/","title":{"rendered":"Negre de Can Calopa"},"content":{"rendered":"\t\t<div data-elementor-type=\"wp-post\" data-elementor-id=\"1670\" class=\"elementor elementor-1670\" data-elementor-post-type=\"product\">\n\t\t\t\t\t\t<section class=\"elementor-section elementor-top-section elementor-element elementor-element-355625e elementor-section-boxed elementor-section-height-default elementor-section-height-default\" data-id=\"355625e\" data-element_type=\"section\">\n\t\t\t\t\t\t<div class=\"elementor-container elementor-column-gap-default\">\n\t\t\t\t\t<div class=\"elementor-column elementor-col-100 elementor-top-column elementor-element elementor-element-dfc6ce8\" data-id=\"dfc6ce8\" data-element_type=\"column\">\n\t\t\t<div class=\"elementor-widget-wrap elementor-element-populated\">\n\t\t\t\t\t\t<div class=\"elementor-element elementor-element-9e8d04e elementor-widget elementor-widget-heading\" data-id=\"9e8d04e\" data-element_type=\"widget\" data-widget_type=\"heading.default\">\n\t\t\t\t<div class=\"elementor-widget-container\">\n\t\t\t\t\t<h2 class=\"elementor-heading-title elementor-size-default\">Negre de Can Calopa 2024<\/h2>\t\t\t\t<\/div>\n\t\t\t\t<\/div>\n\t\t\t\t\t<\/div>\n\t\t<\/div>\n\t\t\t\t\t<\/div>\n\t\t<\/section>\n\t\t\t\t<section class=\"elementor-section elementor-top-section elementor-element elementor-element-74c278a elementor-section-boxed elementor-section-height-default elementor-section-height-default\" data-id=\"74c278a\" data-element_type=\"section\">\n\t\t\t\t\t\t<div class=\"elementor-container elementor-column-gap-default\">\n\t\t\t\t\t<div class=\"elementor-column elementor-col-100 elementor-top-column elementor-element elementor-element-b97666f\" data-id=\"b97666f\" data-element_type=\"column\">\n\t\t\t<div class=\"elementor-widget-wrap elementor-element-populated\">\n\t\t\t\t\t\t<div class=\"elementor-element elementor-element-a49966d elementor-widget elementor-widget-text-editor\" data-id=\"a49966d\" data-element_type=\"widget\" data-widget_type=\"text-editor.default\">\n\t\t\t\t<div class=\"elementor-widget-container\">\n\t\t\t\t\t\t\t\t\t<p class=\"label-sans-serif\">Caracter\u00edstiques de l\u2019anyada<\/p><p class=\"big-serif\">L\u2019anyada 2024 a la regi\u00f3 de Barcelona ha estat marcada per temperatures m\u00e9s c\u00e0lides que la mitjana, i una pluviometria que ha recuperat els valors habituals, fins i tot una mica per sobre. El retorn a la pluviometria habitual ha perm\u00e8s un creixement correcte de les plantes, sobretot les m\u00e9s joves, i ens ha obligat a estar molt atents a la sanitat del ra\u00efm per arribar a una bona maduraci\u00f3. Les bones pr\u00e0ctiques en la gesti\u00f3 del s\u00f2l, amb cobertes vegetals que permeten la infiltraci\u00f3 i equilibren el creixement de la vinya, han ajudat tamb\u00e9 a preservar-ne la salut. En general, la producci\u00f3 ha estat bona i anir\u00e0 creixent a mesura que el proc\u00e9s de reestructuraci\u00f3 de la finca es vagi\u00a0consolidant.<\/p>\t\t\t\t\t\t\t\t<\/div>\n\t\t\t\t<\/div>\n\t\t\t\t\t<\/div>\n\t\t<\/div>\n\t\t\t\t\t<\/div>\n\t\t<\/section>\n\t\t\t\t<section class=\"elementor-section elementor-top-section elementor-element elementor-element-73d2fe0 elementor-section-big elementor-section-height-default elementor-section-height-default\" data-id=\"73d2fe0\" data-element_type=\"section\">\n\t\t\t\t\t\t<div class=\"elementor-container elementor-column-gap-default\">\n\t\t\t\t\t<div class=\"elementor-column elementor-col-50 elementor-top-column elementor-element elementor-element-5ca4d9f\" data-id=\"5ca4d9f\" data-element_type=\"column\">\n\t\t\t<div class=\"elementor-widget-wrap elementor-element-populated\">\n\t\t\t\t\t\t<div class=\"elementor-element elementor-element-962acf1 elementor-widget elementor-widget-image\" data-id=\"962acf1\" data-element_type=\"widget\" data-widget_type=\"image.default\">\n\t\t\t\t<div class=\"elementor-widget-container\">\n\t\t\t\t\t\t\t\t\t\t\t\t\t\t\t<img fetchpriority=\"high\" decoding=\"async\" width=\"1200\" height=\"1200\" src=\"https:\/\/olivera.org\/wp-content\/uploads\/2021\/01\/negre-natural-can-calopa-lolivera-02.jpg\" class=\"attachment-full size-full wp-image-2038\" alt=\"\" srcset=\"https:\/\/olivera.org\/wp-content\/uploads\/2021\/01\/negre-natural-can-calopa-lolivera-02.jpg 1200w, https:\/\/olivera.org\/wp-content\/uploads\/2021\/01\/negre-natural-can-calopa-lolivera-02-600x600.jpg 600w, https:\/\/olivera.org\/wp-content\/uploads\/2021\/01\/negre-natural-can-calopa-lolivera-02-100x100.jpg 100w, https:\/\/olivera.org\/wp-content\/uploads\/2021\/01\/negre-natural-can-calopa-lolivera-02-300x300.jpg 300w, https:\/\/olivera.org\/wp-content\/uploads\/2021\/01\/negre-natural-can-calopa-lolivera-02-1024x1024.jpg 1024w, https:\/\/olivera.org\/wp-content\/uploads\/2021\/01\/negre-natural-can-calopa-lolivera-02-150x150.jpg 150w, https:\/\/olivera.org\/wp-content\/uploads\/2021\/01\/negre-natural-can-calopa-lolivera-02-768x768.jpg 768w\" sizes=\"(max-width: 1200px) 100vw, 1200px\" \/>\t\t\t\t\t\t\t\t\t\t\t\t\t\t\t<\/div>\n\t\t\t\t<\/div>\n\t\t\t\t\t<\/div>\n\t\t<\/div>\n\t\t\t\t<div class=\"elementor-column elementor-col-50 elementor-top-column elementor-element elementor-element-4157e8d\" data-id=\"4157e8d\" data-element_type=\"column\">\n\t\t\t<div class=\"elementor-widget-wrap elementor-element-populated\">\n\t\t\t\t\t\t<div class=\"elementor-element elementor-element-c154276 elementor-widget elementor-widget-video\" data-id=\"c154276\" data-element_type=\"widget\" data-settings=\"{&quot;video_type&quot;:&quot;hosted&quot;,&quot;autoplay&quot;:&quot;yes&quot;,&quot;play_on_mobile&quot;:&quot;yes&quot;,&quot;mute&quot;:&quot;yes&quot;,&quot;loop&quot;:&quot;yes&quot;}\" data-widget_type=\"video.default\">\n\t\t\t\t<div class=\"elementor-widget-container\">\n\t\t\t\t\t\t\t<div class=\"e-hosted-video elementor-wrapper elementor-open-inline\">\n\t\t\t\t\t<video class=\"elementor-video\" src=\"https:\/\/olivera.org\/wp-content\/uploads\/2020\/12\/negre-natural-can-calopa-lolivera.mp4\" autoplay=\"\" loop=\"\" muted=\"muted\" playsinline=\"\" controlsList=\"nodownload\"><\/video>\n\t\t\t\t<\/div>\n\t\t\t\t\t\t<\/div>\n\t\t\t\t<\/div>\n\t\t\t\t\t<\/div>\n\t\t<\/div>\n\t\t\t\t\t<\/div>\n\t\t<\/section>\n\t\t\t\t<section class=\"elementor-section elementor-top-section elementor-element elementor-element-3f51ca6 elementor-section-boxed elementor-section-height-default elementor-section-height-default\" data-id=\"3f51ca6\" data-element_type=\"section\">\n\t\t\t\t\t\t<div class=\"elementor-container elementor-column-gap-default\">\n\t\t\t\t\t<div class=\"elementor-column elementor-col-100 elementor-top-column elementor-element elementor-element-716b6a6\" data-id=\"716b6a6\" data-element_type=\"column\">\n\t\t\t<div class=\"elementor-widget-wrap elementor-element-populated\">\n\t\t\t\t\t\t<div class=\"elementor-element elementor-element-bbf37fe elementor-widget elementor-widget-text-editor\" data-id=\"bbf37fe\" data-element_type=\"widget\" data-widget_type=\"text-editor.default\">\n\t\t\t\t<div class=\"elementor-widget-container\">\n\t\t\t\t\t\t\t\t\t<p class=\"label-sans-serif\">Viticultura i elaboraci\u00f3<\/p><p class=\"big-serif\">Vi negre natural de m\u00ednima intervenci\u00f3. Ra\u00efm seleccionat manualment a la vinya. Elaboraci\u00f3 d\u2019un peu de cuba amb 40 kg de ra\u00efm trepitjat a peu a la vinya per activar els llevats aut\u00f2ctons. S\u2019incorpora a la resta del ra\u00efm a mitja fermentaci\u00f3, sense additius. Fermentaci\u00f3 amb <em>pigeage<\/em> diari i descobat al darrer ter\u00e7. S\u2019hi afegeixen 10 mg\/l de sulfur\u00f3s abans d\u2019embotellar.<\/p>\t\t\t\t\t\t\t\t<\/div>\n\t\t\t\t<\/div>\n\t\t\t\t\t<\/div>\n\t\t<\/div>\n\t\t\t\t\t<\/div>\n\t\t<\/section>\n\t\t\t\t<section class=\"elementor-section elementor-top-section elementor-element elementor-element-161deed elementor-section-boxed elementor-section-height-default elementor-section-height-default\" data-id=\"161deed\" data-element_type=\"section\">\n\t\t\t\t\t\t<div class=\"elementor-container elementor-column-gap-default\">\n\t\t\t\t\t<div class=\"elementor-column elementor-col-100 elementor-top-column elementor-element elementor-element-d231561\" data-id=\"d231561\" data-element_type=\"column\">\n\t\t\t<div class=\"elementor-widget-wrap elementor-element-populated\">\n\t\t\t\t\t\t<div class=\"elementor-element elementor-element-245340e elementor-widget elementor-widget-text-editor\" data-id=\"245340e\" data-element_type=\"widget\" data-widget_type=\"text-editor.default\">\n\t\t\t\t<div class=\"elementor-widget-container\">\n\t\t\t\t\t\t\t\t\t<p class=\"label-sans-serif\">Anal\u00edtica<\/p><p class=\"big-serif small-sans-serif\">Grau alcoh\u00f2lic: 12,31%<br \/>Acidesa total: 4,4 g\/l (\u00e0cid sulf\u00faric)<br \/>Acidesa vol\u00e0til: 0,19 g\/l<br \/>Sucre residual: 0,22 g\/l (gluosa + fructosa)<br \/>Sulfur\u00f3s total: 22 mg\/l<\/p>\t\t\t\t\t\t\t\t<\/div>\n\t\t\t\t<\/div>\n\t\t\t\t\t<\/div>\n\t\t<\/div>\n\t\t\t\t\t<\/div>\n\t\t<\/section>\n\t\t\t\t<section class=\"elementor-section elementor-top-section elementor-element elementor-element-574b0aa elementor-section-boxed elementor-section-height-default elementor-section-height-default\" data-id=\"574b0aa\" data-element_type=\"section\">\n\t\t\t\t\t\t<div class=\"elementor-container elementor-column-gap-default\">\n\t\t\t\t\t<div class=\"elementor-column elementor-col-100 elementor-top-column elementor-element elementor-element-336f79d\" data-id=\"336f79d\" data-element_type=\"column\">\n\t\t\t<div class=\"elementor-widget-wrap elementor-element-populated\">\n\t\t\t\t\t\t<div class=\"elementor-element elementor-element-deaebaa elementor-widget elementor-widget-text-editor\" data-id=\"deaebaa\" data-element_type=\"widget\" data-widget_type=\"text-editor.default\">\n\t\t\t\t<div class=\"elementor-widget-container\">\n\t\t\t\t\t\t\t\t\t<p class=\"label-sans-serif\">Tast<\/p><p class=\"big-serif\">Color vermell rob\u00ed intens amb tons blau p\u00farpura. En nas trobem fruita madura amb notes herb\u00e0cies sobre un fons d\u2019especiats, herbes arom\u00e0tiques. En boca \u00e9s un vi molt franc, lleuger i \u00e0gil, amb un tan\u00ed delicat. Bon equilibri entre la fruita, predominen les notes vegetals caracter\u00edstiques de la varietat Sangiovese. Ideal per prendre a copes: encetar l\u2019ampolla \u00e9s sin\u00f2nim d\u2019acabar-la.<\/p>\t\t\t\t\t\t\t\t<\/div>\n\t\t\t\t<\/div>\n\t\t\t\t\t<\/div>\n\t\t<\/div>\n\t\t\t\t\t<\/div>\n\t\t<\/section>\n\t\t\t\t<\/div>\n\t\t","protected":false},"excerpt":{"rendered":"<p class=\"big-serif\">El vi Negre Natural de Can Calopa neix a la masia de Can Calopa de Dalt, a la cara nord de la Serra de Collserola. All\u00e0, cultivem la vinya i elaborem el vi en un petit celler del segle XVI rehabilitat. Una proposta d&#8217;agricultura social que combina qualitat dels productes amb inclusi\u00f3 social i respecte al medi ambient.<\/p>\n<p><img decoding=\"async\" class=\"alignnone wp-image-2035 size-full\" src=\"https:\/\/olivera.org\/wp-content\/uploads\/2021\/01\/negre-natural-can-calopa-lolivera-01.jpg\" alt=\"\" width=\"1200\" height=\"1600\" srcset=\"https:\/\/olivera.org\/wp-content\/uploads\/2021\/01\/negre-natural-can-calopa-lolivera-01.jpg 1200w, https:\/\/olivera.org\/wp-content\/uploads\/2021\/01\/negre-natural-can-calopa-lolivera-01-600x800.jpg 600w, https:\/\/olivera.org\/wp-content\/uploads\/2021\/01\/negre-natural-can-calopa-lolivera-01-225x300.jpg 225w, https:\/\/olivera.org\/wp-content\/uploads\/2021\/01\/negre-natural-can-calopa-lolivera-01-768x1024.jpg 768w, https:\/\/olivera.org\/wp-content\/uploads\/2021\/01\/negre-natural-can-calopa-lolivera-01-1152x1536.jpg 1152w\" sizes=\"(max-width: 1200px) 100vw, 1200px\" \/><\/p>\n<p class=\"big-serif\">Vi negre natural, sense sulfits i amb llevats aut\u00f2ctons, que busca expressar el seu car\u00e0cter sense intervencions. Un vi que no es doma sin\u00f3 que es fa a s\u00ed mateix, un pas m\u00e9s cap a l&#8217;experimentaci\u00f3 per aconseguir vins que siguin un clar reflex del seu paisatge, de la seva varietat, del seu car\u00e0cter. Espontane\u00eftat i autenticitat a parts iguals per satisfer les noves demandes de consum que reclamen sostenibilitat i productes naturals.<\/p>\n<p class=\"label-sans-serif\">Paisatge<\/p>\n<p class=\"small-sans-serif\">ORIGEN: Vinyes de la finca de Can Calopa, ubicades al vessant nord-est de la serra de Collserola i dins el municipi de Barcelona, a 300 metres sobre el nivell del mar. Paisatge de mosaics agraris enmig de zones boscoses conquerides per pins, alzines i esp\u00e8cies arbustives mediterr\u00e0nies. La finca combina terrasses amb petites parcel\u00b7les planes.<br \/>\nS\u00d2LS: S\u00f2ls de textura franca, amb substractes de pissarres i lutites.<br \/>\nCLIMA: Clima d\u2019influ\u00e8ncia mediterr\u00e0nia, amb hiverns suaus, estius calorosos, oscil\u00b7laci\u00f3 t\u00e8rmica moderada i precipitacions estacionals escasses i fortament irregulars, que solen situar-se entre 500 i 600 mm anuals. La finca de Can Calopa t\u00e9 una orientaci\u00f3 nord-est que la converteix en una finca frescal on les maduracions s\u00f3n lentes i pausades. L\u2019entrada de la marinada a la tarda modera les elevades temperatures de l\u2019estiu.<\/p>\n<p class=\"label-sans-serif\">Varietats<\/p>\n<p class=\"small-sans-serif\">Sangiovese (50%), Ull de Llebre (50%)<\/p>\n<p class=\"label-sans-serif\">Viticultura<\/p>\n<p class=\"small-sans-serif\">Agricultura ecol\u00f2gica. Verema seleccionada i manual en caixes de 10-12 kg.<\/p>\n<p class=\"label-sans-serif\">Vinificaci\u00f3<\/p>\n<p class=\"small-sans-serif\">Fermentaci\u00f3 espont\u00e0nia sense addici\u00f3 de llevats seleccionats. Trepitjat a peu descal\u00e7 per a l&#8217;extracci\u00f3 del most restant. Sense clarificaci\u00f3 ni filtraci\u00f3.<\/p>\n<p class=\"label-sans-serif\">Producci\u00f3<\/p>\n<p class=\"small-sans-serif\">Anyada 2024: 2300 ampolles<\/p>\n","protected":false},"featured_media":31121,"comment_status":"open","ping_status":"closed","template":"","meta":{"_acf_changed":false},"product_brand":[],"product_cat":[44],"product_tag":[],"class_list":{"0":"post-1670","1":"product","2":"type-product","3":"status-publish","4":"has-post-thumbnail","6":"product_cat-wines-ca","7":"pa_characteristics-wines-experimentals-ca","8":"pa_characteristics-wines-urbans-ca","9":"pa_origin-can-calopa-ca","10":"pa_unity-single-ca","11":"pa_unity-box-ca","12":"pa_wine-type-negres","14":"first","15":"instock","16":"shipping-taxable","17":"purchasable","18":"product-type-simple"},"acf":[],"jetpack_sharing_enabled":true,"_links":{"self":[{"href":"https:\/\/olivera.org\/ca\/wp-json\/wp\/v2\/product\/1670","targetHints":{"allow":["GET"]}}],"collection":[{"href":"https:\/\/olivera.org\/ca\/wp-json\/wp\/v2\/product"}],"about":[{"href":"https:\/\/olivera.org\/ca\/wp-json\/wp\/v2\/types\/product"}],"replies":[{"embeddable":true,"href":"https:\/\/olivera.org\/ca\/wp-json\/wp\/v2\/comments?post=1670"}],"version-history":[{"count":10,"href":"https:\/\/olivera.org\/ca\/wp-json\/wp\/v2\/product\/1670\/revisions"}],"predecessor-version":[{"id":34390,"href":"https:\/\/olivera.org\/ca\/wp-json\/wp\/v2\/product\/1670\/revisions\/34390"}],"wp:featuredmedia":[{"embeddable":true,"href":"https:\/\/olivera.org\/ca\/wp-json\/wp\/v2\/media\/31121"}],"wp:attachment":[{"href":"https:\/\/olivera.org\/ca\/wp-json\/wp\/v2\/media?parent=1670"}],"wp:term":[{"taxonomy":"product_brand","embeddable":true,"href":"https:\/\/olivera.org\/ca\/wp-json\/wp\/v2\/product_brand?post=1670"},{"taxonomy":"product_cat","embeddable":true,"href":"https:\/\/olivera.org\/ca\/wp-json\/wp\/v2\/product_cat?post=1670"},{"taxonomy":"product_tag","embeddable":true,"href":"https:\/\/olivera.org\/ca\/wp-json\/wp\/v2\/product_tag?post=1670"}],"curies":[{"name":"wp","href":"https:\/\/api.w.org\/{rel}","templated":true}]}}