{"id":26527,"date":"2024-06-06T13:49:57","date_gmt":"2024-06-06T13:49:57","guid":{"rendered":"https:\/\/olivera.org\/?post_type=product&#038;p=26527"},"modified":"2025-04-23T11:55:36","modified_gmt":"2025-04-23T11:55:36","slug":"vi-dels-50-anys","status":"publish","type":"product","link":"https:\/\/olivera.org\/ca\/producte\/vi-dels-50-anys\/","title":{"rendered":"Vi dels 50 anys"},"content":{"rendered":"\t\t<div data-elementor-type=\"product-post\" data-elementor-id=\"26527\" class=\"elementor elementor-26527\" data-elementor-post-type=\"product\">\n\t\t\t\t\t\t<section class=\"elementor-section elementor-top-section elementor-element elementor-element-390f76d elementor-section-boxed elementor-section-height-default elementor-section-height-default\" data-id=\"390f76d\" data-element_type=\"section\">\n\t\t\t\t\t\t<div class=\"elementor-container elementor-column-gap-default\">\n\t\t\t\t\t<div class=\"elementor-column elementor-col-100 elementor-top-column elementor-element elementor-element-ca444af\" data-id=\"ca444af\" data-element_type=\"column\">\n\t\t\t<div class=\"elementor-widget-wrap elementor-element-populated\">\n\t\t\t\t\t\t<div class=\"elementor-element elementor-element-791e37c elementor-widget elementor-widget-video\" data-id=\"791e37c\" data-element_type=\"widget\" data-settings=\"{&quot;video_type&quot;:&quot;hosted&quot;,&quot;autoplay&quot;:&quot;yes&quot;,&quot;loop&quot;:&quot;yes&quot;,&quot;controls&quot;:&quot;yes&quot;}\" data-widget_type=\"video.default\">\n\t\t\t\t<div class=\"elementor-widget-container\">\n\t\t\t\t\t\t\t<div class=\"e-hosted-video elementor-wrapper elementor-open-inline\">\n\t\t\t\t\t<video class=\"elementor-video\" src=\"https:\/\/olivera.org\/wp-content\/uploads\/2024\/05\/el-vi-dels-50-3.mp4\" autoplay=\"\" loop=\"\" controls=\"\" controlsList=\"nodownload\"><\/video>\n\t\t\t\t<\/div>\n\t\t\t\t\t\t<\/div>\n\t\t\t\t<\/div>\n\t\t\t\t<div class=\"elementor-element elementor-element-1518be6 elementor-widget elementor-widget-heading\" data-id=\"1518be6\" data-element_type=\"widget\" data-widget_type=\"heading.default\">\n\t\t\t\t<div class=\"elementor-widget-container\">\n\t\t\t\t\t<h2 class=\"elementor-heading-title elementor-size-default\">Un macabeu de macabeus<\/h2>\t\t\t\t<\/div>\n\t\t\t\t<\/div>\n\t\t\t\t\t<\/div>\n\t\t<\/div>\n\t\t\t\t\t<\/div>\n\t\t<\/section>\n\t\t\t\t<section class=\"elementor-section elementor-top-section elementor-element elementor-element-cd9f1ce elementor-section-boxed elementor-section-height-default elementor-section-height-default\" data-id=\"cd9f1ce\" data-element_type=\"section\">\n\t\t\t\t\t\t<div class=\"elementor-container elementor-column-gap-default\">\n\t\t\t\t\t<div class=\"elementor-column elementor-col-100 elementor-top-column elementor-element elementor-element-5347d6c\" data-id=\"5347d6c\" data-element_type=\"column\">\n\t\t\t<div class=\"elementor-widget-wrap elementor-element-populated\">\n\t\t\t\t\t\t<div class=\"elementor-element elementor-element-c7fe7da elementor-widget elementor-widget-text-editor\" data-id=\"c7fe7da\" data-element_type=\"widget\" data-widget_type=\"text-editor.default\">\n\t\t\t\t<div class=\"elementor-widget-container\">\n\t\t\t\t\t\t\t\t\t<p class=\"big-serif\">El vi dels 50 anys vol ser un resum de com hem treballat el macabeu des dels inicis i fins a l&#8217;actualitat. Un rep\u00e0s enol\u00f2gic pel coneixement adquirit en l&#8217;elaboraci\u00f3 del Macabeu, des de l&#8217;elaboraci\u00f3 tradicional dels inicis de L&#8217;Olivera, passant per noves elaboracions, m\u00e9s actuals, amb les quals treballem en els darrers anys. Per aix\u00f2, el cupatge inclou una part (27%) de Macabeu fermentat en fusta, que evoca la tradici\u00f3 i els inicis; un 30% de Macabeu elaborat amb pells, a l&#8217;estil del vi brisat, un m\u00e8tode tradicional amb el qual tamb\u00e9 treballem en els darrers anys; un 40% de Macabeu madur i complex, que ha fet la crian\u00e7a amb nous materials amb els quals estem comen\u00e7ant a experimentar, com el ciment i, finalment, un 3% de Macabeu de diferents anyades (1993, 2000, 2009 i 2015), que hem recuperat despertant ampolles antigues del nostre celler.<\/p><p class=\"big-serif\">Una combinaci\u00f3 de macabeus que \u00e9s, tamb\u00e9, un joc de madureses i diferents moments de collita, combinant macabeus de m\u00e9s maduraci\u00f3 i perfil m\u00e9s complex amb macabeus joves i frescos.<\/p>\t\t\t\t\t\t\t\t<\/div>\n\t\t\t\t<\/div>\n\t\t\t\t\t<\/div>\n\t\t<\/div>\n\t\t\t\t\t<\/div>\n\t\t<\/section>\n\t\t\t\t<section class=\"elementor-section elementor-top-section elementor-element elementor-element-f399990 elementor-section-boxed elementor-section-height-default elementor-section-height-default\" data-id=\"f399990\" data-element_type=\"section\">\n\t\t\t\t\t\t<div class=\"elementor-container elementor-column-gap-default\">\n\t\t\t\t\t<div class=\"elementor-column elementor-col-100 elementor-top-column elementor-element elementor-element-38ee4e5\" data-id=\"38ee4e5\" data-element_type=\"column\">\n\t\t\t<div class=\"elementor-widget-wrap elementor-element-populated\">\n\t\t\t\t\t\t<div class=\"elementor-element elementor-element-dd2c902 elementor-widget elementor-widget-image\" data-id=\"dd2c902\" data-element_type=\"widget\" data-widget_type=\"image.default\">\n\t\t\t\t<div class=\"elementor-widget-container\">\n\t\t\t\t\t\t\t\t\t\t\t\t\t\t\t<img fetchpriority=\"high\" decoding=\"async\" width=\"800\" height=\"402\" src=\"https:\/\/olivera.org\/wp-content\/uploads\/2024\/06\/foto1-1024x514.jpg\" class=\"attachment-large size-large wp-image-26616\" alt=\"\" srcset=\"https:\/\/olivera.org\/wp-content\/uploads\/2024\/06\/foto1-1024x514.jpg 1024w, https:\/\/olivera.org\/wp-content\/uploads\/2024\/06\/foto1-300x150.jpg 300w, https:\/\/olivera.org\/wp-content\/uploads\/2024\/06\/foto1-768x385.jpg 768w, https:\/\/olivera.org\/wp-content\/uploads\/2024\/06\/foto1-1536x770.jpg 1536w, https:\/\/olivera.org\/wp-content\/uploads\/2024\/06\/foto1-2048x1027.jpg 2048w, https:\/\/olivera.org\/wp-content\/uploads\/2024\/06\/foto1-600x301.jpg 600w\" sizes=\"(max-width: 800px) 100vw, 800px\" \/>\t\t\t\t\t\t\t\t\t\t\t\t\t\t\t<\/div>\n\t\t\t\t<\/div>\n\t\t\t\t\t<\/div>\n\t\t<\/div>\n\t\t\t\t\t<\/div>\n\t\t<\/section>\n\t\t\t\t<section class=\"elementor-section elementor-top-section elementor-element elementor-element-4821160 elementor-section-boxed elementor-section-height-default elementor-section-height-default\" data-id=\"4821160\" data-element_type=\"section\">\n\t\t\t\t\t\t<div class=\"elementor-container elementor-column-gap-default\">\n\t\t\t\t\t<div class=\"elementor-column elementor-col-100 elementor-top-column elementor-element elementor-element-8918785\" data-id=\"8918785\" data-element_type=\"column\">\n\t\t\t<div class=\"elementor-widget-wrap elementor-element-populated\">\n\t\t\t\t\t\t<div class=\"elementor-element elementor-element-2d2a43d elementor-widget elementor-widget-heading\" data-id=\"2d2a43d\" data-element_type=\"widget\" data-widget_type=\"heading.default\">\n\t\t\t\t<div class=\"elementor-widget-container\">\n\t\t\t\t\t<h2 class=\"elementor-heading-title elementor-size-default\">La imatge: art i artesania<\/h2>\t\t\t\t<\/div>\n\t\t\t\t<\/div>\n\t\t\t\t\t<\/div>\n\t\t<\/div>\n\t\t\t\t\t<\/div>\n\t\t<\/section>\n\t\t\t\t<section class=\"elementor-section elementor-top-section elementor-element elementor-element-8e02a0f elementor-section-boxed elementor-section-height-default elementor-section-height-default\" data-id=\"8e02a0f\" data-element_type=\"section\">\n\t\t\t\t\t\t<div class=\"elementor-container elementor-column-gap-default\">\n\t\t\t\t\t<div class=\"elementor-column elementor-col-100 elementor-top-column elementor-element elementor-element-d544137\" data-id=\"d544137\" data-element_type=\"column\">\n\t\t\t<div class=\"elementor-widget-wrap elementor-element-populated\">\n\t\t\t\t\t\t<div class=\"elementor-element elementor-element-4938a0f elementor-widget elementor-widget-text-editor\" data-id=\"4938a0f\" data-element_type=\"widget\" data-widget_type=\"text-editor.default\">\n\t\t\t\t<div class=\"elementor-widget-container\">\n\t\t\t\t\t\t\t\t\t<p class=\"big-serif\">Experimentaci\u00f3 i tradici\u00f3. Una amalgama posada en un vi que \u00e9s una edici\u00f3 molt limitada, de nom\u00e9s 1000 ampolles i 50 Magnums. Una petita obra d&#8217;art, \u00fanica i delicada, que tamb\u00e9 s&#8217;acompanya d&#8217;una etiqueta especial, obra del dissenyador catal\u00e0 Claret Serrahima, col\u00b7laborador de L&#8217;Olivera des dels inicis. Juntament amb la seva filla, Ariadna Serrahima, han ideat una etiqueta que enlla\u00e7a, tamb\u00e9, el vi amb l&#8217;artesania, ja que est\u00e0 il\u00b7lustrada amb la tipografia &#8220;Tipo Super Veloz&#8221;, creada el 1942, i impresa en una Minerva Heidelberg d&#8217;aspes, una a una, ampolla a ampolla.<\/p>\t\t\t\t\t\t\t\t<\/div>\n\t\t\t\t<\/div>\n\t\t\t\t\t<\/div>\n\t\t<\/div>\n\t\t\t\t\t<\/div>\n\t\t<\/section>\n\t\t\t\t<section class=\"elementor-section elementor-top-section elementor-element elementor-element-23fc3e6 elementor-section-boxed elementor-section-height-default elementor-section-height-default\" data-id=\"23fc3e6\" data-element_type=\"section\">\n\t\t\t\t\t\t<div class=\"elementor-container elementor-column-gap-default\">\n\t\t\t\t\t<div class=\"elementor-column elementor-col-100 elementor-top-column elementor-element elementor-element-9c61455\" data-id=\"9c61455\" data-element_type=\"column\">\n\t\t\t<div class=\"elementor-widget-wrap elementor-element-populated\">\n\t\t\t\t\t\t<section class=\"elementor-section elementor-inner-section elementor-element elementor-element-8ff4c2c elementor-section-boxed elementor-section-height-default elementor-section-height-default\" data-id=\"8ff4c2c\" data-element_type=\"section\">\n\t\t\t\t\t\t<div class=\"elementor-container elementor-column-gap-default\">\n\t\t\t\t\t<div class=\"elementor-column elementor-col-50 elementor-inner-column elementor-element elementor-element-009e43f\" data-id=\"009e43f\" data-element_type=\"column\">\n\t\t\t<div class=\"elementor-widget-wrap elementor-element-populated\">\n\t\t\t\t\t\t<div class=\"elementor-element elementor-element-48c5faa elementor-widget elementor-widget-image\" data-id=\"48c5faa\" data-element_type=\"widget\" data-widget_type=\"image.default\">\n\t\t\t\t<div class=\"elementor-widget-container\">\n\t\t\t\t\t\t\t\t\t\t\t\t\t\t\t<img decoding=\"async\" width=\"683\" height=\"1024\" src=\"https:\/\/olivera.org\/wp-content\/uploads\/2024\/06\/50_detall_tipo_super-683x1024.jpg\" class=\"attachment-large size-large wp-image-26451\" alt=\"\" srcset=\"https:\/\/olivera.org\/wp-content\/uploads\/2024\/06\/50_detall_tipo_super-683x1024.jpg 683w, https:\/\/olivera.org\/wp-content\/uploads\/2024\/06\/50_detall_tipo_super-200x300.jpg 200w, https:\/\/olivera.org\/wp-content\/uploads\/2024\/06\/50_detall_tipo_super-768x1152.jpg 768w, https:\/\/olivera.org\/wp-content\/uploads\/2024\/06\/50_detall_tipo_super-1024x1536.jpg 1024w, https:\/\/olivera.org\/wp-content\/uploads\/2024\/06\/50_detall_tipo_super-1365x2048.jpg 1365w, https:\/\/olivera.org\/wp-content\/uploads\/2024\/06\/50_detall_tipo_super-600x900.jpg 600w, https:\/\/olivera.org\/wp-content\/uploads\/2024\/06\/50_detall_tipo_super-scaled.jpg 1707w\" sizes=\"(max-width: 683px) 100vw, 683px\" \/>\t\t\t\t\t\t\t\t\t\t\t\t\t\t\t<\/div>\n\t\t\t\t<\/div>\n\t\t\t\t\t<\/div>\n\t\t<\/div>\n\t\t\t\t<div class=\"elementor-column elementor-col-50 elementor-inner-column elementor-element elementor-element-49ad4d0\" data-id=\"49ad4d0\" data-element_type=\"column\">\n\t\t\t<div class=\"elementor-widget-wrap elementor-element-populated\">\n\t\t\t\t\t\t<div class=\"elementor-element elementor-element-8218741 elementor-widget elementor-widget-image\" data-id=\"8218741\" data-element_type=\"widget\" data-widget_type=\"image.default\">\n\t\t\t\t<div class=\"elementor-widget-container\">\n\t\t\t\t\t\t\t\t\t\t\t\t\t\t\t<img decoding=\"async\" width=\"768\" height=\"1024\" src=\"https:\/\/olivera.org\/wp-content\/uploads\/2024\/06\/WhatsApp-Image-2023-10-20-at-18.55.33-3.jpeg\" class=\"attachment-large size-large wp-image-26600\" alt=\"\" srcset=\"https:\/\/olivera.org\/wp-content\/uploads\/2024\/06\/WhatsApp-Image-2023-10-20-at-18.55.33-3.jpeg 768w, https:\/\/olivera.org\/wp-content\/uploads\/2024\/06\/WhatsApp-Image-2023-10-20-at-18.55.33-3-225x300.jpeg 225w, https:\/\/olivera.org\/wp-content\/uploads\/2024\/06\/WhatsApp-Image-2023-10-20-at-18.55.33-3-600x800.jpeg 600w\" sizes=\"(max-width: 768px) 100vw, 768px\" \/>\t\t\t\t\t\t\t\t\t\t\t\t\t\t\t<\/div>\n\t\t\t\t<\/div>\n\t\t\t\t\t<\/div>\n\t\t<\/div>\n\t\t\t\t\t<\/div>\n\t\t<\/section>\n\t\t\t\t\t<\/div>\n\t\t<\/div>\n\t\t\t\t\t<\/div>\n\t\t<\/section>\n\t\t\t\t<section class=\"elementor-section elementor-top-section elementor-element elementor-element-61c2636 elementor-section-boxed elementor-section-height-default elementor-section-height-default\" data-id=\"61c2636\" data-element_type=\"section\">\n\t\t\t\t\t\t<div class=\"elementor-container elementor-column-gap-default\">\n\t\t\t\t\t<div class=\"elementor-column elementor-col-100 elementor-top-column elementor-element elementor-element-0ae2c02\" data-id=\"0ae2c02\" data-element_type=\"column\">\n\t\t\t<div class=\"elementor-widget-wrap elementor-element-populated\">\n\t\t\t\t\t\t<div class=\"elementor-element elementor-element-95c97bd elementor-widget elementor-widget-image\" data-id=\"95c97bd\" data-element_type=\"widget\" data-widget_type=\"image.default\">\n\t\t\t\t<div class=\"elementor-widget-container\">\n\t\t\t\t\t\t\t\t\t\t\t\t\t\t\t<img loading=\"lazy\" decoding=\"async\" width=\"800\" height=\"534\" src=\"https:\/\/olivera.org\/wp-content\/uploads\/2024\/06\/50_ferran-1024x683.jpg\" class=\"attachment-large size-large wp-image-26463\" alt=\"\" srcset=\"https:\/\/olivera.org\/wp-content\/uploads\/2024\/06\/50_ferran-1024x683.jpg 1024w, https:\/\/olivera.org\/wp-content\/uploads\/2024\/06\/50_ferran-300x200.jpg 300w, https:\/\/olivera.org\/wp-content\/uploads\/2024\/06\/50_ferran-768x512.jpg 768w, https:\/\/olivera.org\/wp-content\/uploads\/2024\/06\/50_ferran-1536x1024.jpg 1536w, https:\/\/olivera.org\/wp-content\/uploads\/2024\/06\/50_ferran-2048x1365.jpg 2048w, https:\/\/olivera.org\/wp-content\/uploads\/2024\/06\/50_ferran-600x400.jpg 600w\" sizes=\"(max-width: 800px) 100vw, 800px\" \/>\t\t\t\t\t\t\t\t\t\t\t\t\t\t\t<\/div>\n\t\t\t\t<\/div>\n\t\t\t\t\t<\/div>\n\t\t<\/div>\n\t\t\t\t\t<\/div>\n\t\t<\/section>\n\t\t\t\t<section class=\"elementor-section elementor-top-section elementor-element elementor-element-77cd31b elementor-section-boxed elementor-section-height-default elementor-section-height-default\" data-id=\"77cd31b\" data-element_type=\"section\">\n\t\t\t\t\t\t<div class=\"elementor-container elementor-column-gap-default\">\n\t\t\t\t\t<div class=\"elementor-column elementor-col-100 elementor-top-column elementor-element elementor-element-c648232\" data-id=\"c648232\" data-element_type=\"column\">\n\t\t\t<div class=\"elementor-widget-wrap elementor-element-populated\">\n\t\t\t\t\t\t<div class=\"elementor-element elementor-element-a6d8b84 elementor-widget elementor-widget-text-editor\" data-id=\"a6d8b84\" data-element_type=\"widget\" data-widget_type=\"text-editor.default\">\n\t\t\t\t<div class=\"elementor-widget-container\">\n\t\t\t\t\t\t\t\t\t<p class=\"label-sans-serif\">Anal\u00edtica<\/p><p class=\"big-serif small-sans-serif\">Grau alcoh\u00f2lic: 12,5%<br \/>Acidesa vol\u00e0til: 0,37 g\/l<br \/>Sucre residual: 0,4 g\/l (glucosa+fructosa)<br \/>Sulfur\u00f3s total: 47 mg\/l<br \/>pH: 3,35<\/p>\t\t\t\t\t\t\t\t<\/div>\n\t\t\t\t<\/div>\n\t\t\t\t\t<\/div>\n\t\t<\/div>\n\t\t\t\t\t<\/div>\n\t\t<\/section>\n\t\t\t\t<\/div>\n\t\t","protected":false},"excerpt":{"rendered":"<p class=\"big-serif\">El 50\u00e8 aniversari de L&#8217;Olivera arriba acompanyat del seu vi commemoratiu. El vi dels 50 anys \u00e9s un monovarietal de Macabeu que resumeix el saber fer de L&#8217;Olivera en l&#8217;elaboraci\u00f3 de vins singulars amb aquesta varietat que, des dels inicis, ens ha donat identitat.<\/p>\n<p class=\"big-serif\">Un monovarietal de Macabeu que \u00e9s, en realitat, un cupatge de macabeus diferents, amb diferents elaboracions i maduracions i, tamb\u00e9, de diferents anyades, amb l&#8217;objectiu de recollir, en el vi, gotes d&#8217;hist\u00f2ria d&#8217;aquests 50 anys.<\/p>\n<p class=\"label-sans-serif\">Paisatge<\/p>\n<p class=\"small-sans-serif\">ORIGEN: Parcel\u00b7les de La Vinyeta i La Plana, a Vallbona de les Monges, a la subzona Valls del Riu Corb de la DO Costers del Segre. Paisatges de parcel\u00b7les caracteritzades pels marges de pedra seca, que delimiten les vinyes i conserven la fertilitat dels s\u00f2ls i l&#8217;efici\u00e8ncia de l&#8217;aigua.<br \/>\nS\u00d2LS: S\u00f2ls argilocalcaris amb nivells de pedregositat i profunditat variables.<br \/>\nCLIMA: El clima \u00e9s mediterrani continental, amb hiverns freds i secs i estius calorosos, dulcificats pel vent que, a les tardes, ve del mar (la marinada)\u00a0i refresca les nits, sobretot durant el per\u00edode de maduraci\u00f3. Les pluges, escasses, es concentren a la tardor i a la primavera (350-450mm anuals).<\/p>\n<p class=\"label-sans-serif\">Varietats<\/p>\n<p class=\"small-sans-serif\">Cupatge de Macabeus de diferents maduracions, diferents elaboracions i diferents anyades.<\/p>\n<p class=\"label-sans-serif\">Producci\u00f3<\/p>\n<p class=\"small-sans-serif\">1050 ampolles (1000 ampolles de 75cl i 50 ampolles Magnum)<\/p>\n","protected":false},"featured_media":31073,"comment_status":"open","ping_status":"closed","template":"","meta":{"_acf_changed":false},"product_brand":[],"product_cat":[44],"product_tag":[],"class_list":{"0":"post-26527","1":"product","2":"type-product","3":"status-publish","4":"has-post-thumbnail","6":"product_cat-wines-ca","7":"pa_characteristics-wines-singulars-ca","8":"pa_origin-vallbona-ca","9":"pa_unity-single-ca","10":"pa_unity-box-ca","11":"pa_wine-type-blancs","13":"first","14":"instock","15":"shipping-taxable","16":"purchasable","17":"product-type-variable"},"acf":[],"jetpack_sharing_enabled":false,"_links":{"self":[{"href":"https:\/\/olivera.org\/ca\/wp-json\/wp\/v2\/product\/26527","targetHints":{"allow":["GET"]}}],"collection":[{"href":"https:\/\/olivera.org\/ca\/wp-json\/wp\/v2\/product"}],"about":[{"href":"https:\/\/olivera.org\/ca\/wp-json\/wp\/v2\/types\/product"}],"replies":[{"embeddable":true,"href":"https:\/\/olivera.org\/ca\/wp-json\/wp\/v2\/comments?post=26527"}],"version-history":[{"count":1,"href":"https:\/\/olivera.org\/ca\/wp-json\/wp\/v2\/product\/26527\/revisions"}],"predecessor-version":[{"id":31076,"href":"https:\/\/olivera.org\/ca\/wp-json\/wp\/v2\/product\/26527\/revisions\/31076"}],"wp:featuredmedia":[{"embeddable":true,"href":"https:\/\/olivera.org\/ca\/wp-json\/wp\/v2\/media\/31073"}],"wp:attachment":[{"href":"https:\/\/olivera.org\/ca\/wp-json\/wp\/v2\/media?parent=26527"}],"wp:term":[{"taxonomy":"product_brand","embeddable":true,"href":"https:\/\/olivera.org\/ca\/wp-json\/wp\/v2\/product_brand?post=26527"},{"taxonomy":"product_cat","embeddable":true,"href":"https:\/\/olivera.org\/ca\/wp-json\/wp\/v2\/product_cat?post=26527"},{"taxonomy":"product_tag","embeddable":true,"href":"https:\/\/olivera.org\/ca\/wp-json\/wp\/v2\/product_tag?post=26527"}],"curies":[{"name":"wp","href":"https:\/\/api.w.org\/{rel}","templated":true}]}}