{"id":430,"date":"2020-10-22T17:51:54","date_gmt":"2020-10-22T17:51:54","guid":{"rendered":"https:\/\/olivera.org\/?post_type=product&#038;p=430"},"modified":"2026-04-19T15:41:24","modified_gmt":"2026-04-19T15:41:24","slug":"naltres","status":"publish","type":"product","link":"https:\/\/olivera.org\/ca\/producte\/naltres\/","title":{"rendered":"Naltres"},"content":{"rendered":"\t\t<div data-elementor-type=\"wp-post\" data-elementor-id=\"430\" class=\"elementor elementor-430\" data-elementor-post-type=\"product\">\n\t\t\t\t\t\t<section class=\"elementor-section elementor-top-section elementor-element elementor-element-355625e elementor-section-boxed elementor-section-height-default elementor-section-height-default\" data-id=\"355625e\" data-element_type=\"section\">\n\t\t\t\t\t\t<div class=\"elementor-container elementor-column-gap-default\">\n\t\t\t\t\t<div class=\"elementor-column elementor-col-100 elementor-top-column elementor-element elementor-element-dfc6ce8\" data-id=\"dfc6ce8\" data-element_type=\"column\">\n\t\t\t<div class=\"elementor-widget-wrap elementor-element-populated\">\n\t\t\t\t\t\t<div class=\"elementor-element elementor-element-9e8d04e elementor-widget elementor-widget-heading\" data-id=\"9e8d04e\" data-element_type=\"widget\" data-widget_type=\"heading.default\">\n\t\t\t\t<div class=\"elementor-widget-container\">\n\t\t\t\t\t<h2 class=\"elementor-heading-title elementor-size-default\">Naltres 2023<\/h2>\t\t\t\t<\/div>\n\t\t\t\t<\/div>\n\t\t\t\t\t<\/div>\n\t\t<\/div>\n\t\t\t\t\t<\/div>\n\t\t<\/section>\n\t\t\t\t<section class=\"elementor-section elementor-top-section elementor-element elementor-element-74c278a elementor-section-boxed elementor-section-height-default elementor-section-height-default\" data-id=\"74c278a\" data-element_type=\"section\">\n\t\t\t\t\t\t<div class=\"elementor-container elementor-column-gap-default\">\n\t\t\t\t\t<div class=\"elementor-column elementor-col-100 elementor-top-column elementor-element elementor-element-b97666f\" data-id=\"b97666f\" data-element_type=\"column\">\n\t\t\t<div class=\"elementor-widget-wrap elementor-element-populated\">\n\t\t\t\t\t\t<div class=\"elementor-element elementor-element-a49966d elementor-widget elementor-widget-text-editor\" data-id=\"a49966d\" data-element_type=\"widget\" data-widget_type=\"text-editor.default\">\n\t\t\t\t<div class=\"elementor-widget-container\">\n\t\t\t\t\t\t\t\t\t<p class=\"label-sans-serif\">Caracter\u00edstiques de l\u2019anyada<\/p><p class=\"big-serif\">L\u2019anyada 2023 va ser, com la 2022, molt complicada a nivell agron\u00f2mic, sobretot per la pluviometria molt escassa i diversos episodis excepcionals amb nombrosos dies amb temperatures m\u00e0ximes per sobre dels 35\u00baC. Tots aquests elements van provocar un desenvolupament limitat de les plantes i una reducci\u00f3 considerable de la producci\u00f3 (entre un 30 i un 80% inferior a la mitjana en les nostres condicions de viticultura de sec\u00e0). Aquests condicions extremes de calor i sequera ens van obligar a avan\u00e7ar molt la verema per a mantenir l&#8217;equilibri i la qualitat del ra\u00efm. Vam inicar-la molt aviat, el 18 d&#8217;agost, i vam acabar-la el 4 d&#8217;octubre. Les condicions de sequera i baixa humitat van permetre, almenys, obtenir un ra\u00efm en condicions sanit\u00e0ries ideals i sense cap afectaci\u00f3 f\u00fangica o malaltia.<\/p>\t\t\t\t\t\t\t\t<\/div>\n\t\t\t\t<\/div>\n\t\t\t\t\t<\/div>\n\t\t<\/div>\n\t\t\t\t\t<\/div>\n\t\t<\/section>\n\t\t\t\t<section class=\"elementor-section elementor-top-section elementor-element elementor-element-73d2fe0 elementor-section-big elementor-section-height-default elementor-section-height-default\" data-id=\"73d2fe0\" data-element_type=\"section\">\n\t\t\t\t\t\t<div class=\"elementor-container elementor-column-gap-default\">\n\t\t\t\t\t<div class=\"elementor-column elementor-col-50 elementor-top-column elementor-element elementor-element-5ca4d9f\" data-id=\"5ca4d9f\" data-element_type=\"column\">\n\t\t\t<div class=\"elementor-widget-wrap elementor-element-populated\">\n\t\t\t\t\t\t<div class=\"elementor-element elementor-element-962acf1 elementor-widget elementor-widget-image\" data-id=\"962acf1\" data-element_type=\"widget\" data-widget_type=\"image.default\">\n\t\t\t\t<div class=\"elementor-widget-container\">\n\t\t\t\t\t\t\t\t\t\t\t\t\t\t\t<img fetchpriority=\"high\" decoding=\"async\" width=\"1200\" height=\"1600\" src=\"https:\/\/olivera.org\/wp-content\/uploads\/2021\/01\/naltres-lolivera-01.jpg\" class=\"attachment-full size-full wp-image-2029\" alt=\"\" srcset=\"https:\/\/olivera.org\/wp-content\/uploads\/2021\/01\/naltres-lolivera-01.jpg 1200w, https:\/\/olivera.org\/wp-content\/uploads\/2021\/01\/naltres-lolivera-01-600x800.jpg 600w, https:\/\/olivera.org\/wp-content\/uploads\/2021\/01\/naltres-lolivera-01-225x300.jpg 225w, https:\/\/olivera.org\/wp-content\/uploads\/2021\/01\/naltres-lolivera-01-768x1024.jpg 768w, https:\/\/olivera.org\/wp-content\/uploads\/2021\/01\/naltres-lolivera-01-1152x1536.jpg 1152w\" sizes=\"(max-width: 1200px) 100vw, 1200px\" \/>\t\t\t\t\t\t\t\t\t\t\t\t\t\t\t<\/div>\n\t\t\t\t<\/div>\n\t\t\t\t\t<\/div>\n\t\t<\/div>\n\t\t\t\t<div class=\"elementor-column elementor-col-50 elementor-top-column elementor-element elementor-element-4157e8d\" data-id=\"4157e8d\" data-element_type=\"column\">\n\t\t\t<div class=\"elementor-widget-wrap elementor-element-populated\">\n\t\t\t\t\t\t<div class=\"elementor-element elementor-element-123db66 elementor-widget elementor-widget-video\" data-id=\"123db66\" data-element_type=\"widget\" data-settings=\"{&quot;video_type&quot;:&quot;hosted&quot;,&quot;autoplay&quot;:&quot;yes&quot;,&quot;play_on_mobile&quot;:&quot;yes&quot;,&quot;mute&quot;:&quot;yes&quot;,&quot;loop&quot;:&quot;yes&quot;}\" data-widget_type=\"video.default\">\n\t\t\t\t<div class=\"elementor-widget-container\">\n\t\t\t\t\t\t\t<div class=\"e-hosted-video elementor-wrapper elementor-open-inline\">\n\t\t\t\t\t<video class=\"elementor-video\" src=\"https:\/\/olivera.org\/wp-content\/uploads\/2020\/10\/naltres-lolivera.mp4\" autoplay=\"\" loop=\"\" muted=\"muted\" playsinline=\"\" controlsList=\"nodownload\"><\/video>\n\t\t\t\t<\/div>\n\t\t\t\t\t\t<\/div>\n\t\t\t\t<\/div>\n\t\t\t\t\t<\/div>\n\t\t<\/div>\n\t\t\t\t\t<\/div>\n\t\t<\/section>\n\t\t\t\t<section class=\"elementor-section elementor-top-section elementor-element elementor-element-3f51ca6 elementor-section-boxed elementor-section-height-default elementor-section-height-default\" data-id=\"3f51ca6\" data-element_type=\"section\">\n\t\t\t\t\t\t<div class=\"elementor-container elementor-column-gap-default\">\n\t\t\t\t\t<div class=\"elementor-column elementor-col-100 elementor-top-column elementor-element elementor-element-716b6a6\" data-id=\"716b6a6\" data-element_type=\"column\">\n\t\t\t<div class=\"elementor-widget-wrap elementor-element-populated\">\n\t\t\t\t\t\t<div class=\"elementor-element elementor-element-bbf37fe elementor-widget elementor-widget-text-editor\" data-id=\"bbf37fe\" data-element_type=\"widget\" data-widget_type=\"text-editor.default\">\n\t\t\t\t<div class=\"elementor-widget-container\">\n\t\t\t\t\t\t\t\t\t<p class=\"label-sans-serif\">Viticultura i elaboraci\u00f3<\/p><p class=\"big-serif\">Viticultura de sec\u00e0 ecol\u00f2gica certificada. Verema manual i en petites caixes de 10-12 quilos. Posteriorment, el ra\u00efm fermenta en gra sencer en dip\u00f2sits de <em>pigeage<\/em> amb enfonsament peri\u00f2dic del barret i a una temperatura controlada de 25-28\u00baC. La crian\u00e7a es fa en dip\u00f2sits de ciment, durant 4 mesos, i el vi fa, despr\u00e9s, un rep\u00f2s en ampolla.<\/p>\t\t\t\t\t\t\t\t<\/div>\n\t\t\t\t<\/div>\n\t\t\t\t\t<\/div>\n\t\t<\/div>\n\t\t\t\t\t<\/div>\n\t\t<\/section>\n\t\t\t\t<section class=\"elementor-section elementor-top-section elementor-element elementor-element-161deed elementor-section-boxed elementor-section-height-default elementor-section-height-default\" data-id=\"161deed\" data-element_type=\"section\">\n\t\t\t\t\t\t<div class=\"elementor-container elementor-column-gap-default\">\n\t\t\t\t\t<div class=\"elementor-column elementor-col-100 elementor-top-column elementor-element elementor-element-d231561\" data-id=\"d231561\" data-element_type=\"column\">\n\t\t\t<div class=\"elementor-widget-wrap elementor-element-populated\">\n\t\t\t\t\t\t<div class=\"elementor-element elementor-element-245340e elementor-widget elementor-widget-text-editor\" data-id=\"245340e\" data-element_type=\"widget\" data-widget_type=\"text-editor.default\">\n\t\t\t\t<div class=\"elementor-widget-container\">\n\t\t\t\t\t\t\t\t\t<p class=\"label-sans-serif\">Anal\u00edtica<\/p><p class=\"big-serif small-sans-serif\">Grau alcoh\u00f2lic: 14,5%<br \/>Acidesa total: 3,19 g\/l (\u00e0cid sulf\u00faric)<br \/>Acidesa vol\u00e0til: 0,51 g\/l<br \/>Sucre residual: 0,4 g\/l (glucosa+fructosa)<br \/>Sulfur\u00f3s total: &lt;10 mg\/l<\/p>\t\t\t\t\t\t\t\t<\/div>\n\t\t\t\t<\/div>\n\t\t\t\t\t<\/div>\n\t\t<\/div>\n\t\t\t\t\t<\/div>\n\t\t<\/section>\n\t\t\t\t<section class=\"elementor-section elementor-top-section elementor-element elementor-element-574b0aa elementor-section-boxed elementor-section-height-default elementor-section-height-default\" data-id=\"574b0aa\" data-element_type=\"section\">\n\t\t\t\t\t\t<div class=\"elementor-container elementor-column-gap-default\">\n\t\t\t\t\t<div class=\"elementor-column elementor-col-100 elementor-top-column elementor-element elementor-element-336f79d\" data-id=\"336f79d\" data-element_type=\"column\">\n\t\t\t<div class=\"elementor-widget-wrap elementor-element-populated\">\n\t\t\t\t\t\t<div class=\"elementor-element elementor-element-deaebaa elementor-widget elementor-widget-text-editor\" data-id=\"deaebaa\" data-element_type=\"widget\" data-widget_type=\"text-editor.default\">\n\t\t\t\t<div class=\"elementor-widget-container\">\n\t\t\t\t\t\t\t\t\t<p class=\"label-sans-serif\">Tast<\/p>\n<p class=\"big-serif\">Nas intens, amb notes de ra\u00efm madur, aromes de pruna i regal\u00e8ssia i un toc c\u00e0lid. En boca \u00e9s gol\u00f3s i rod\u00f3, amb un bon volum i una pres\u00e8ncia marcada del toc llaminer de la Garnatxa. Records de tabac i pansa amb notes minerals. Bona harmonia amb tot tipus de carns de ca\u00e7a. Excel\u00b7lent acompanyant dels plats a base d&#8217;\u00e0nec o uns tradicionals canelons de carn.<\/p>\t\t\t\t\t\t\t\t<\/div>\n\t\t\t\t<\/div>\n\t\t\t\t\t<\/div>\n\t\t<\/div>\n\t\t\t\t\t<\/div>\n\t\t<\/section>\n\t\t\t\t<section class=\"elementor-section elementor-top-section elementor-element elementor-element-af958d4 elementor-section-boxed elementor-section-height-default elementor-section-height-default\" data-id=\"af958d4\" data-element_type=\"section\">\n\t\t\t\t\t\t<div class=\"elementor-container elementor-column-gap-default\">\n\t\t\t\t\t<div class=\"elementor-column elementor-col-100 elementor-top-column elementor-element elementor-element-43a86f6\" data-id=\"43a86f6\" data-element_type=\"column\">\n\t\t\t<div class=\"elementor-widget-wrap elementor-element-populated\">\n\t\t\t\t\t\t<section class=\"elementor-section elementor-inner-section elementor-element elementor-element-5dd25f6 elementor-section-boxed elementor-section-height-default elementor-section-height-default\" data-id=\"5dd25f6\" data-element_type=\"section\">\n\t\t\t\t\t\t<div class=\"elementor-container elementor-column-gap-default\">\n\t\t\t\t\t<div class=\"elementor-column elementor-col-50 elementor-inner-column elementor-element elementor-element-70a506d\" data-id=\"70a506d\" data-element_type=\"column\">\n\t\t\t<div class=\"elementor-widget-wrap elementor-element-populated\">\n\t\t\t\t\t\t<div class=\"elementor-element elementor-element-dad08a0 elementor-widget elementor-widget-text-editor\" data-id=\"dad08a0\" data-element_type=\"widget\" data-widget_type=\"text-editor.default\">\n\t\t\t\t<div class=\"elementor-widget-container\">\n\t\t\t\t\t\t\t\t\t<p class=\"label-sans-serif\">Reconeixements<\/p><p class=\"small-sans-serif\"><strong>Guia Pe\u00f1\u00edn:<\/strong><br \/>2022: 89 punts (anyada 2018)<br \/>2021: 88 punts (anyada 2017)<br \/>2020: 89 punts (anyada 2017)<br \/>2019: 89 punts (anyada 2015)<\/p><p class=\"small-sans-serif\"><strong>Guia de Vins de Catalunya:<\/strong><br \/>2021: 9,40 punts (anyada 2017)<br \/>2020: 9,40 punts (anyada 2017)<br \/>2019: 9,2 punts (anyada 2016)<br \/>2018: 9,04 punts (anyada 2015)<\/p>\t\t\t\t\t\t\t\t<\/div>\n\t\t\t\t<\/div>\n\t\t\t\t\t<\/div>\n\t\t<\/div>\n\t\t\t\t<div class=\"elementor-column elementor-col-50 elementor-inner-column elementor-element elementor-element-ae35db0\" data-id=\"ae35db0\" data-element_type=\"column\">\n\t\t\t<div class=\"elementor-widget-wrap elementor-element-populated\">\n\t\t\t\t\t\t<div class=\"elementor-element elementor-element-8aec7a2 elementor-widget elementor-widget-text-editor\" data-id=\"8aec7a2\" data-element_type=\"widget\" data-widget_type=\"text-editor.default\">\n\t\t\t\t<div class=\"elementor-widget-container\">\n\t\t\t\t\t\t\t\t\t<p class=\"small-sans-serif\"><strong><br \/>Grenaches du Monde 2021:<br \/><\/strong>Medalla d&#8217;or (anyada 2018)<\/p><p class=\"small-sans-serif\"><strong>Concours Mondial de Bruxelles 2020:<\/strong><br \/>Medalla de plata (anyada 2017)<\/p><p class=\"small-sans-serif\"><strong>Ecoracimo 2020:<\/strong><br \/>Medalla Gran or (anyada 2017)<\/p><p class=\"small-sans-serif\"><strong>International Wine Awards 2019:<\/strong><br \/>Medalla de plata (anyada 2016)<\/p><p class=\"small-sans-serif\"><strong>Golden Leaf Awards:<\/strong><br \/>2019: Medalla d&#8217;or (anyada 2016)<br \/>2017: Medalla de bronze (anyada 2015)<\/p><p class=\"small-sans-serif\"><strong>Catavinum 2017:<br \/><\/strong>Medalla de plata (anyada 2015)<\/p>\t\t\t\t\t\t\t\t<\/div>\n\t\t\t\t<\/div>\n\t\t\t\t\t<\/div>\n\t\t<\/div>\n\t\t\t\t\t<\/div>\n\t\t<\/section>\n\t\t\t\t\t<\/div>\n\t\t<\/div>\n\t\t\t\t\t<\/div>\n\t\t<\/section>\n\t\t\t\t<\/div>\n\t\t","protected":false},"excerpt":{"rendered":"<p class=\"big-serif\">Naltres \u00e9s com ens referim a la primera persona del plural a les Terres de Ponent. Aquest vi \u00e9s una expressi\u00f3 del projecte col\u00b7lectiu fet a moltes mans que hi ha darrere dels nostres vins. Un homenatge a les persones que el fan possible: s\u00f3n els noms (tots el noms!) que s\u2019amaguen darrere l\u2019etiqueta del vi.<\/p>\n<h2><img decoding=\"async\" class=\"alignnone wp-image-2032 size-full\" src=\"https:\/\/olivera.org\/wp-content\/uploads\/2021\/01\/naltres-lolivera-02.jpg\" alt=\"\" width=\"1200\" height=\"1600\" srcset=\"https:\/\/olivera.org\/wp-content\/uploads\/2021\/01\/naltres-lolivera-02.jpg 1200w, https:\/\/olivera.org\/wp-content\/uploads\/2021\/01\/naltres-lolivera-02-600x800.jpg 600w, https:\/\/olivera.org\/wp-content\/uploads\/2021\/01\/naltres-lolivera-02-225x300.jpg 225w, https:\/\/olivera.org\/wp-content\/uploads\/2021\/01\/naltres-lolivera-02-768x1024.jpg 768w, https:\/\/olivera.org\/wp-content\/uploads\/2021\/01\/naltres-lolivera-02-1152x1536.jpg 1152w\" sizes=\"(max-width: 1200px) 100vw, 1200px\" \/><\/h2>\n<p class=\"big-serif\">Naltres simbolitza tamb\u00e9 l\u2019aprenentatge col\u00b7lectiu que des de L\u2019Olivera hem fet al llarg de la nostra hist\u00f2ria buscant productes fidels a la terra d\u2019on provenen i a les persones que la interpreten. De les finques de Vallbona de les Monges en surt aquest vi, el primer negre de L\u2019Olivera amb DO Costers del Segre. Una aposta per varietats hist\u00f2riques com la Garnatxa i la Carinyena (Sams\u00f3), buscant una major extracci\u00f3 que ens d\u00f3na com a resultat un vi amb volum, amb un registre fruitat i especiat i rod\u00f3 en boca. Un vi madur, lligat a la terra d\u2019on neix.<\/p>\n<p class=\"label-sans-serif\">Paisatge<\/p>\n<p class=\"small-sans-serif\">ORIGEN: Vinyes de la partida del Bosc de la Vila, a la subzona Valls del Riu Corb de la DO Costers del Segre. Paisatges de parcel\u00b7les caracteritzades pels marges de pedra seca, que delimiten les vinyes i conserven la fertilitat dels s\u00f2ls i l\u2019efici\u00e8ncia de l\u2019aigua.<br \/>\nS\u00d2LS: S\u00f2ls argilocalcaris amb nivells de pedregositat i profunditat variables.<br \/>\nCLIMA: El clima \u00e9s mediterrani continental, amb hiverns freds i secs i estius calorosos, dulcificats pel vent que, a les tardes, ve del mar (la marinada) i refresca les nits, sobretot durant el per\u00edode de maduraci\u00f3. Les pluges, escasses, es concentren a la tardor i a la primavera (350-450mm anuals).<\/p>\n<p class=\"label-sans-serif\">Varietats<\/p>\n<p class=\"small-sans-serif\">Garnatxa (76%), Cabernet Sauvignon (14%) i Sams\u00f3 (10%)<\/p>\n<p class=\"label-sans-serif\">Viticultura<\/p>\n<p class=\"small-sans-serif\">Agricultura ecol\u00f2gica. Verema manual en caixes de 10-12 kg.<\/p>\n<p class=\"label-sans-serif\">Vinificaci\u00f3<\/p>\n<p class=\"small-sans-serif\">Fermentaci\u00f3 en gra sencer en dip\u00f2sits de <em>pigeage<\/em> amb enfonsament peri\u00f2dic del barret. Crian\u00e7a en dip\u00f2sit de ciment i rep\u00f2s en ampolla.<\/p>\n<p class=\"label-sans-serif\">Producci\u00f3<\/p>\n<p class=\"small-sans-serif\">Anyada 2023: 13.089 ampolles<\/p>\n","protected":false},"featured_media":193,"comment_status":"open","ping_status":"closed","template":"","meta":{"_acf_changed":false},"product_brand":[],"product_cat":[44],"product_tag":[],"class_list":{"0":"post-430","1":"product","2":"type-product","3":"status-publish","4":"has-post-thumbnail","6":"product_cat-wines-ca","7":"pa_characteristics-wines-singulars-ca","8":"pa_origin-vallbona-ca","9":"pa_unity-single-ca","10":"pa_unity-box-ca","11":"pa_wine-type-negres","13":"first","14":"instock","15":"sale","16":"shipping-taxable","17":"purchasable","18":"product-type-simple"},"acf":[],"jetpack_sharing_enabled":true,"_links":{"self":[{"href":"https:\/\/olivera.org\/ca\/wp-json\/wp\/v2\/product\/430","targetHints":{"allow":["GET"]}}],"collection":[{"href":"https:\/\/olivera.org\/ca\/wp-json\/wp\/v2\/product"}],"about":[{"href":"https:\/\/olivera.org\/ca\/wp-json\/wp\/v2\/types\/product"}],"replies":[{"embeddable":true,"href":"https:\/\/olivera.org\/ca\/wp-json\/wp\/v2\/comments?post=430"}],"version-history":[{"count":1,"href":"https:\/\/olivera.org\/ca\/wp-json\/wp\/v2\/product\/430\/revisions"}],"predecessor-version":[{"id":31133,"href":"https:\/\/olivera.org\/ca\/wp-json\/wp\/v2\/product\/430\/revisions\/31133"}],"wp:featuredmedia":[{"embeddable":true,"href":"https:\/\/olivera.org\/ca\/wp-json\/wp\/v2\/media\/193"}],"wp:attachment":[{"href":"https:\/\/olivera.org\/ca\/wp-json\/wp\/v2\/media?parent=430"}],"wp:term":[{"taxonomy":"product_brand","embeddable":true,"href":"https:\/\/olivera.org\/ca\/wp-json\/wp\/v2\/product_brand?post=430"},{"taxonomy":"product_cat","embeddable":true,"href":"https:\/\/olivera.org\/ca\/wp-json\/wp\/v2\/product_cat?post=430"},{"taxonomy":"product_tag","embeddable":true,"href":"https:\/\/olivera.org\/ca\/wp-json\/wp\/v2\/product_tag?post=430"}],"curies":[{"name":"wp","href":"https:\/\/api.w.org\/{rel}","templated":true}]}}