{"id":459,"date":"2020-10-22T18:33:09","date_gmt":"2020-10-22T18:33:09","guid":{"rendered":"https:\/\/olivera.org\/?post_type=product&#038;p=459"},"modified":"2026-05-01T13:54:39","modified_gmt":"2026-05-01T13:54:39","slug":"tossudes","status":"publish","type":"product","link":"https:\/\/olivera.org\/ca\/producte\/tossudes\/","title":{"rendered":"Tossudes"},"content":{"rendered":"\t\t<div data-elementor-type=\"wp-post\" data-elementor-id=\"459\" class=\"elementor elementor-459\" data-elementor-post-type=\"product\">\n\t\t\t\t\t\t<section class=\"elementor-section elementor-top-section elementor-element elementor-element-24bec9dd elementor-section-boxed elementor-section-height-default elementor-section-height-default\" data-id=\"24bec9dd\" data-element_type=\"section\">\n\t\t\t\t\t\t<div class=\"elementor-container elementor-column-gap-default\">\n\t\t\t\t\t<div class=\"elementor-column elementor-col-100 elementor-top-column elementor-element elementor-element-4fa321e6\" data-id=\"4fa321e6\" data-element_type=\"column\">\n\t\t\t<div class=\"elementor-widget-wrap elementor-element-populated\">\n\t\t\t\t\t\t<div class=\"elementor-element elementor-element-853b140 elementor-widget elementor-widget-heading\" data-id=\"853b140\" data-element_type=\"widget\" data-widget_type=\"heading.default\">\n\t\t\t\t<div class=\"elementor-widget-container\">\n\t\t\t\t\t<h2 class=\"elementor-heading-title elementor-size-default\">Tossudes 2024<\/h2>\t\t\t\t<\/div>\n\t\t\t\t<\/div>\n\t\t\t\t<div class=\"elementor-element elementor-element-b1183d0 elementor-widget elementor-widget-text-editor\" data-id=\"b1183d0\" data-element_type=\"widget\" data-widget_type=\"text-editor.default\">\n\t\t\t\t<div class=\"elementor-widget-container\">\n\t\t\t\t\t\t\t\t\t<p class=\"label-sans-serif\">Caracter\u00edstiques de l&#8217;anyada<\/p><p class=\"big-serif\">L\u2019anyada 2024, com les de 2022 i 2023, va ser molt complicada a nivell clim\u00e0tic. A la nostra zona, la pluviometria fins a la tardor va ser molt escassa, fet que se sumava a la sequera persistent dels dos anys anteriors. Aix\u00f2 va fer que, en condicions de sec\u00e0, el desenvolupament de les plantes fos m\u00e9s de resist\u00e8ncia que de productivitat. A m\u00e9s, la gla\u00e7ada de la nit del 23 d\u2019abril va afectar greument els brots tendres, sobretot a les vinyes situades al fons de vall. Aquestes condicions van reduir la productivitat a un 20% de la mitjana interanual. T\u00e8rmicament, no vam avan\u00e7ar tant la verema com en les dues darreres anyades i vam allargar-la una mica m\u00e9s: va tenir lloc entre el 21 d\u2019agost i el 8 d\u2019octubre. Tanmateix, la sequera i la baixa humitat van afavorir un ra\u00efm amb un estat sanitari excel\u00b7lent, sense pres\u00e8ncia de fongs ni malalties.<\/p>\t\t\t\t\t\t\t\t<\/div>\n\t\t\t\t<\/div>\n\t\t\t\t\t<\/div>\n\t\t<\/div>\n\t\t\t\t\t<\/div>\n\t\t<\/section>\n\t\t\t\t<section class=\"elementor-section elementor-top-section elementor-element elementor-element-3d2796f elementor-section-big elementor-section-height-default elementor-section-height-default\" data-id=\"3d2796f\" data-element_type=\"section\">\n\t\t\t\t\t\t<div class=\"elementor-container elementor-column-gap-default\">\n\t\t\t\t\t<div class=\"elementor-column elementor-col-50 elementor-top-column elementor-element elementor-element-286b55e\" data-id=\"286b55e\" data-element_type=\"column\">\n\t\t\t<div class=\"elementor-widget-wrap elementor-element-populated\">\n\t\t\t\t\t\t<div class=\"elementor-element elementor-element-17bf31d elementor-widget elementor-widget-image\" data-id=\"17bf31d\" data-element_type=\"widget\" data-widget_type=\"image.default\">\n\t\t\t\t<div class=\"elementor-widget-container\">\n\t\t\t\t\t\t\t\t\t\t\t\t\t\t\t<img fetchpriority=\"high\" decoding=\"async\" width=\"1200\" height=\"1200\" src=\"https:\/\/olivera.org\/wp-content\/uploads\/2021\/01\/tossudes-lolivera-01.jpg\" class=\"attachment-full size-full wp-image-2098\" alt=\"\" srcset=\"https:\/\/olivera.org\/wp-content\/uploads\/2021\/01\/tossudes-lolivera-01.jpg 1200w, https:\/\/olivera.org\/wp-content\/uploads\/2021\/01\/tossudes-lolivera-01-600x600.jpg 600w, https:\/\/olivera.org\/wp-content\/uploads\/2021\/01\/tossudes-lolivera-01-100x100.jpg 100w, https:\/\/olivera.org\/wp-content\/uploads\/2021\/01\/tossudes-lolivera-01-300x300.jpg 300w, https:\/\/olivera.org\/wp-content\/uploads\/2021\/01\/tossudes-lolivera-01-1024x1024.jpg 1024w, https:\/\/olivera.org\/wp-content\/uploads\/2021\/01\/tossudes-lolivera-01-150x150.jpg 150w, https:\/\/olivera.org\/wp-content\/uploads\/2021\/01\/tossudes-lolivera-01-768x768.jpg 768w\" sizes=\"(max-width: 1200px) 100vw, 1200px\" \/>\t\t\t\t\t\t\t\t\t\t\t\t\t\t\t<\/div>\n\t\t\t\t<\/div>\n\t\t\t\t\t<\/div>\n\t\t<\/div>\n\t\t\t\t<div class=\"elementor-column elementor-col-50 elementor-top-column elementor-element elementor-element-d3c2618\" data-id=\"d3c2618\" data-element_type=\"column\">\n\t\t\t<div class=\"elementor-widget-wrap elementor-element-populated\">\n\t\t\t\t\t\t<div class=\"elementor-element elementor-element-34de79d elementor-widget elementor-widget-image\" data-id=\"34de79d\" data-element_type=\"widget\" data-widget_type=\"image.default\">\n\t\t\t\t<div class=\"elementor-widget-container\">\n\t\t\t\t\t\t\t\t\t\t\t\t\t\t\t<img decoding=\"async\" width=\"1200\" height=\"1600\" src=\"https:\/\/olivera.org\/wp-content\/uploads\/2021\/01\/tossudes-lolivera-03.jpg\" class=\"attachment-full size-full wp-image-2104\" alt=\"\" srcset=\"https:\/\/olivera.org\/wp-content\/uploads\/2021\/01\/tossudes-lolivera-03.jpg 1200w, https:\/\/olivera.org\/wp-content\/uploads\/2021\/01\/tossudes-lolivera-03-600x800.jpg 600w, https:\/\/olivera.org\/wp-content\/uploads\/2021\/01\/tossudes-lolivera-03-225x300.jpg 225w, https:\/\/olivera.org\/wp-content\/uploads\/2021\/01\/tossudes-lolivera-03-768x1024.jpg 768w, https:\/\/olivera.org\/wp-content\/uploads\/2021\/01\/tossudes-lolivera-03-1152x1536.jpg 1152w\" sizes=\"(max-width: 1200px) 100vw, 1200px\" \/>\t\t\t\t\t\t\t\t\t\t\t\t\t\t\t<\/div>\n\t\t\t\t<\/div>\n\t\t\t\t\t<\/div>\n\t\t<\/div>\n\t\t\t\t\t<\/div>\n\t\t<\/section>\n\t\t\t\t<section class=\"elementor-section elementor-top-section elementor-element elementor-element-d0b12d0 elementor-section-boxed elementor-section-height-default elementor-section-height-default\" data-id=\"d0b12d0\" data-element_type=\"section\">\n\t\t\t\t\t\t<div class=\"elementor-container elementor-column-gap-default\">\n\t\t\t\t\t<div class=\"elementor-column elementor-col-100 elementor-top-column elementor-element elementor-element-4f57db7\" data-id=\"4f57db7\" data-element_type=\"column\">\n\t\t\t<div class=\"elementor-widget-wrap elementor-element-populated\">\n\t\t\t\t\t\t<div class=\"elementor-element elementor-element-195ca30 elementor-widget elementor-widget-text-editor\" data-id=\"195ca30\" data-element_type=\"widget\" data-widget_type=\"text-editor.default\">\n\t\t\t\t<div class=\"elementor-widget-container\">\n\t\t\t\t\t\t\t\t\t<p class=\"label-sans-serif\">Viticultura i elaboraci\u00f3<\/p><p class=\"big-serif\">Viticultura de sec\u00e0 ecol\u00f2gica certificada. Veremat a m\u00e0 i en petites caixes de 10-12 quilos, el ra\u00efm, si \u00e9s necessari, passa per una taula de selecci\u00f3. Les varietats de ra\u00efm fermenten en dip\u00f2sits de <em>pigeage<\/em> amb enfonsament peri\u00f2dic de les pells que, al final de la fermentaci\u00f3, combinem amb algun remuntat obert. Elaborem les varietats per separat en dip\u00f2sits que treballem manualment i a temperatura controlada per tal d\u2019obtenir extraccions suaus.<\/p>\t\t\t\t\t\t\t\t<\/div>\n\t\t\t\t<\/div>\n\t\t\t\t\t<\/div>\n\t\t<\/div>\n\t\t\t\t\t<\/div>\n\t\t<\/section>\n\t\t\t\t<section class=\"elementor-section elementor-top-section elementor-element elementor-element-988e726 elementor-section-boxed elementor-section-height-default elementor-section-height-default\" data-id=\"988e726\" data-element_type=\"section\">\n\t\t\t\t\t\t<div class=\"elementor-container elementor-column-gap-default\">\n\t\t\t\t\t<div class=\"elementor-column elementor-col-100 elementor-top-column elementor-element elementor-element-cd6a6cf\" data-id=\"cd6a6cf\" data-element_type=\"column\">\n\t\t\t<div class=\"elementor-widget-wrap elementor-element-populated\">\n\t\t\t\t\t\t<div class=\"elementor-element elementor-element-366b44c elementor-widget elementor-widget-text-editor\" data-id=\"366b44c\" data-element_type=\"widget\" data-widget_type=\"text-editor.default\">\n\t\t\t\t<div class=\"elementor-widget-container\">\n\t\t\t\t\t\t\t\t\t<p class=\"label-sans-serif\">Anal\u00edtica<\/p><p class=\"small-sans-serif\">Grau alcoh\u00f2lic: 14%<br \/>Acidesa total: 3,7 g\/l (\u00e0cid sulf\u00faric)<br \/>Acidesa vol\u00e0til: 0,46 g\/l<br \/>Sucre residual: 0,4 g\/l (glucosa+fructosa)<br \/>Sulfur\u00f3s total: 29 mg\/l<\/p>\t\t\t\t\t\t\t\t<\/div>\n\t\t\t\t<\/div>\n\t\t\t\t\t<\/div>\n\t\t<\/div>\n\t\t\t\t\t<\/div>\n\t\t<\/section>\n\t\t\t\t<section class=\"elementor-section elementor-top-section elementor-element elementor-element-cb8ed34 elementor-section-boxed elementor-section-height-default elementor-section-height-default\" data-id=\"cb8ed34\" data-element_type=\"section\">\n\t\t\t\t\t\t<div class=\"elementor-container elementor-column-gap-default\">\n\t\t\t\t\t<div class=\"elementor-column elementor-col-100 elementor-top-column elementor-element elementor-element-5ea3b49\" data-id=\"5ea3b49\" data-element_type=\"column\">\n\t\t\t<div class=\"elementor-widget-wrap elementor-element-populated\">\n\t\t\t\t\t\t<div class=\"elementor-element elementor-element-317ca94 elementor-widget elementor-widget-text-editor\" data-id=\"317ca94\" data-element_type=\"widget\" data-widget_type=\"text-editor.default\">\n\t\t\t\t<div class=\"elementor-widget-container\">\n\t\t\t\t\t\t\t\t\t<p class=\"label-sans-serif\">Tast<\/p><p class=\"big-serif\">Color grana amb rivets blavosos. En nas \u00e9s fresc, amb una aroma intensa on sobresurten les notes florals (violeta) i fruita vermella (cirera) i negra, amb un toc especiat. En boca \u00e9s lleuger i fresc, amb una bona acidesa en un vi \u00e0gil i f\u00e0cil de beure. El Tossudes combina b\u00e9 amb la pizza i la pasta, la carn blanca i els formatges tous d\u2019intensitat mitjana. Tamb\u00e9 \u00e9s un vi ideal per fer a copes.<\/p>\t\t\t\t\t\t\t\t<\/div>\n\t\t\t\t<\/div>\n\t\t\t\t\t<\/div>\n\t\t<\/div>\n\t\t\t\t\t<\/div>\n\t\t<\/section>\n\t\t\t\t<section class=\"elementor-section elementor-top-section elementor-element elementor-element-3a78b3d elementor-section-boxed elementor-section-height-default elementor-section-height-default\" data-id=\"3a78b3d\" data-element_type=\"section\">\n\t\t\t\t\t\t<div class=\"elementor-container elementor-column-gap-default\">\n\t\t\t\t\t<div class=\"elementor-column elementor-col-100 elementor-top-column elementor-element elementor-element-a94e5d6\" data-id=\"a94e5d6\" data-element_type=\"column\">\n\t\t\t<div class=\"elementor-widget-wrap elementor-element-populated\">\n\t\t\t\t\t\t<section class=\"elementor-section elementor-inner-section elementor-element elementor-element-9a6c081 elementor-section-boxed elementor-section-height-default elementor-section-height-default\" data-id=\"9a6c081\" data-element_type=\"section\">\n\t\t\t\t\t\t<div class=\"elementor-container elementor-column-gap-default\">\n\t\t\t\t\t<div class=\"elementor-column elementor-col-50 elementor-inner-column elementor-element elementor-element-0f172a7\" data-id=\"0f172a7\" data-element_type=\"column\">\n\t\t\t<div class=\"elementor-widget-wrap elementor-element-populated\">\n\t\t\t\t\t\t<div class=\"elementor-element elementor-element-f869da9 elementor-widget elementor-widget-text-editor\" data-id=\"f869da9\" data-element_type=\"widget\" data-widget_type=\"text-editor.default\">\n\t\t\t\t<div class=\"elementor-widget-container\">\n\t\t\t\t\t\t\t\t\t<p class=\"small-sans-serif label-sans-serif\">Reconeixements<\/p><p class=\"small-sans-serif\"><strong>Guia Pe\u00f1\u00edn:<br \/><\/strong>2022: 87 punts (anyada 2019)<br \/><br \/><strong>Guia de Vins de Catalunya:<\/strong><br \/>2021: 7,79 punts (anyada 2018)<br \/>2019: 9,2 punts (anyada 2016)<br \/>2018: 9,4 punts (anyada 2015)<\/p>\t\t\t\t\t\t\t\t<\/div>\n\t\t\t\t<\/div>\n\t\t\t\t\t<\/div>\n\t\t<\/div>\n\t\t\t\t<div class=\"elementor-column elementor-col-50 elementor-inner-column elementor-element elementor-element-1c4a711\" data-id=\"1c4a711\" data-element_type=\"column\">\n\t\t\t<div class=\"elementor-widget-wrap elementor-element-populated\">\n\t\t\t\t\t\t<div class=\"elementor-element elementor-element-2edbfc4 elementor-widget elementor-widget-text-editor\" data-id=\"2edbfc4\" data-element_type=\"widget\" data-widget_type=\"text-editor.default\">\n\t\t\t\t<div class=\"elementor-widget-container\">\n\t\t\t\t\t\t\t\t\t<p><span style=\"font-weight: bolder; font-family: Inter, sans-serif; font-size: 18px;\">International Wine Awards 2019:<br \/><\/span><span style=\"font-family: Inter, sans-serif; font-size: 18px;\">Medalla de plata (anyada 2017)<br \/><\/span><span style=\"font-weight: bolder; font-family: Inter, sans-serif; font-size: 18px;\"><br \/><\/span><\/p><p>\u00a0<\/p>\t\t\t\t\t\t\t\t<\/div>\n\t\t\t\t<\/div>\n\t\t\t\t\t<\/div>\n\t\t<\/div>\n\t\t\t\t\t<\/div>\n\t\t<\/section>\n\t\t\t\t\t<\/div>\n\t\t<\/div>\n\t\t\t\t\t<\/div>\n\t\t<\/section>\n\t\t\t\t<\/div>\n\t\t","protected":false},"excerpt":{"rendered":"<p class=\"big-serif\">A L\u2019Olivera som TOSSUDES. Tossudes com les vinyes que resisteixen en les nostres terres de sec\u00e0. Tossudes com la boira de l\u2019hivern i la xafogor dels migdies d\u2019estiu. Tossudes com la il\u00b7lusi\u00f3 que ens mou a fer viable un projecte com el nostre, a voltes a contracorrent d\u2019alguns valors que els nous temps van imposant.<br \/>\nD\u2019aquest car\u00e0cter tossut i perseverant en surt el primer vi negre de L\u2019Olivera, que neix l\u2019any 2008 despr\u00e9s de 20 anys de traject\u00f2ria en l\u2019elaboraci\u00f3 de vins blancs. Un vi que surt de veremes tossudes, amb il\u00b7lusions tossudes com les mans que hi treballen.<\/p>\n<p><img decoding=\"async\" class=\"alignnone wp-image-2101 size-full\" src=\"https:\/\/olivera.org\/wp-content\/uploads\/2021\/01\/tossudes-lolivera-02.jpg\" alt=\"\" width=\"1200\" height=\"1600\" srcset=\"https:\/\/olivera.org\/wp-content\/uploads\/2021\/01\/tossudes-lolivera-02.jpg 1200w, https:\/\/olivera.org\/wp-content\/uploads\/2021\/01\/tossudes-lolivera-02-600x800.jpg 600w, https:\/\/olivera.org\/wp-content\/uploads\/2021\/01\/tossudes-lolivera-02-225x300.jpg 225w, https:\/\/olivera.org\/wp-content\/uploads\/2021\/01\/tossudes-lolivera-02-768x1024.jpg 768w, https:\/\/olivera.org\/wp-content\/uploads\/2021\/01\/tossudes-lolivera-02-1152x1536.jpg 1152w\" sizes=\"(max-width: 1200px) 100vw, 1200px\" \/><\/p>\n<p class=\"big-serif\">El Tossudes \u00e9s un jove madur, amb un acurat cupatge de varietats negres i una crian\u00e7a en dip\u00f2sit i ampolla per tal d\u2019aconseguir l\u2019afinament i la m\u00e0xima expressi\u00f3 que ens hem proposat. El resultat \u00e9s un vi complex, amb aromes de fruita negra i notes bals\u00e0miques, de sotabosc i especiades.<br \/>\nAmb el Tossudes volem anar un pas m\u00e9s enll\u00e0 en l\u2019elaboraci\u00f3 de vins negres, dotant-los de la personalitat que ens ha fet perseverar i arribar on som. Un car\u00e0cter jove i \u00e0gil i, a la vegada, madur i complex. Aix\u00ed \u00e9s L\u2019Olivera. Aix\u00ed \u00e9s el Tossudes: un univers viscut i pensat per persones valentes i amb car\u00e0cter.<\/p>\n<p class=\"label-sans-serif\">Paisatge<\/p>\n<p class=\"small-sans-serif\">ORIGEN: Vinyes de diferents municipis de la subzona Valls del Riu Corb de la DO Costers del Segre i parcel\u00b7les familiars dels voltants de Bonretorn, al vessant sud de la serra de Prades, a Tarragona.<br \/>\nS\u00d2LS: S\u00f2ls argilocalcaris amb nivells de pedregositat i profunditat variables.<br \/>\nCLIMA: El clima \u00e9s mediterrani continental, amb hiverns freds i secs i estius calorosos, dulcificats pel vent que, a les tardes, ve del mar (la marinada) i refresca les nits, sobretot durant el per\u00edode de maduraci\u00f3. Les pluges, escasses, es concentren a la tardor i a la primavera (350-450mm anuals).<\/p>\n<p class=\"label-sans-serif\">Varietats<\/p>\n<p class=\"small-sans-serif\">Garnatxa negra (90%), Carinyena (7%) i Treapat (3%)<\/p>\n<p class=\"label-sans-serif\">Viticultura<\/p>\n<p class=\"small-sans-serif\">Agricultura ecol\u00f2gica. Verema manual en caixes de 10-12 kg.<\/p>\n<p class=\"label-sans-serif\">Vinificaci\u00f3<\/p>\n<p class=\"small-sans-serif\">Fermentaci\u00f3 a temperatura controlada en dip\u00f2sits de <em>pigeage<\/em> amb enfonsament peri\u00f2dic de les pells. Crian\u00e7a d\u2019un any en ampolla.<\/p>\n<p class=\"label-sans-serif\">Producci\u00f3<\/p>\n<p class=\"small-sans-serif\">Anyada 2024: 11.426 ampolles<\/p>\n","protected":false},"featured_media":31081,"comment_status":"open","ping_status":"closed","template":"","meta":{"_acf_changed":false},"product_brand":[],"product_cat":[44],"product_tag":[],"class_list":{"0":"post-459","1":"product","2":"type-product","3":"status-publish","4":"has-post-thumbnail","6":"product_cat-wines-ca","7":"pa_characteristics-wines-joves","8":"pa_origin-vallbona-ca","9":"pa_unity-single-ca","10":"pa_unity-box-ca","11":"pa_wine-type-negres","13":"first","14":"instock","15":"shipping-taxable","16":"purchasable","17":"product-type-simple"},"acf":[],"jetpack_sharing_enabled":true,"_links":{"self":[{"href":"https:\/\/olivera.org\/ca\/wp-json\/wp\/v2\/product\/459","targetHints":{"allow":["GET"]}}],"collection":[{"href":"https:\/\/olivera.org\/ca\/wp-json\/wp\/v2\/product"}],"about":[{"href":"https:\/\/olivera.org\/ca\/wp-json\/wp\/v2\/types\/product"}],"replies":[{"embeddable":true,"href":"https:\/\/olivera.org\/ca\/wp-json\/wp\/v2\/comments?post=459"}],"version-history":[{"count":12,"href":"https:\/\/olivera.org\/ca\/wp-json\/wp\/v2\/product\/459\/revisions"}],"predecessor-version":[{"id":34714,"href":"https:\/\/olivera.org\/ca\/wp-json\/wp\/v2\/product\/459\/revisions\/34714"}],"wp:featuredmedia":[{"embeddable":true,"href":"https:\/\/olivera.org\/ca\/wp-json\/wp\/v2\/media\/31081"}],"wp:attachment":[{"href":"https:\/\/olivera.org\/ca\/wp-json\/wp\/v2\/media?parent=459"}],"wp:term":[{"taxonomy":"product_brand","embeddable":true,"href":"https:\/\/olivera.org\/ca\/wp-json\/wp\/v2\/product_brand?post=459"},{"taxonomy":"product_cat","embeddable":true,"href":"https:\/\/olivera.org\/ca\/wp-json\/wp\/v2\/product_cat?post=459"},{"taxonomy":"product_tag","embeddable":true,"href":"https:\/\/olivera.org\/ca\/wp-json\/wp\/v2\/product_tag?post=459"}],"curies":[{"name":"wp","href":"https:\/\/api.w.org\/{rel}","templated":true}]}}