{"id":25648,"date":"2024-04-18T11:56:45","date_gmt":"2024-04-18T11:56:45","guid":{"rendered":"https:\/\/olivera.org\/activity\/fiesta-de-primavera\/"},"modified":"2024-05-07T08:20:37","modified_gmt":"2024-05-07T08:20:37","slug":"fiesta-de-primavera","status":"publish","type":"olivera_activity","link":"https:\/\/olivera.org\/es\/actividad\/fiesta-de-primavera\/","title":{"rendered":"Fiesta de primavera"},"content":{"rendered":"\t\t<div data-elementor-type=\"wp-post\" data-elementor-id=\"25648\" class=\"elementor elementor-25648 elementor-25541\" data-elementor-post-type=\"olivera_activity\">\n\t\t\t\t\t\t<section class=\"elementor-section elementor-top-section elementor-element elementor-element-feaad26 elementor-section-boxed elementor-section-height-default elementor-section-height-default\" data-id=\"feaad26\" data-element_type=\"section\">\n\t\t\t\t\t\t<div class=\"elementor-container elementor-column-gap-default\">\n\t\t\t\t\t<div class=\"elementor-column elementor-col-100 elementor-top-column elementor-element elementor-element-a40e7c6\" data-id=\"a40e7c6\" data-element_type=\"column\">\n\t\t\t<div class=\"elementor-widget-wrap elementor-element-populated\">\n\t\t\t\t\t\t<div class=\"elementor-element elementor-element-f426cc8 elementor-widget elementor-widget-text-editor\" data-id=\"f426cc8\" data-element_type=\"widget\" data-widget_type=\"text-editor.default\">\n\t\t\t\t<div class=\"elementor-widget-container\">\n\t\t\t\t\t\t\t\t\t<h2 style=\"text-align: center;\">Jornada festiva con actividades para todos los p\u00fablicos para acercarnos <br \/>a la realidad rural y natural de la sierra de Barcelona.<\/h2>\n\t\t\t\t\t\t\t\t<\/div>\n\t\t\t\t<\/div>\n\t\t\t\t\t<\/div>\n\t\t<\/div>\n\t\t\t\t\t<\/div>\n\t\t<\/section>\n\t\t\t\t<section class=\"elementor-section elementor-top-section elementor-element elementor-element-0f05590 elementor-section-boxed elementor-section-height-default elementor-section-height-default\" data-id=\"0f05590\" data-element_type=\"section\">\n\t\t\t\t\t\t<div class=\"elementor-container elementor-column-gap-default\">\n\t\t\t\t\t<div class=\"elementor-column elementor-col-100 elementor-top-column elementor-element elementor-element-3530efc\" data-id=\"3530efc\" data-element_type=\"column\">\n\t\t\t<div class=\"elementor-widget-wrap elementor-element-populated\">\n\t\t\t\t\t\t<div class=\"elementor-element elementor-element-2a8ded9 elementor-widget elementor-widget-text-editor\" data-id=\"2a8ded9\" data-element_type=\"widget\" data-widget_type=\"text-editor.default\">\n\t\t\t\t<div class=\"elementor-widget-container\">\n\t\t\t\t\t\t\t\t\t<p>Como cada primavera, abrimos las puertas de la mas\u00eda de Can Calopa de Dalt para celebrar la tradicional fiesta de la vi\u00f1a y el vino. Este a\u00f1o, la dedicamos a la sierra de Collserola. Queremos dar a conocer la realidad que nos rodea en nuestro d\u00eda a d\u00eda. Queremos que disfrut\u00e9is de la m\u00e1gia de las monta\u00f1as de Barcelona; que descubr\u00e1is la biodiversidad que habita en sus bosques; que cat\u00e9is los sabores que nacen de sus campos; que os divirt\u00e1is, baileis y, a la vez, compartir el esp\u00edritu que impulsa L&#8217;Olivera y nuestro proyecto de agricultura social. <\/p>\n<p>Por eso, hemos preparado un programa lleno de actividades para toda la fam\u00edlia: talleres para peque\u00f1os y grandes, vermut popular, un almuerzo cocinado por el equipo de La Vinoteca de Can Calopa, una actuaci\u00f3n en vivo y una barra abierta para que prov\u00e9is nuestros vinos y aceites:<\/p>\n<ul>\n<li>10:30 &#8211; 11:00 Apertura de puertas<\/li>\n<li>11:00 &#8211; 11:15 Presentaci\u00f3n de la jornada<\/li>\n<li>11:30 &#8211; 13:00 Actividades rotativas repartidas por la finca relacionadas con la fauna y la flora<\/li>\n<li>13:00 &#8211; 14:00 Vermut musical<\/li>\n<li>14:00 &#8211; 16:00 Almuerzo (ensalada, arroz, postres, agua y pan)<\/li>\n<li>16:15 &#8211; 17:30 Espect\u00e1culo de clown con DUDU<\/li>\n<\/ul>\n<p>Durante todo el d\u00eda habr\u00e1 la barra de La Vinoteca abierta con vinos a copas y unas tapas a la carta. <\/p>\n<p style=\"text-align: center;\"><strong>Precio:<br \/><\/strong>32 \u20ac &#8211; Adultos<br \/>18\u20ac &#8211; de 3 a 17 a\u00f1os<\/p>\n\t\t\t\t\t\t\t\t<\/div>\n\t\t\t\t<\/div>\n\t\t\t\t\t<\/div>\n\t\t<\/div>\n\t\t\t\t\t<\/div>\n\t\t<\/section>\n\t\t\t\t<section class=\"elementor-section elementor-top-section elementor-element elementor-element-2f01b99 elementor-section-boxed elementor-section-height-default elementor-section-height-default\" data-id=\"2f01b99\" data-element_type=\"section\">\n\t\t\t\t\t\t<div class=\"elementor-container elementor-column-gap-default\">\n\t\t\t\t\t<div class=\"elementor-column elementor-col-100 elementor-top-column elementor-element elementor-element-fc7bd1f\" data-id=\"fc7bd1f\" data-element_type=\"column\">\n\t\t\t<div class=\"elementor-widget-wrap elementor-element-populated\">\n\t\t\t\t\t\t<div class=\"elementor-element elementor-element-807cf70 elementor-align-center elementor-widget elementor-widget-button\" data-id=\"807cf70\" data-element_type=\"widget\" data-widget_type=\"button.default\">\n\t\t\t\t<div class=\"elementor-widget-container\">\n\t\t\t\t\t\t\t\t\t<div class=\"elementor-button-wrapper\">\n\t\t\t\t\t<a class=\"elementor-button elementor-button-link elementor-size-sm\" href=\"https:\/\/olivera.org\/ca\/producte\/festa-de-primavera\/\">\n\t\t\t\t\t\t<span class=\"elementor-button-content-wrapper\">\n\t\t\t\t\t\t\t\t\t<span class=\"elementor-button-text\">Reserva online<\/span>\n\t\t\t\t\t<\/span>\n\t\t\t\t\t<\/a>\n\t\t\t\t<\/div>\n\t\t\t\t\t\t\t\t<\/div>\n\t\t\t\t<\/div>\n\t\t\t\t\t<\/div>\n\t\t<\/div>\n\t\t\t\t\t<\/div>\n\t\t<\/section>\n\t\t\t\t<\/div>\n\t\t","protected":false},"excerpt":{"rendered":"<p>Abrimos las puertas de la mas\u00eda Can Calopa de Dalt para celebrar la primavera con la tradicional fiesta de la vi\u00f1a y el vino. Una fiesta dedicada a la sierra de Collserola y a conocer la realidad que nos rodea en nuestro d\u00eda a d\u00eda. Queremos que disfrut\u00e9is de la m\u00e1gia de las monta\u00f1as de Barcelona; que descubr\u00e1is la biodiversidad que habita en sus bosques; que cat\u00e9is los sabores que nacen de sus campos; que os divirt\u00e1is baileis y, a la vez, compartir el esp\u00edritu que impulsa L&#8217;Olivera y nuestro proyecto de agricultura social.<\/p>\n","protected":false},"featured_media":25967,"template":"","class_list":["post-25648","olivera_activity","type-olivera_activity","status-publish","has-post-thumbnail","hentry"],"acf":[],"jetpack_sharing_enabled":true,"_links":{"self":[{"href":"https:\/\/olivera.org\/es\/wp-json\/wp\/v2\/olivera_activity\/25648","targetHints":{"allow":["GET"]}}],"collection":[{"href":"https:\/\/olivera.org\/es\/wp-json\/wp\/v2\/olivera_activity"}],"about":[{"href":"https:\/\/olivera.org\/es\/wp-json\/wp\/v2\/types\/olivera_activity"}],"version-history":[{"count":0,"href":"https:\/\/olivera.org\/es\/wp-json\/wp\/v2\/olivera_activity\/25648\/revisions"}],"wp:featuredmedia":[{"embeddable":true,"href":"https:\/\/olivera.org\/es\/wp-json\/wp\/v2\/media\/25967"}],"wp:attachment":[{"href":"https:\/\/olivera.org\/es\/wp-json\/wp\/v2\/media?parent=25648"}],"curies":[{"name":"wp","href":"https:\/\/api.w.org\/{rel}","templated":true}]}}