{"id":14655,"date":"2022-03-28T08:58:39","date_gmt":"2022-03-28T08:58:39","guid":{"rendered":"https:\/\/olivera.org\/visitanos\/can-calopa-2\/"},"modified":"2026-03-05T12:03:51","modified_gmt":"2026-03-05T12:03:51","slug":"can-calopa-2","status":"publish","type":"page","link":"https:\/\/olivera.org\/es\/visitanos\/can-calopa-2\/","title":{"rendered":"Can Calopa"},"content":{"rendered":"\t\t<div data-elementor-type=\"wp-page\" data-elementor-id=\"14655\" class=\"elementor elementor-14655 elementor-13442\" data-elementor-post-type=\"page\">\n\t\t\t\t\t\t<section class=\"elementor-section elementor-top-section elementor-element elementor-element-50d5a08 elementor-section-boxed elementor-section-height-default elementor-section-height-default\" data-id=\"50d5a08\" data-element_type=\"section\">\n\t\t\t\t\t\t<div class=\"elementor-container elementor-column-gap-default\">\n\t\t\t\t\t<div class=\"elementor-column elementor-col-100 elementor-top-column elementor-element elementor-element-7d3cd4d\" data-id=\"7d3cd4d\" data-element_type=\"column\">\n\t\t\t<div class=\"elementor-widget-wrap elementor-element-populated\">\n\t\t\t\t\t\t<div class=\"elementor-element elementor-element-8c6a634 elementor-widget elementor-widget-text-editor\" data-id=\"8c6a634\" data-element_type=\"widget\" data-widget_type=\"text-editor.default\">\n\t\t\t\t<div class=\"elementor-widget-container\">\n\t\t\t\t\t\t\t\t\t<p style=\"text-align: center;\"><span style=\"font-weight: 400;\">Situada en el coraz\u00f3n de Collserola, Can Calopa de Dalt es la mas\u00eda centenaria donde elaboramos vinos y aceites singulares, los \u00fanicos nacidos en Barcelona.<\/span><span style=\"font-weight: 400;\">Desde 2010 mantenemos vivo el patrimonio vitivin\u00edcola de la ciudad dando<\/span>alas a un proyecto de inclusi\u00f3n social que promueve la agroecolog\u00eda periurbana.<\/p>\n<p style=\"text-align: center;\">Nuestro objetivo es ser <strong><a href=\"https:\/\/olivera.org\/ca\/vins\/\">una bodega de referencia<\/a><\/strong> y, a la vez, <a href=\"https:\/\/olivera.org\/ca\/la-vinoteca\/\">un espacio para la promoci\u00f3n de la <\/a><strong><a href=\"https:\/\/olivera.org\/ca\/la-vinoteca\/\">cultura gastron\u00f3mica<\/a><\/strong>, <a href=\"https:\/\/olivera.org\/ca\/visitans\/can-calopa\/enoturisme\/\"><strong>el ocio de calidad<\/strong><\/a>, la sensibilizaci\u00f3n del<a href=\"https:\/\/olivera.org\/ca\/visitans\/can-calopa\/aula-rural\/\"><strong> patrimonio rural<\/strong><\/a> y <a href=\"https:\/\/olivera.org\/ca\/visitans\/can-calopa\/lloguer-despais\/\">la celebraci\u00f3n<\/a><strong><a href=\"https:\/\/olivera.org\/ca\/visitans\/can-calopa\/lloguer-despais\/\">de acontecimientos \u00fanicos<\/a><\/strong> en el \u00e1rea metropolitana de Barcelona.<\/p>\n\t\t\t\t\t\t\t\t<\/div>\n\t\t\t\t<\/div>\n\t\t\t\t\t<\/div>\n\t\t<\/div>\n\t\t\t\t\t<\/div>\n\t\t<\/section>\n\t\t\t\t<section class=\"elementor-section elementor-top-section elementor-element elementor-element-490d477 elementor-section-boxed elementor-section-height-default elementor-section-height-default\" data-id=\"490d477\" data-element_type=\"section\">\n\t\t\t\t\t\t<div class=\"elementor-container elementor-column-gap-default\">\n\t\t\t\t\t<div class=\"elementor-column elementor-col-100 elementor-top-column elementor-element elementor-element-7a06c37\" data-id=\"7a06c37\" data-element_type=\"column\">\n\t\t\t<div class=\"elementor-widget-wrap elementor-element-populated\">\n\t\t\t\t\t\t<div class=\"elementor-element elementor-element-ab882d3 elementor-widget elementor-widget-olivera-highlightslisting\" data-id=\"ab882d3\" data-element_type=\"widget\" data-widget_type=\"olivera-highlightslisting.default\">\n\t\t\t\t<div class=\"elementor-widget-container\">\n\t\t\t\t\t<div class=\"highlights-listing\" data-alignment=\"middle\" data-disposition=\"three-columns\" ><article class=\"highlight\" style=\"background-image: url(http:\/\/olivera.org\/wp-content\/uploads\/2026\/03\/Diseno-sin-titulo-48-1.png);\"><a class=\"block_link\" href=\"https:\/\/olivera.org\/es\/visitanos\/can-calopa-2\/enoturismo\/\"><div class=\"content\"><h1 class=\"heading\">Enoturismo<\/h1><\/div><\/a><\/article><article class=\"highlight\" style=\"background-image: url(http:\/\/olivera.org\/wp-content\/uploads\/2026\/03\/Diseno-sin-titulo-50-1.png);\"><a class=\"block_link\" href=\"https:\/\/olivera.org\/es\/visitanos\/can-calopa-2\/alquiler-de-espacios\/\"><div class=\"content\"><h1 class=\"heading\">Cesi\u00f3n de espacios<\/h1><\/div><\/a><\/article><article class=\"highlight\" style=\"background-image: url(http:\/\/olivera.org\/wp-content\/uploads\/2026\/03\/Diseno-sin-titulo-51-1.png);\"><a class=\"block_link\" href=\"https:\/\/olivera.org\/es\/visitanos\/can-calopa-2\/aula-rural\/\"><div class=\"content\"><h1 class=\"heading\">Aula de Can Calopa<\/h1><\/div><\/a><\/article><\/div>\t\t\t\t<\/div>\n\t\t\t\t<\/div>\n\t\t\t\t\t<\/div>\n\t\t<\/div>\n\t\t\t\t\t<\/div>\n\t\t<\/section>\n\t\t\t\t<section class=\"elementor-section elementor-top-section elementor-element elementor-element-23bc9d2 elementor-section-boxed elementor-section-height-default elementor-section-height-default\" data-id=\"23bc9d2\" data-element_type=\"section\">\n\t\t\t\t\t\t<div class=\"elementor-container elementor-column-gap-default\">\n\t\t\t\t\t<div class=\"elementor-column elementor-col-100 elementor-top-column elementor-element elementor-element-7400781\" data-id=\"7400781\" data-element_type=\"column\">\n\t\t\t<div class=\"elementor-widget-wrap elementor-element-populated\">\n\t\t\t\t\t\t<div class=\"elementor-element elementor-element-e34143e elementor-widget elementor-widget-heading\" data-id=\"e34143e\" data-element_type=\"widget\" data-widget_type=\"heading.default\">\n\t\t\t\t<div class=\"elementor-widget-container\">\n\t\t\t\t\t<h2 class=\"elementor-heading-title elementor-size-default\">Eventos<\/h2>\t\t\t\t<\/div>\n\t\t\t\t<\/div>\n\t\t\t\t\t<\/div>\n\t\t<\/div>\n\t\t\t\t\t<\/div>\n\t\t<\/section>\n\t\t\t\t<section class=\"elementor-section elementor-top-section elementor-element elementor-element-6a69559 elementor-section-boxed elementor-section-height-default elementor-section-height-default\" data-id=\"6a69559\" data-element_type=\"section\">\n\t\t\t\t\t\t<div class=\"elementor-container elementor-column-gap-default\">\n\t\t\t\t\t<div class=\"elementor-column elementor-col-100 elementor-top-column elementor-element elementor-element-3f35803\" data-id=\"3f35803\" data-element_type=\"column\">\n\t\t\t<div class=\"elementor-widget-wrap\">\n\t\t\t\t\t\t\t<\/div>\n\t\t<\/div>\n\t\t\t\t\t<\/div>\n\t\t<\/section>\n\t\t\t\t<\/div>\n\t\t","protected":false},"excerpt":{"rendered":"<p>Situada en el coraz\u00f3n de Collserola, Can Calopa de Dalt es la mas\u00eda centenaria donde elaboramos vinos y aceites singulares, los \u00fanicos nacidos en Barcelona.Desde 2010 mantenemos vivo el patrimonio vitivin\u00edcola de la ciudad dandoalas a un proyecto de inclusi\u00f3n social que promueve la agroecolog\u00eda periurbana. Nuestro objetivo es ser una bodega de referencia y, [&hellip;]<\/p>\n","protected":false},"author":12,"featured_media":0,"parent":4598,"menu_order":0,"comment_status":"closed","ping_status":"closed","template":"","meta":{"_acf_changed":false,"footnotes":""},"class_list":["post-14655","page","type-page","status-publish","hentry"],"acf":[],"jetpack_sharing_enabled":true,"_links":{"self":[{"href":"https:\/\/olivera.org\/es\/wp-json\/wp\/v2\/pages\/14655","targetHints":{"allow":["GET"]}}],"collection":[{"href":"https:\/\/olivera.org\/es\/wp-json\/wp\/v2\/pages"}],"about":[{"href":"https:\/\/olivera.org\/es\/wp-json\/wp\/v2\/types\/page"}],"author":[{"embeddable":true,"href":"https:\/\/olivera.org\/es\/wp-json\/wp\/v2\/users\/12"}],"replies":[{"embeddable":true,"href":"https:\/\/olivera.org\/es\/wp-json\/wp\/v2\/comments?post=14655"}],"version-history":[{"count":12,"href":"https:\/\/olivera.org\/es\/wp-json\/wp\/v2\/pages\/14655\/revisions"}],"predecessor-version":[{"id":34475,"href":"https:\/\/olivera.org\/es\/wp-json\/wp\/v2\/pages\/14655\/revisions\/34475"}],"up":[{"embeddable":true,"href":"https:\/\/olivera.org\/es\/wp-json\/wp\/v2\/pages\/4598"}],"wp:attachment":[{"href":"https:\/\/olivera.org\/es\/wp-json\/wp\/v2\/media?parent=14655"}],"curies":[{"name":"wp","href":"https:\/\/api.w.org\/{rel}","templated":true}]}}