{"id":16436,"date":"2022-06-14T13:52:41","date_gmt":"2022-06-14T13:52:41","guid":{"rendered":"https:\/\/olivera.org\/vinos-2\/"},"modified":"2025-04-22T13:09:21","modified_gmt":"2025-04-22T13:09:21","slug":"vinos","status":"publish","type":"page","link":"https:\/\/olivera.org\/es\/vinos\/","title":{"rendered":"Vinos"},"content":{"rendered":"\t\t<div data-elementor-type=\"wp-page\" data-elementor-id=\"16436\" class=\"elementor elementor-16436 elementor-15186\" data-elementor-post-type=\"page\">\n\t\t\t\t\t\t<section class=\"elementor-section elementor-top-section elementor-element elementor-element-34c91d4 elementor-section-boxed elementor-section-height-default elementor-section-height-default\" data-id=\"34c91d4\" data-element_type=\"section\">\n\t\t\t\t\t\t<div class=\"elementor-container elementor-column-gap-default\">\n\t\t\t\t\t<div class=\"elementor-column elementor-col-100 elementor-top-column elementor-element elementor-element-abba2b6\" data-id=\"abba2b6\" data-element_type=\"column\">\n\t\t\t<div class=\"elementor-widget-wrap elementor-element-populated\">\n\t\t\t\t\t\t<div class=\"elementor-element elementor-element-0e1a526 elementor-widget elementor-widget-text-editor\" data-id=\"0e1a526\" data-element_type=\"widget\" data-widget_type=\"text-editor.default\">\n\t\t\t\t<div class=\"elementor-widget-container\">\n\t\t\t\t\t\t\t\t\t<p class=\"MsoNormal\" style=\"text-align: center;\">Con el trabajo que realizamos en la bodega queremos expresar todo el potencial de la uva que durante un a\u00f1o se ha estado preparando en el campo. Mediante procesos suaves y respetuosos, buscamos la expresi\u00f3n m\u00e1s natural de cada variedad.&nbsp;<\/p>\n<p class=\"MsoNormal\" style=\"text-align: center;\">Fermentamos en dep\u00f3sitos de acero inoxidable y barricas de roble de diferentes or\u00edgenes y toneleros. Seguimos de cerca este proceso, analizando el mosto y el vino, cat\u00e1ndolo y decidiendo los coupages finales.<\/p>\n<p class=\"MsoNormal\" style=\"text-align: center;\">El vino es el fruto de todo este trabajo.<\/p>\n\t\t\t\t\t\t\t\t<\/div>\n\t\t\t\t<\/div>\n\t\t\t\t<section class=\"elementor-section elementor-inner-section elementor-element elementor-element-110952f elementor-section-boxed elementor-section-height-default elementor-section-height-default\" data-id=\"110952f\" data-element_type=\"section\">\n\t\t\t\t\t\t<div class=\"elementor-container elementor-column-gap-default\">\n\t\t\t\t\t<div class=\"elementor-column elementor-col-100 elementor-inner-column elementor-element elementor-element-c79004c\" data-id=\"c79004c\" data-element_type=\"column\">\n\t\t\t<div class=\"elementor-widget-wrap elementor-element-populated\">\n\t\t\t\t\t\t<div class=\"elementor-element elementor-element-4c81d99 elementor-widget elementor-widget-video\" data-id=\"4c81d99\" data-element_type=\"widget\" data-settings=\"{&quot;video_type&quot;:&quot;hosted&quot;,&quot;autoplay&quot;:&quot;yes&quot;,&quot;play_on_mobile&quot;:&quot;yes&quot;,&quot;mute&quot;:&quot;yes&quot;,&quot;loop&quot;:&quot;yes&quot;}\" data-widget_type=\"video.default\">\n\t\t\t\t<div class=\"elementor-widget-container\">\n\t\t\t\t\t\t\t<div class=\"e-hosted-video elementor-wrapper elementor-open-inline\">\n\t\t\t\t\t<video class=\"elementor-video\" src=\"http:\/\/olivera.org\/wp-content\/uploads\/2022\/06\/vins.mp4\" autoplay=\"\" loop=\"\" muted=\"muted\" playsinline=\"\" controlsList=\"nodownload\"><\/video>\n\t\t\t\t<\/div>\n\t\t\t\t\t\t<\/div>\n\t\t\t\t<\/div>\n\t\t\t\t\t<\/div>\n\t\t<\/div>\n\t\t\t\t\t<\/div>\n\t\t<\/section>\n\t\t\t\t\t<\/div>\n\t\t<\/div>\n\t\t\t\t\t<\/div>\n\t\t<\/section>\n\t\t\t\t<section class=\"elementor-section elementor-top-section elementor-element elementor-element-0a96c12 elementor-section-boxed elementor-section-height-default elementor-section-height-default\" data-id=\"0a96c12\" data-element_type=\"section\">\n\t\t\t\t\t\t<div class=\"elementor-container elementor-column-gap-default\">\n\t\t\t\t\t<div class=\"elementor-column elementor-col-100 elementor-top-column elementor-element elementor-element-1a76f03\" data-id=\"1a76f03\" data-element_type=\"column\">\n\t\t\t<div class=\"elementor-widget-wrap elementor-element-populated\">\n\t\t\t\t\t\t<div class=\"elementor-element elementor-element-5b3cd29 elementor-widget elementor-widget-heading\" data-id=\"5b3cd29\" data-element_type=\"widget\" data-widget_type=\"heading.default\">\n\t\t\t\t<div class=\"elementor-widget-container\">\n\t\t\t\t\t<h3 class=\"elementor-heading-title elementor-size-xl\">J\u00f3venes con car\u00e1cter<\/h3>\t\t\t\t<\/div>\n\t\t\t\t<\/div>\n\t\t\t\t\t<\/div>\n\t\t<\/div>\n\t\t\t\t\t<\/div>\n\t\t<\/section>\n\t\t\t\t<section class=\"elementor-section elementor-top-section elementor-element elementor-element-35f394e elementor-section-boxed elementor-section-height-default elementor-section-height-default\" data-id=\"35f394e\" data-element_type=\"section\">\n\t\t\t\t\t\t<div class=\"elementor-container elementor-column-gap-default\">\n\t\t\t\t\t<div class=\"elementor-column elementor-col-100 elementor-top-column elementor-element elementor-element-af33fb8\" data-id=\"af33fb8\" data-element_type=\"column\">\n\t\t\t<div class=\"elementor-widget-wrap elementor-element-populated\">\n\t\t\t\t\t\t<div class=\"elementor-element elementor-element-384a017 elementor-widget elementor-widget-text-editor\" data-id=\"384a017\" data-element_type=\"widget\" data-widget_type=\"text-editor.default\">\n\t\t\t\t<div class=\"elementor-widget-container\">\n\t\t\t\t\t\t\t\t\t<p style=\"text-align: center;\">Juventud, madurez y complejidad a partes iguales. Los vinos j\u00f3venes de L\u2019Olivera pretenden trasladar a la botella la expresi\u00f3n genuina de las variedades hist\u00f3ricas que cultivamos en las Valls del Corb, en un paisaje mediterr\u00e1neo de interior y de cierta altitud que proporciona al vino un equilibrio justo entre volumen, frescor y una expresi\u00f3n \u00fanica en la materia primera.<\/p>\n\t\t\t\t\t\t\t\t<\/div>\n\t\t\t\t<\/div>\n\t\t\t\t\t<\/div>\n\t\t<\/div>\n\t\t\t\t\t<\/div>\n\t\t<\/section>\n\t\t\t\t<section class=\"elementor-section elementor-top-section elementor-element elementor-element-607bb2e elementor-section-boxed elementor-section-height-default elementor-section-height-default\" data-id=\"607bb2e\" data-element_type=\"section\">\n\t\t\t\t\t\t<div class=\"elementor-container elementor-column-gap-default\">\n\t\t\t\t\t<div class=\"elementor-column elementor-col-100 elementor-top-column elementor-element elementor-element-1fb68c8\" data-id=\"1fb68c8\" data-element_type=\"column\">\n\t\t\t<div class=\"elementor-widget-wrap elementor-element-populated\">\n\t\t\t\t\t\t<div class=\"elementor-element elementor-element-839a9f9 elementor-widget elementor-widget-olivera-productlisting\" data-id=\"839a9f9\" data-element_type=\"widget\" data-widget_type=\"olivera-productlisting.default\">\n\t\t\t\t<div class=\"elementor-widget-container\">\n\t\t\t\t\t<div class=\"product-listing-container\" data-slider=\"no\"><div class=\"product-list\"><article class=\"entry\"><a href=\"https:\/\/olivera.org\/es\/producte\/blanc-de-sere\/\"><img fetchpriority=\"high\" decoding=\"async\" width=\"600\" height=\"716\" src=\"https:\/\/olivera.org\/wp-content\/uploads\/2020\/10\/Blanc-de-Sere-web.png\" class=\"attachment-woocommerce_thumbnail size-woocommerce_thumbnail\" alt=\"Blanc de Ser\u00e8\" srcset=\"https:\/\/olivera.org\/wp-content\/uploads\/2020\/10\/Blanc-de-Sere-web.png 600w, https:\/\/olivera.org\/wp-content\/uploads\/2020\/10\/Blanc-de-Sere-web-251x300.png 251w\" sizes=\"(max-width: 600px) 100vw, 600px\" \/><h1 class=\"title\">Blanc de Ser\u00e8<\/h1><\/a><\/article><article class=\"entry\"><a href=\"https:\/\/olivera.org\/es\/producte\/tossudes\/\"><img decoding=\"async\" width=\"600\" height=\"716\" src=\"https:\/\/olivera.org\/wp-content\/uploads\/2020\/10\/Tossudes-web-1.png\" class=\"attachment-woocommerce_thumbnail size-woocommerce_thumbnail\" alt=\"Tossudes\" srcset=\"https:\/\/olivera.org\/wp-content\/uploads\/2020\/10\/Tossudes-web-1.png 600w, https:\/\/olivera.org\/wp-content\/uploads\/2020\/10\/Tossudes-web-1-251x300.png 251w\" sizes=\"(max-width: 600px) 100vw, 600px\" \/><h1 class=\"title\">Tossudes<\/h1><\/a><\/article><article class=\"entry\"><a href=\"https:\/\/olivera.org\/es\/producte\/airos\/\"><img decoding=\"async\" width=\"600\" height=\"716\" src=\"https:\/\/olivera.org\/wp-content\/uploads\/2023\/04\/Airos-web.png\" class=\"attachment-woocommerce_thumbnail size-woocommerce_thumbnail\" alt=\"Air\u00f3s\" srcset=\"https:\/\/olivera.org\/wp-content\/uploads\/2023\/04\/Airos-web.png 600w, https:\/\/olivera.org\/wp-content\/uploads\/2023\/04\/Airos-web-251x300.png 251w\" sizes=\"(max-width: 600px) 100vw, 600px\" \/><h1 class=\"title\">Air\u00f3s<\/h1><\/a><\/article><\/div><\/div>\t\t\t\t<\/div>\n\t\t\t\t<\/div>\n\t\t\t\t\t<\/div>\n\t\t<\/div>\n\t\t\t\t\t<\/div>\n\t\t<\/section>\n\t\t\t\t<section class=\"elementor-section elementor-top-section elementor-element elementor-element-4f6eb0b elementor-section-boxed elementor-section-height-default elementor-section-height-default\" data-id=\"4f6eb0b\" data-element_type=\"section\">\n\t\t\t\t\t\t<div class=\"elementor-container elementor-column-gap-default\">\n\t\t\t\t\t<div class=\"elementor-column elementor-col-100 elementor-top-column elementor-element elementor-element-ca678ee\" data-id=\"ca678ee\" data-element_type=\"column\">\n\t\t\t<div class=\"elementor-widget-wrap elementor-element-populated\">\n\t\t\t\t\t\t<div class=\"elementor-element elementor-element-73ff37e elementor-widget elementor-widget-heading\" data-id=\"73ff37e\" data-element_type=\"widget\" data-widget_type=\"heading.default\">\n\t\t\t\t<div class=\"elementor-widget-container\">\n\t\t\t\t\t<h3 class=\"elementor-heading-title elementor-size-xl\">Los Macabeos<\/h3>\t\t\t\t<\/div>\n\t\t\t\t<\/div>\n\t\t\t\t\t<\/div>\n\t\t<\/div>\n\t\t\t\t\t<\/div>\n\t\t<\/section>\n\t\t\t\t<section class=\"elementor-section elementor-top-section elementor-element elementor-element-7eb4ab8 elementor-section-boxed elementor-section-height-default elementor-section-height-default\" data-id=\"7eb4ab8\" data-element_type=\"section\">\n\t\t\t\t\t\t<div class=\"elementor-container elementor-column-gap-default\">\n\t\t\t\t\t<div class=\"elementor-column elementor-col-100 elementor-top-column elementor-element elementor-element-4d853c8\" data-id=\"4d853c8\" data-element_type=\"column\">\n\t\t\t<div class=\"elementor-widget-wrap elementor-element-populated\">\n\t\t\t\t\t\t<div class=\"elementor-element elementor-element-535d6ad elementor-widget elementor-widget-text-editor\" data-id=\"535d6ad\" data-element_type=\"widget\" data-widget_type=\"text-editor.default\">\n\t\t\t\t<div class=\"elementor-widget-container\">\n\t\t\t\t\t\t\t\t\t<p style=\"text-align: center;\">El Macabeo es una variedad importante e hist\u00f3ricamente presente en Vallbona de les Monges y en Costers del Segre. Desde sus inicios, L\u2019Olivera ha hecho una apuesta por esta variedad y para descubrir el potencial de la misma. Los monovarietales de Macabeo de L\u2019Olivera son el resultado de la exploraci\u00f3n de diferentes elaboraciones en b\u00fasqueda de su expresi\u00f3n sutil, a la vez que se participa en la creaci\u00f3n de vinos complejos.<\/p>\n\t\t\t\t\t\t\t\t<\/div>\n\t\t\t\t<\/div>\n\t\t\t\t\t<\/div>\n\t\t<\/div>\n\t\t\t\t\t<\/div>\n\t\t<\/section>\n\t\t\t\t<section class=\"elementor-section elementor-top-section elementor-element elementor-element-e2337be elementor-section-boxed elementor-section-height-default elementor-section-height-default\" data-id=\"e2337be\" data-element_type=\"section\">\n\t\t\t\t\t\t<div class=\"elementor-container elementor-column-gap-default\">\n\t\t\t\t\t<div class=\"elementor-column elementor-col-100 elementor-top-column elementor-element elementor-element-30ba070\" data-id=\"30ba070\" data-element_type=\"column\">\n\t\t\t<div class=\"elementor-widget-wrap elementor-element-populated\">\n\t\t\t\t\t\t<div class=\"elementor-element elementor-element-0905992 elementor-widget elementor-widget-olivera-productlisting\" data-id=\"0905992\" data-element_type=\"widget\" data-widget_type=\"olivera-productlisting.default\">\n\t\t\t\t<div class=\"elementor-widget-container\">\n\t\t\t\t\t<div class=\"product-listing-container\" data-slider=\"no\"><div class=\"product-list\"><article class=\"entry\"><a href=\"https:\/\/olivera.org\/es\/producte\/agaliu-vino-blanco\/\"><img loading=\"lazy\" decoding=\"async\" width=\"600\" height=\"899\" src=\"https:\/\/olivera.org\/wp-content\/uploads\/2020\/10\/lasembra-olivera-fotos20--600x899.png\" class=\"attachment-woocommerce_thumbnail size-woocommerce_thumbnail\" alt=\"Agaliu\" srcset=\"https:\/\/olivera.org\/wp-content\/uploads\/2020\/10\/lasembra-olivera-fotos20--600x899.png 600w, https:\/\/olivera.org\/wp-content\/uploads\/2020\/10\/lasembra-olivera-fotos20--200x300.png 200w, https:\/\/olivera.org\/wp-content\/uploads\/2020\/10\/lasembra-olivera-fotos20--683x1024.png 683w, https:\/\/olivera.org\/wp-content\/uploads\/2020\/10\/lasembra-olivera-fotos20--768x1151.png 768w, https:\/\/olivera.org\/wp-content\/uploads\/2020\/10\/lasembra-olivera-fotos20--1025x1536.png 1025w, https:\/\/olivera.org\/wp-content\/uploads\/2020\/10\/lasembra-olivera-fotos20--1367x2048.png 1367w\" sizes=\"(max-width: 600px) 100vw, 600px\" \/><h1 class=\"title\">Agaliu<\/h1><\/a><\/article><article class=\"entry\"><a href=\"https:\/\/olivera.org\/es\/producte\/missenyora\/\"><img loading=\"lazy\" decoding=\"async\" width=\"600\" height=\"899\" src=\"https:\/\/olivera.org\/wp-content\/uploads\/2020\/10\/lasembra-olivera-fotos28--600x899.png\" class=\"attachment-woocommerce_thumbnail size-woocommerce_thumbnail\" alt=\"Missenyora\" srcset=\"https:\/\/olivera.org\/wp-content\/uploads\/2020\/10\/lasembra-olivera-fotos28--600x899.png 600w, https:\/\/olivera.org\/wp-content\/uploads\/2020\/10\/lasembra-olivera-fotos28--200x300.png 200w, https:\/\/olivera.org\/wp-content\/uploads\/2020\/10\/lasembra-olivera-fotos28--683x1024.png 683w, https:\/\/olivera.org\/wp-content\/uploads\/2020\/10\/lasembra-olivera-fotos28--768x1151.png 768w, https:\/\/olivera.org\/wp-content\/uploads\/2020\/10\/lasembra-olivera-fotos28--1025x1536.png 1025w, https:\/\/olivera.org\/wp-content\/uploads\/2020\/10\/lasembra-olivera-fotos28--1367x2048.png 1367w\" sizes=\"(max-width: 600px) 100vw, 600px\" \/><h1 class=\"title\">Missenyora<\/h1><\/a><\/article><article class=\"entry\"><a href=\"https:\/\/olivera.org\/es\/producte\/v89-vino-blanco-macabeo-ecologico\/\"><img loading=\"lazy\" decoding=\"async\" width=\"600\" height=\"716\" src=\"https:\/\/olivera.org\/wp-content\/uploads\/2020\/10\/V89-600x716.png\" class=\"attachment-woocommerce_thumbnail size-woocommerce_thumbnail\" alt=\"vino blanco macabeo ecologico\" srcset=\"https:\/\/olivera.org\/wp-content\/uploads\/2020\/10\/V89-600x716.png 600w, https:\/\/olivera.org\/wp-content\/uploads\/2020\/10\/V89-251x300.png 251w, https:\/\/olivera.org\/wp-content\/uploads\/2020\/10\/V89-768x917.png 768w, https:\/\/olivera.org\/wp-content\/uploads\/2020\/10\/V89.png 784w\" sizes=\"(max-width: 600px) 100vw, 600px\" \/><h1 class=\"title\">V89<\/h1><\/a><\/article><\/div><\/div>\t\t\t\t<\/div>\n\t\t\t\t<\/div>\n\t\t\t\t\t<\/div>\n\t\t<\/div>\n\t\t\t\t\t<\/div>\n\t\t<\/section>\n\t\t\t\t<section class=\"elementor-section elementor-top-section elementor-element elementor-element-aa1e02f elementor-section-boxed elementor-section-height-default elementor-section-height-default\" data-id=\"aa1e02f\" data-element_type=\"section\">\n\t\t\t\t\t\t<div class=\"elementor-container elementor-column-gap-default\">\n\t\t\t\t\t<div class=\"elementor-column elementor-col-100 elementor-top-column elementor-element elementor-element-ac338e4\" data-id=\"ac338e4\" data-element_type=\"column\">\n\t\t\t<div class=\"elementor-widget-wrap elementor-element-populated\">\n\t\t\t\t\t\t<div class=\"elementor-element elementor-element-fe6601f elementor-widget elementor-widget-heading\" data-id=\"fe6601f\" data-element_type=\"widget\" data-widget_type=\"heading.default\">\n\t\t\t\t<div class=\"elementor-widget-container\">\n\t\t\t\t\t<h3 class=\"elementor-heading-title elementor-size-xl\">Vinos singulares<\/h3>\t\t\t\t<\/div>\n\t\t\t\t<\/div>\n\t\t\t\t\t<\/div>\n\t\t<\/div>\n\t\t\t\t\t<\/div>\n\t\t<\/section>\n\t\t\t\t<section class=\"elementor-section elementor-top-section elementor-element elementor-element-a3f05de elementor-section-boxed elementor-section-height-default elementor-section-height-default\" data-id=\"a3f05de\" data-element_type=\"section\">\n\t\t\t\t\t\t<div class=\"elementor-container elementor-column-gap-default\">\n\t\t\t\t\t<div class=\"elementor-column elementor-col-100 elementor-top-column elementor-element elementor-element-662af07\" data-id=\"662af07\" data-element_type=\"column\">\n\t\t\t<div class=\"elementor-widget-wrap elementor-element-populated\">\n\t\t\t\t\t\t<div class=\"elementor-element elementor-element-eaa8a20 elementor-widget elementor-widget-text-editor\" data-id=\"eaa8a20\" data-element_type=\"widget\" data-widget_type=\"text-editor.default\">\n\t\t\t\t<div class=\"elementor-widget-container\">\n\t\t\t\t\t\t\t\t\t<p style=\"text-align: center;\">Vinos que quieren ser un reflejo n\u00edtido del paisaje de donde provienen, un paisaje singular que da vinos singulares. Personalidades buscadas en cada vino para que cada uno exprese, a su manera, el mosaico agrario y territorial \u00fanico que lo ha visto nacer. Variedades recuperadas, elaboraciones tradicionales o expresiones varietales singulares son las propuestas enol\u00f3gicas que estos vinos esconden.<\/p>\n\t\t\t\t\t\t\t\t<\/div>\n\t\t\t\t<\/div>\n\t\t\t\t\t<\/div>\n\t\t<\/div>\n\t\t\t\t\t<\/div>\n\t\t<\/section>\n\t\t\t\t<section class=\"elementor-section elementor-top-section elementor-element elementor-element-0da122d elementor-section-boxed elementor-section-height-default elementor-section-height-default\" data-id=\"0da122d\" data-element_type=\"section\">\n\t\t\t\t\t\t<div class=\"elementor-container elementor-column-gap-default\">\n\t\t\t\t\t<div class=\"elementor-column elementor-col-100 elementor-top-column elementor-element elementor-element-0a1557d\" data-id=\"0a1557d\" data-element_type=\"column\">\n\t\t\t<div class=\"elementor-widget-wrap elementor-element-populated\">\n\t\t\t\t\t\t<div class=\"elementor-element elementor-element-9b75378 elementor-widget elementor-widget-olivera-productlisting\" data-id=\"9b75378\" data-element_type=\"widget\" data-widget_type=\"olivera-productlisting.default\">\n\t\t\t\t<div class=\"elementor-widget-container\">\n\t\t\t\t\t<div class=\"product-listing-container\" data-slider=\"no\"><div class=\"product-list\"><article class=\"entry\"><a href=\"https:\/\/olivera.org\/es\/producte\/blanc-de-marges\/\"><img loading=\"lazy\" decoding=\"async\" width=\"600\" height=\"716\" src=\"https:\/\/olivera.org\/wp-content\/uploads\/2020\/10\/blancmarges-600x716-1.png\" class=\"attachment-woocommerce_thumbnail size-woocommerce_thumbnail\" alt=\"blanc-de-marges\" srcset=\"https:\/\/olivera.org\/wp-content\/uploads\/2020\/10\/blancmarges-600x716-1.png 600w, https:\/\/olivera.org\/wp-content\/uploads\/2020\/10\/blancmarges-600x716-1-251x300.png 251w\" sizes=\"(max-width: 600px) 100vw, 600px\" \/><h1 class=\"title\">Blanc de Marges<\/h1><\/a><\/article><article class=\"entry\"><a href=\"https:\/\/olivera.org\/es\/producte\/eixaders\/\"><img loading=\"lazy\" decoding=\"async\" width=\"600\" height=\"716\" src=\"https:\/\/olivera.org\/wp-content\/uploads\/2020\/10\/Eixaders_2023.png\" class=\"attachment-woocommerce_thumbnail size-woocommerce_thumbnail\" alt=\"eixaders\" srcset=\"https:\/\/olivera.org\/wp-content\/uploads\/2020\/10\/Eixaders_2023.png 600w, https:\/\/olivera.org\/wp-content\/uploads\/2020\/10\/Eixaders_2023-251x300.png 251w\" sizes=\"(max-width: 600px) 100vw, 600px\" \/><h1 class=\"title\">Eixaders<\/h1><\/a><\/article><article class=\"entry\"><a href=\"https:\/\/olivera.org\/es\/producte\/naltres-vino-tinto\/\"><img loading=\"lazy\" decoding=\"async\" width=\"600\" height=\"716\" src=\"https:\/\/olivera.org\/wp-content\/uploads\/2020\/10\/naltres-600x716.png\" class=\"attachment-woocommerce_thumbnail size-woocommerce_thumbnail\" alt=\"Naltres\" srcset=\"https:\/\/olivera.org\/wp-content\/uploads\/2020\/10\/naltres-600x716.png 600w, https:\/\/olivera.org\/wp-content\/uploads\/2020\/10\/naltres-251x300.png 251w, https:\/\/olivera.org\/wp-content\/uploads\/2020\/10\/naltres-768x917.png 768w, https:\/\/olivera.org\/wp-content\/uploads\/2020\/10\/naltres.png 784w\" sizes=\"(max-width: 600px) 100vw, 600px\" \/><h1 class=\"title\">Naltres<\/h1><\/a><\/article><article class=\"entry\"><a href=\"https:\/\/olivera.org\/es\/producte\/vino-de-los-50-anos\/\"><img loading=\"lazy\" decoding=\"async\" width=\"600\" height=\"716\" src=\"https:\/\/olivera.org\/wp-content\/uploads\/2024\/06\/VI50-web.png\" class=\"attachment-woocommerce_thumbnail size-woocommerce_thumbnail\" alt=\"Vino de los 50 a\u00f1os\" srcset=\"https:\/\/olivera.org\/wp-content\/uploads\/2024\/06\/VI50-web.png 600w, https:\/\/olivera.org\/wp-content\/uploads\/2024\/06\/VI50-web-251x300.png 251w\" sizes=\"(max-width: 600px) 100vw, 600px\" \/><h1 class=\"title\">Vino de los 50 a\u00f1os<\/h1><\/a><\/article><\/div><\/div>\t\t\t\t<\/div>\n\t\t\t\t<\/div>\n\t\t\t\t\t<\/div>\n\t\t<\/div>\n\t\t\t\t\t<\/div>\n\t\t<\/section>\n\t\t\t\t<section class=\"elementor-section elementor-top-section elementor-element elementor-element-165e6b9 elementor-section-boxed elementor-section-height-default elementor-section-height-default\" data-id=\"165e6b9\" data-element_type=\"section\">\n\t\t\t\t\t\t<div class=\"elementor-container elementor-column-gap-default\">\n\t\t\t\t\t<div class=\"elementor-column elementor-col-100 elementor-top-column elementor-element elementor-element-6fac817\" data-id=\"6fac817\" data-element_type=\"column\">\n\t\t\t<div class=\"elementor-widget-wrap elementor-element-populated\">\n\t\t\t\t\t\t<div class=\"elementor-element elementor-element-063630f elementor-widget elementor-widget-heading\" data-id=\"063630f\" data-element_type=\"widget\" data-widget_type=\"heading.default\">\n\t\t\t\t<div class=\"elementor-widget-container\">\n\t\t\t\t\t<h3 class=\"elementor-heading-title elementor-size-xl\">Vinos urbanos<\/h3>\t\t\t\t<\/div>\n\t\t\t\t<\/div>\n\t\t\t\t\t<\/div>\n\t\t<\/div>\n\t\t\t\t\t<\/div>\n\t\t<\/section>\n\t\t\t\t<section class=\"elementor-section elementor-top-section elementor-element elementor-element-b3e019b elementor-section-boxed elementor-section-height-default elementor-section-height-default\" data-id=\"b3e019b\" data-element_type=\"section\">\n\t\t\t\t\t\t<div class=\"elementor-container elementor-column-gap-default\">\n\t\t\t\t\t<div class=\"elementor-column elementor-col-100 elementor-top-column elementor-element elementor-element-781da99\" data-id=\"781da99\" data-element_type=\"column\">\n\t\t\t<div class=\"elementor-widget-wrap elementor-element-populated\">\n\t\t\t\t\t\t<div class=\"elementor-element elementor-element-5f53c62 elementor-widget elementor-widget-text-editor\" data-id=\"5f53c62\" data-element_type=\"widget\" data-widget_type=\"text-editor.default\">\n\t\t\t\t<div class=\"elementor-widget-container\">\n\t\t\t\t\t\t\t\t\t<p style=\"text-align: center;\">Vinos que nacen en vi\u00f1as urbanas, en la finca de Can Calopa, en el Parc Natural de Collserola en Barcelona y en la finca de Can Gamb\u00fas, en el Parc Agrari de Sabadell. Dos proyectos que abanderan la recuperaci\u00f3n de la actividad agr\u00edcola vinculada a las grandes ciudades. Vinos fieles a sus paisajes periurbanos, con una mirada contempor\u00e1nea a la tradici\u00f3n agr\u00edcola de estas zonas.<\/p>\n\t\t\t\t\t\t\t\t<\/div>\n\t\t\t\t<\/div>\n\t\t\t\t\t<\/div>\n\t\t<\/div>\n\t\t\t\t\t<\/div>\n\t\t<\/section>\n\t\t\t\t<section class=\"elementor-section elementor-top-section elementor-element elementor-element-7e2cee2 elementor-section-boxed elementor-section-height-default elementor-section-height-default\" data-id=\"7e2cee2\" data-element_type=\"section\">\n\t\t\t\t\t\t<div class=\"elementor-container elementor-column-gap-default\">\n\t\t\t\t\t<div class=\"elementor-column elementor-col-100 elementor-top-column elementor-element elementor-element-1cba5a7\" data-id=\"1cba5a7\" data-element_type=\"column\">\n\t\t\t<div class=\"elementor-widget-wrap elementor-element-populated\">\n\t\t\t\t\t\t<div class=\"elementor-element elementor-element-8899966 elementor-widget elementor-widget-olivera-productlisting\" data-id=\"8899966\" data-element_type=\"widget\" data-widget_type=\"olivera-productlisting.default\">\n\t\t\t\t<div class=\"elementor-widget-container\">\n\t\t\t\t\t<div class=\"product-listing-container\" data-slider=\"no\"><div class=\"product-list\"><article class=\"entry\"><a href=\"https:\/\/olivera.org\/es\/producte\/vinyes-de-barcelona\/\"><img loading=\"lazy\" decoding=\"async\" width=\"600\" height=\"899\" src=\"https:\/\/olivera.org\/wp-content\/uploads\/2020\/11\/lasembra-olivera-fotos04--600x899.png\" class=\"attachment-woocommerce_thumbnail size-woocommerce_thumbnail\" alt=\"Vinyes de Barcelona tinto\" srcset=\"https:\/\/olivera.org\/wp-content\/uploads\/2020\/11\/lasembra-olivera-fotos04--600x899.png 600w, https:\/\/olivera.org\/wp-content\/uploads\/2020\/11\/lasembra-olivera-fotos04--200x300.png 200w, https:\/\/olivera.org\/wp-content\/uploads\/2020\/11\/lasembra-olivera-fotos04--683x1024.png 683w, https:\/\/olivera.org\/wp-content\/uploads\/2020\/11\/lasembra-olivera-fotos04--768x1151.png 768w, https:\/\/olivera.org\/wp-content\/uploads\/2020\/11\/lasembra-olivera-fotos04--1025x1536.png 1025w, https:\/\/olivera.org\/wp-content\/uploads\/2020\/11\/lasembra-olivera-fotos04--1366x2048.png 1366w\" sizes=\"(max-width: 600px) 100vw, 600px\" \/><h1 class=\"title\">Vinyes de Barcelona tinto<\/h1><\/a><\/article><article class=\"entry\"><a href=\"https:\/\/olivera.org\/es\/producte\/vinyes-de-barcelona-blanco\/\"><img loading=\"lazy\" decoding=\"async\" width=\"600\" height=\"899\" src=\"https:\/\/olivera.org\/wp-content\/uploads\/2025\/01\/lasembra-olivera-fotos09--600x899.png\" class=\"attachment-woocommerce_thumbnail size-woocommerce_thumbnail\" alt=\"Vinyes de Barcelona blanco\" srcset=\"https:\/\/olivera.org\/wp-content\/uploads\/2025\/01\/lasembra-olivera-fotos09--600x899.png 600w, https:\/\/olivera.org\/wp-content\/uploads\/2025\/01\/lasembra-olivera-fotos09--200x300.png 200w, https:\/\/olivera.org\/wp-content\/uploads\/2025\/01\/lasembra-olivera-fotos09--683x1024.png 683w, https:\/\/olivera.org\/wp-content\/uploads\/2025\/01\/lasembra-olivera-fotos09--768x1151.png 768w, https:\/\/olivera.org\/wp-content\/uploads\/2025\/01\/lasembra-olivera-fotos09--1025x1536.png 1025w, https:\/\/olivera.org\/wp-content\/uploads\/2025\/01\/lasembra-olivera-fotos09--1366x2048.png 1366w\" sizes=\"(max-width: 600px) 100vw, 600px\" \/><h1 class=\"title\">Vinyes de Barcelona blanco<\/h1><\/a><\/article><article class=\"entry\"><a href=\"https:\/\/olivera.org\/es\/producte\/arraona-blanc\/\"><img loading=\"lazy\" decoding=\"async\" width=\"600\" height=\"716\" src=\"https:\/\/olivera.org\/wp-content\/uploads\/2020\/11\/arraona-blanc-web.png\" class=\"attachment-woocommerce_thumbnail size-woocommerce_thumbnail\" alt=\"Arraona blanc\" srcset=\"https:\/\/olivera.org\/wp-content\/uploads\/2020\/11\/arraona-blanc-web.png 600w, https:\/\/olivera.org\/wp-content\/uploads\/2020\/11\/arraona-blanc-web-251x300.png 251w\" sizes=\"(max-width: 600px) 100vw, 600px\" \/><h1 class=\"title\">Arraona blanc<\/h1><\/a><\/article><article class=\"entry\"><a href=\"https:\/\/olivera.org\/es\/producte\/arraona-negre\/\"><img loading=\"lazy\" decoding=\"async\" width=\"600\" height=\"716\" src=\"https:\/\/olivera.org\/wp-content\/uploads\/2020\/11\/arraona-negre-web-1.png\" class=\"attachment-woocommerce_thumbnail size-woocommerce_thumbnail\" alt=\"Arraona negre\" srcset=\"https:\/\/olivera.org\/wp-content\/uploads\/2020\/11\/arraona-negre-web-1.png 600w, https:\/\/olivera.org\/wp-content\/uploads\/2020\/11\/arraona-negre-web-1-251x300.png 251w\" sizes=\"(max-width: 600px) 100vw, 600px\" \/><h1 class=\"title\">Arraona negre<\/h1><\/a><\/article><\/div><\/div>\t\t\t\t<\/div>\n\t\t\t\t<\/div>\n\t\t\t\t\t<\/div>\n\t\t<\/div>\n\t\t\t\t\t<\/div>\n\t\t<\/section>\n\t\t\t\t<section class=\"elementor-section elementor-top-section elementor-element elementor-element-154eaa5 elementor-section-boxed elementor-section-height-default elementor-section-height-default\" data-id=\"154eaa5\" data-element_type=\"section\">\n\t\t\t\t\t\t<div class=\"elementor-container elementor-column-gap-default\">\n\t\t\t\t\t<div class=\"elementor-column elementor-col-100 elementor-top-column elementor-element elementor-element-dc4bbc1\" data-id=\"dc4bbc1\" data-element_type=\"column\">\n\t\t\t<div class=\"elementor-widget-wrap elementor-element-populated\">\n\t\t\t\t\t\t<div class=\"elementor-element elementor-element-18a9dba elementor-widget elementor-widget-heading\" data-id=\"18a9dba\" data-element_type=\"widget\" data-widget_type=\"heading.default\">\n\t\t\t\t<div class=\"elementor-widget-container\">\n\t\t\t\t\t<h3 class=\"elementor-heading-title elementor-size-xl\">Proyecto Rasim<\/h3>\t\t\t\t<\/div>\n\t\t\t\t<\/div>\n\t\t\t\t\t<\/div>\n\t\t<\/div>\n\t\t\t\t\t<\/div>\n\t\t<\/section>\n\t\t\t\t<section class=\"elementor-section elementor-top-section elementor-element elementor-element-7174276 elementor-section-boxed elementor-section-height-default elementor-section-height-default\" data-id=\"7174276\" data-element_type=\"section\">\n\t\t\t\t\t\t<div class=\"elementor-container elementor-column-gap-default\">\n\t\t\t\t\t<div class=\"elementor-column elementor-col-100 elementor-top-column elementor-element elementor-element-a404099\" data-id=\"a404099\" data-element_type=\"column\">\n\t\t\t<div class=\"elementor-widget-wrap elementor-element-populated\">\n\t\t\t\t\t\t<div class=\"elementor-element elementor-element-35bb189 elementor-widget elementor-widget-text-editor\" data-id=\"35bb189\" data-element_type=\"widget\" data-widget_type=\"text-editor.default\">\n\t\t\t\t<div class=\"elementor-widget-container\">\n\t\t\t\t\t\t\t\t\t<p style=\"text-align: center;\">Rasim es un proyecto que nace de la pasi\u00f3n por los vinos dulces de sus promotores: Claret Serrahima, dise\u00f1ador barcelon\u00e9s y creador de nuestra imagen, y L\u2019Olivera. Un proyecto para hacer posible en nuestra zona lo que hemos conocido en otras regiones vit\u00edcolas hist\u00f3ricas: llegar a crear vinos dulces con elaboraciones singulares y reivindicar su lugar en nuestra gastronom\u00eda. Son vinos que se mueven siguiendo los ritmos requeridos por la naturaleza, pasificando sobre lechos de paja o bien en la misma cepa, a fin de concentrar la materia de forma natural. Elaboraciones lentas, arriesgadas, al l\u00edmite de la paciencia. El resultado son vinos de meditaci\u00f3n, vinos que requieren un tiempo para degustarlos y descubrir la complejidad que esconden.<\/p>\n\t\t\t\t\t\t\t\t<\/div>\n\t\t\t\t<\/div>\n\t\t\t\t\t<\/div>\n\t\t<\/div>\n\t\t\t\t\t<\/div>\n\t\t<\/section>\n\t\t\t\t<section class=\"elementor-section elementor-top-section elementor-element elementor-element-47ce02a elementor-section-boxed elementor-section-height-default elementor-section-height-default\" data-id=\"47ce02a\" data-element_type=\"section\">\n\t\t\t\t\t\t<div class=\"elementor-container elementor-column-gap-default\">\n\t\t\t\t\t<div class=\"elementor-column elementor-col-100 elementor-top-column elementor-element elementor-element-fb98dd1\" data-id=\"fb98dd1\" data-element_type=\"column\">\n\t\t\t<div class=\"elementor-widget-wrap elementor-element-populated\">\n\t\t\t\t\t\t<div class=\"elementor-element elementor-element-e021662 elementor-widget elementor-widget-olivera-productlisting\" data-id=\"e021662\" data-element_type=\"widget\" data-widget_type=\"olivera-productlisting.default\">\n\t\t\t\t<div class=\"elementor-widget-container\">\n\t\t\t\t\t<div class=\"product-listing-container\" data-slider=\"no\"><div class=\"product-list\"><article class=\"entry\"><a href=\"https:\/\/olivera.org\/es\/producte\/rasim-vipansit\/\"><img loading=\"lazy\" decoding=\"async\" width=\"600\" height=\"716\" src=\"https:\/\/olivera.org\/wp-content\/uploads\/2020\/10\/rasimvipansit-600x716-1.png\" class=\"attachment-woocommerce_thumbnail size-woocommerce_thumbnail\" alt=\"rasim-vipansit\" srcset=\"https:\/\/olivera.org\/wp-content\/uploads\/2020\/10\/rasimvipansit-600x716-1.png 600w, https:\/\/olivera.org\/wp-content\/uploads\/2020\/10\/rasimvipansit-600x716-1-251x300.png 251w\" sizes=\"(max-width: 600px) 100vw, 600px\" \/><h1 class=\"title\">Rasim Vipansit<\/h1><\/a><\/article><article class=\"entry\"><a href=\"https:\/\/olivera.org\/es\/producte\/rasim-vimadur\/\"><img loading=\"lazy\" decoding=\"async\" width=\"600\" height=\"716\" src=\"https:\/\/olivera.org\/wp-content\/uploads\/2020\/10\/rasimvimadur-600x716-1.png\" class=\"attachment-woocommerce_thumbnail size-woocommerce_thumbnail\" alt=\"rasim-vimadur\" srcset=\"https:\/\/olivera.org\/wp-content\/uploads\/2020\/10\/rasimvimadur-600x716-1.png 600w, https:\/\/olivera.org\/wp-content\/uploads\/2020\/10\/rasimvimadur-600x716-1-251x300.png 251w\" sizes=\"(max-width: 600px) 100vw, 600px\" \/><h1 class=\"title\">Rasim Vimadur<\/h1><\/a><\/article><\/div><\/div>\t\t\t\t<\/div>\n\t\t\t\t<\/div>\n\t\t\t\t\t<\/div>\n\t\t<\/div>\n\t\t\t\t\t<\/div>\n\t\t<\/section>\n\t\t\t\t<section class=\"elementor-section elementor-top-section elementor-element elementor-element-7c0c910 elementor-section-boxed elementor-section-height-default elementor-section-height-default\" data-id=\"7c0c910\" data-element_type=\"section\">\n\t\t\t\t\t\t<div class=\"elementor-container elementor-column-gap-default\">\n\t\t\t\t\t<div class=\"elementor-column elementor-col-100 elementor-top-column elementor-element elementor-element-2da8128\" data-id=\"2da8128\" data-element_type=\"column\">\n\t\t\t<div class=\"elementor-widget-wrap elementor-element-populated\">\n\t\t\t\t\t\t<div class=\"elementor-element elementor-element-733ae24 elementor-widget elementor-widget-heading\" data-id=\"733ae24\" data-element_type=\"widget\" data-widget_type=\"heading.default\">\n\t\t\t\t<div class=\"elementor-widget-container\">\n\t\t\t\t\t<h3 class=\"elementor-heading-title elementor-size-xl\">Vinos experimentales<\/h3>\t\t\t\t<\/div>\n\t\t\t\t<\/div>\n\t\t\t\t\t<\/div>\n\t\t<\/div>\n\t\t\t\t\t<\/div>\n\t\t<\/section>\n\t\t\t\t<section class=\"elementor-section elementor-top-section elementor-element elementor-element-e065477 elementor-section-boxed elementor-section-height-default elementor-section-height-default\" data-id=\"e065477\" data-element_type=\"section\">\n\t\t\t\t\t\t<div class=\"elementor-container elementor-column-gap-default\">\n\t\t\t\t\t<div class=\"elementor-column elementor-col-100 elementor-top-column elementor-element elementor-element-afbbbe7\" data-id=\"afbbbe7\" data-element_type=\"column\">\n\t\t\t<div class=\"elementor-widget-wrap elementor-element-populated\">\n\t\t\t\t\t\t<div class=\"elementor-element elementor-element-b77c9fb elementor-widget elementor-widget-text-editor\" data-id=\"b77c9fb\" data-element_type=\"widget\" data-widget_type=\"text-editor.default\">\n\t\t\t\t<div class=\"elementor-widget-container\">\n\t\t\t\t\t\t\t\t\t<p style=\"text-align: center;\">Vinos que nacen de la inquietud y la pregunta permanente, la que nos mueve a buscar nuevas formas de interpretar el vino, nuevas elaboraciones y nuevas miradas en la vi\u00f1a y en la bodega. Vinos con vocaci\u00f3n experimental, que dibujan las l\u00edneas en viticultura y enolog\u00eda con las cuales vamos avanzando en nuestro itinerario inquieto hacia la b\u00fasqueda y la innovaci\u00f3n.<\/p>\n\t\t\t\t\t\t\t\t<\/div>\n\t\t\t\t<\/div>\n\t\t\t\t\t<\/div>\n\t\t<\/div>\n\t\t\t\t\t<\/div>\n\t\t<\/section>\n\t\t\t\t<section class=\"elementor-section elementor-top-section elementor-element elementor-element-b2f0518 elementor-section-boxed elementor-section-height-default elementor-section-height-default\" data-id=\"b2f0518\" data-element_type=\"section\">\n\t\t\t\t\t\t<div class=\"elementor-container elementor-column-gap-default\">\n\t\t\t\t\t<div class=\"elementor-column elementor-col-100 elementor-top-column elementor-element elementor-element-bd76d17\" data-id=\"bd76d17\" data-element_type=\"column\">\n\t\t\t<div class=\"elementor-widget-wrap elementor-element-populated\">\n\t\t\t\t\t\t<div class=\"elementor-element elementor-element-44a5a27 elementor-widget elementor-widget-olivera-productlisting\" data-id=\"44a5a27\" data-element_type=\"widget\" data-widget_type=\"olivera-productlisting.default\">\n\t\t\t\t<div class=\"elementor-widget-container\">\n\t\t\t\t\t<div class=\"product-listing-container\" data-slider=\"no\"><div class=\"product-list\"><article class=\"entry\"><a href=\"https:\/\/olivera.org\/es\/producte\/vinyes-trobades\/\"><img loading=\"lazy\" decoding=\"async\" width=\"600\" height=\"716\" src=\"https:\/\/olivera.org\/wp-content\/uploads\/2020\/10\/vinyes-trobades-negre-600x716.png\" class=\"attachment-woocommerce_thumbnail size-woocommerce_thumbnail\" alt=\"vinyes-trobades\" srcset=\"https:\/\/olivera.org\/wp-content\/uploads\/2020\/10\/vinyes-trobades-negre-600x716.png 600w, https:\/\/olivera.org\/wp-content\/uploads\/2020\/10\/vinyes-trobades-negre-251x300.png 251w, https:\/\/olivera.org\/wp-content\/uploads\/2020\/10\/vinyes-trobades-negre-768x917.png 768w, https:\/\/olivera.org\/wp-content\/uploads\/2020\/10\/vinyes-trobades-negre.png 784w\" sizes=\"(max-width: 600px) 100vw, 600px\" \/><h1 class=\"title\">Vinyes Trobades<\/h1><\/a><\/article><article class=\"entry\"><a href=\"https:\/\/olivera.org\/es\/producte\/negre-natural-de-can-calopa\/\"><img loading=\"lazy\" decoding=\"async\" width=\"600\" height=\"899\" src=\"https:\/\/olivera.org\/wp-content\/uploads\/2020\/12\/lasembra-olivera-fotos15--600x899.png\" class=\"attachment-woocommerce_thumbnail size-woocommerce_thumbnail\" alt=\"Negre de Can Calopa\" srcset=\"https:\/\/olivera.org\/wp-content\/uploads\/2020\/12\/lasembra-olivera-fotos15--600x899.png 600w, https:\/\/olivera.org\/wp-content\/uploads\/2020\/12\/lasembra-olivera-fotos15--200x300.png 200w, https:\/\/olivera.org\/wp-content\/uploads\/2020\/12\/lasembra-olivera-fotos15--683x1024.png 683w, https:\/\/olivera.org\/wp-content\/uploads\/2020\/12\/lasembra-olivera-fotos15--768x1151.png 768w, https:\/\/olivera.org\/wp-content\/uploads\/2020\/12\/lasembra-olivera-fotos15--1025x1536.png 1025w, https:\/\/olivera.org\/wp-content\/uploads\/2020\/12\/lasembra-olivera-fotos15--1366x2048.png 1366w\" sizes=\"(max-width: 600px) 100vw, 600px\" \/><h1 class=\"title\">Negre de Can Calopa<\/h1><\/a><\/article><\/div><\/div>\t\t\t\t<\/div>\n\t\t\t\t<\/div>\n\t\t\t\t\t<\/div>\n\t\t<\/div>\n\t\t\t\t\t<\/div>\n\t\t<\/section>\n\t\t\t\t<section class=\"elementor-section elementor-top-section elementor-element elementor-element-18ce00c elementor-section-boxed elementor-section-height-default elementor-section-height-default\" data-id=\"18ce00c\" data-element_type=\"section\">\n\t\t\t\t\t\t<div class=\"elementor-container elementor-column-gap-default\">\n\t\t\t\t\t<div class=\"elementor-column elementor-col-100 elementor-top-column elementor-element elementor-element-bfe2965\" data-id=\"bfe2965\" data-element_type=\"column\">\n\t\t\t<div class=\"elementor-widget-wrap elementor-element-populated\">\n\t\t\t\t\t\t<div class=\"elementor-element elementor-element-f5bfcca elementor-widget elementor-widget-heading\" data-id=\"f5bfcca\" data-element_type=\"widget\" data-widget_type=\"heading.default\">\n\t\t\t\t<div class=\"elementor-widget-container\">\n\t\t\t\t\t<h3 class=\"elementor-heading-title elementor-size-xl\">Los espumosos<\/h3>\t\t\t\t<\/div>\n\t\t\t\t<\/div>\n\t\t\t\t\t<\/div>\n\t\t<\/div>\n\t\t\t\t\t<\/div>\n\t\t<\/section>\n\t\t\t\t<section class=\"elementor-section elementor-top-section elementor-element elementor-element-bbd929e elementor-section-boxed elementor-section-height-default elementor-section-height-default\" data-id=\"bbd929e\" data-element_type=\"section\">\n\t\t\t\t\t\t<div class=\"elementor-container elementor-column-gap-default\">\n\t\t\t\t\t<div class=\"elementor-column elementor-col-100 elementor-top-column elementor-element elementor-element-4ccfee0\" data-id=\"4ccfee0\" data-element_type=\"column\">\n\t\t\t<div class=\"elementor-widget-wrap elementor-element-populated\">\n\t\t\t\t\t\t<div class=\"elementor-element elementor-element-952bbe3 elementor-widget elementor-widget-text-editor\" data-id=\"952bbe3\" data-element_type=\"widget\" data-widget_type=\"text-editor.default\">\n\t\t\t\t<div class=\"elementor-widget-container\">\n\t\t\t\t\t\t\t\t\t<p style=\"text-align: center;\">Los espumosos de L\u2019Olivera son el resultado de la intuici\u00f3n inicial que el nuestro era un paisaje capaz de darnos vinos espumosos singulares, con las variedades hist\u00f3ricas como base.<br \/>Es as\u00ed c\u00f3mo a principios de los 90 L\u2019Olivera empieza a elaborar vinos espumosos, siguiendo el m\u00e9todo tradicional y con la mirada puesta en el respeto al car\u00e1cter de cada variedad para elaborar unos espumosos de burbuja fina, frescos y de crianzas medias y largas.<\/p>\n\t\t\t\t\t\t\t\t<\/div>\n\t\t\t\t<\/div>\n\t\t\t\t\t<\/div>\n\t\t<\/div>\n\t\t\t\t\t<\/div>\n\t\t<\/section>\n\t\t\t\t<section class=\"elementor-section elementor-top-section elementor-element elementor-element-81f3dba elementor-section-boxed elementor-section-height-default elementor-section-height-default\" data-id=\"81f3dba\" data-element_type=\"section\">\n\t\t\t\t\t\t<div class=\"elementor-container elementor-column-gap-default\">\n\t\t\t\t\t<div class=\"elementor-column elementor-col-100 elementor-top-column elementor-element elementor-element-249a786\" data-id=\"249a786\" data-element_type=\"column\">\n\t\t\t<div class=\"elementor-widget-wrap elementor-element-populated\">\n\t\t\t\t\t\t<div class=\"elementor-element elementor-element-a92757e elementor-widget elementor-widget-olivera-productlisting\" data-id=\"a92757e\" data-element_type=\"widget\" data-widget_type=\"olivera-productlisting.default\">\n\t\t\t\t<div class=\"elementor-widget-container\">\n\t\t\t\t\t<div class=\"product-listing-container\" data-slider=\"no\"><div class=\"product-list\"><article class=\"entry\"><a href=\"https:\/\/olivera.org\/es\/producte\/lolivera-reserva\/\"><img loading=\"lazy\" decoding=\"async\" width=\"600\" height=\"716\" src=\"https:\/\/olivera.org\/wp-content\/uploads\/2020\/10\/escR-600x716-1.png\" class=\"attachment-woocommerce_thumbnail size-woocommerce_thumbnail\" alt=\"olivera-reserva\" srcset=\"https:\/\/olivera.org\/wp-content\/uploads\/2020\/10\/escR-600x716-1.png 600w, https:\/\/olivera.org\/wp-content\/uploads\/2020\/10\/escR-600x716-1-251x300.png 251w\" sizes=\"(max-width: 600px) 100vw, 600px\" \/><h1 class=\"title\">L'Olivera Reserva<\/h1><\/a><\/article><article class=\"entry\"><a href=\"https:\/\/olivera.org\/es\/producte\/lolivera-reserva-superior\/\"><img loading=\"lazy\" decoding=\"async\" width=\"600\" height=\"716\" src=\"https:\/\/olivera.org\/wp-content\/uploads\/2020\/10\/escRS-600x716-1.png\" class=\"attachment-woocommerce_thumbnail size-woocommerce_thumbnail\" alt=\"olivera-reserva-superior\" srcset=\"https:\/\/olivera.org\/wp-content\/uploads\/2020\/10\/escRS-600x716-1.png 600w, https:\/\/olivera.org\/wp-content\/uploads\/2020\/10\/escRS-600x716-1-251x300.png 251w\" sizes=\"(max-width: 600px) 100vw, 600px\" \/><h1 class=\"title\">L'Olivera Reserva Superior<\/h1><\/a><\/article><\/div><\/div>\t\t\t\t<\/div>\n\t\t\t\t<\/div>\n\t\t\t\t\t<\/div>\n\t\t<\/div>\n\t\t\t\t\t<\/div>\n\t\t<\/section>\n\t\t\t\t<section class=\"elementor-section elementor-top-section elementor-element elementor-element-6abd369 elementor-section-boxed elementor-section-height-default elementor-section-height-default\" data-id=\"6abd369\" data-element_type=\"section\">\n\t\t\t\t\t\t<div class=\"elementor-container elementor-column-gap-default\">\n\t\t\t\t\t<div class=\"elementor-column elementor-col-100 elementor-top-column elementor-element elementor-element-316b797\" data-id=\"316b797\" data-element_type=\"column\">\n\t\t\t<div class=\"elementor-widget-wrap elementor-element-populated\">\n\t\t\t\t\t\t<div class=\"elementor-element elementor-element-d4a0591 elementor-widget elementor-widget-heading\" data-id=\"d4a0591\" data-element_type=\"widget\" data-widget_type=\"heading.default\">\n\t\t\t\t<div class=\"elementor-widget-container\">\n\t\t\t\t\t<h3 class=\"elementor-heading-title elementor-size-xl\">Vinos de cada d\u00eda<\/h3>\t\t\t\t<\/div>\n\t\t\t\t<\/div>\n\t\t\t\t\t<\/div>\n\t\t<\/div>\n\t\t\t\t\t<\/div>\n\t\t<\/section>\n\t\t\t\t<section class=\"elementor-section elementor-top-section elementor-element elementor-element-885236d elementor-section-boxed elementor-section-height-default elementor-section-height-default\" data-id=\"885236d\" data-element_type=\"section\">\n\t\t\t\t\t\t<div class=\"elementor-container elementor-column-gap-default\">\n\t\t\t\t\t<div class=\"elementor-column elementor-col-100 elementor-top-column elementor-element elementor-element-99f0bf8\" data-id=\"99f0bf8\" data-element_type=\"column\">\n\t\t\t<div class=\"elementor-widget-wrap elementor-element-populated\">\n\t\t\t\t\t\t<div class=\"elementor-element elementor-element-bb206dc elementor-widget elementor-widget-text-editor\" data-id=\"bb206dc\" data-element_type=\"widget\" data-widget_type=\"text-editor.default\">\n\t\t\t\t<div class=\"elementor-widget-container\">\n\t\t\t\t\t\t\t\t\t<p style=\"text-align: center;\">Una forma pensada para el consumo cotidiano del vino, alimento central de la dieta mediterr\u00e1nea. Los Vinos de Cada D\u00eda son los acompa\u00f1antes perfectos en nuestra mesa diaria: frescos, \u00e1giles y que combinan con todo. El envase es de f\u00e1cil servicio y conserva el vino en buenas condiciones.<\/p>\n\t\t\t\t\t\t\t\t<\/div>\n\t\t\t\t<\/div>\n\t\t\t\t\t<\/div>\n\t\t<\/div>\n\t\t\t\t\t<\/div>\n\t\t<\/section>\n\t\t\t\t<section class=\"elementor-section elementor-top-section elementor-element elementor-element-2d5f24a elementor-section-boxed elementor-section-height-default elementor-section-height-default\" data-id=\"2d5f24a\" data-element_type=\"section\">\n\t\t\t\t\t\t<div class=\"elementor-container elementor-column-gap-default\">\n\t\t\t\t\t<div class=\"elementor-column elementor-col-100 elementor-top-column elementor-element elementor-element-69cc7bf\" data-id=\"69cc7bf\" data-element_type=\"column\">\n\t\t\t<div class=\"elementor-widget-wrap elementor-element-populated\">\n\t\t\t\t\t\t<div class=\"elementor-element elementor-element-86da03e elementor-widget elementor-widget-olivera-productlisting\" data-id=\"86da03e\" data-element_type=\"widget\" data-widget_type=\"olivera-productlisting.default\">\n\t\t\t\t<div class=\"elementor-widget-container\">\n\t\t\t\t\t<div class=\"product-listing-container\" data-slider=\"no\"><div class=\"product-list\"><article class=\"entry\"><a href=\"https:\/\/olivera.org\/es\/producte\/vino-de-cada-dia-blanco-3l\/\"><img loading=\"lazy\" decoding=\"async\" width=\"600\" height=\"716\" src=\"https:\/\/olivera.org\/wp-content\/uploads\/2020\/11\/vicadadiablanc3L-600x716nou.png\" class=\"attachment-woocommerce_thumbnail size-woocommerce_thumbnail\" alt=\"vi-de-cada-dia-blanc-5l\" srcset=\"https:\/\/olivera.org\/wp-content\/uploads\/2020\/11\/vicadadiablanc3L-600x716nou.png 600w, https:\/\/olivera.org\/wp-content\/uploads\/2020\/11\/vicadadiablanc3L-600x716nou-251x300.png 251w\" sizes=\"(max-width: 600px) 100vw, 600px\" \/><h1 class=\"title\">Vino de Cada D\u00eda blanco 3L<\/h1><\/a><\/article><article class=\"entry\"><a href=\"https:\/\/olivera.org\/es\/producte\/vino-de-cada-dia-blanco-5l\/\"><img loading=\"lazy\" decoding=\"async\" width=\"600\" height=\"716\" src=\"https:\/\/olivera.org\/wp-content\/uploads\/2020\/12\/vicadadiablanc5L-600x716nou.png\" class=\"attachment-woocommerce_thumbnail size-woocommerce_thumbnail\" alt=\"vi-de-cada-dia-blanc-5l\" srcset=\"https:\/\/olivera.org\/wp-content\/uploads\/2020\/12\/vicadadiablanc5L-600x716nou.png 600w, https:\/\/olivera.org\/wp-content\/uploads\/2020\/12\/vicadadiablanc5L-600x716nou-251x300.png 251w\" sizes=\"(max-width: 600px) 100vw, 600px\" \/><h1 class=\"title\">Vino de Cada D\u00eda blanco 5L<\/h1><\/a><\/article><article class=\"entry\"><a href=\"https:\/\/olivera.org\/es\/producte\/vino-de-cada-dia-tinto-3l\/\"><img loading=\"lazy\" decoding=\"async\" width=\"600\" height=\"716\" src=\"https:\/\/olivera.org\/wp-content\/uploads\/2020\/11\/vicadadianegre3L-600x716nou.png\" class=\"attachment-woocommerce_thumbnail size-woocommerce_thumbnail\" alt=\"vi-de-cada-dia-negre-5l\" srcset=\"https:\/\/olivera.org\/wp-content\/uploads\/2020\/11\/vicadadianegre3L-600x716nou.png 600w, https:\/\/olivera.org\/wp-content\/uploads\/2020\/11\/vicadadianegre3L-600x716nou-251x300.png 251w\" sizes=\"(max-width: 600px) 100vw, 600px\" \/><h1 class=\"title\">Vino de Cada D\u00eda tinto 3L<\/h1><\/a><\/article><article class=\"entry\"><a href=\"https:\/\/olivera.org\/es\/producte\/vino-de-cada-dia-tinto-5l\/\"><img loading=\"lazy\" decoding=\"async\" width=\"600\" height=\"716\" src=\"https:\/\/olivera.org\/wp-content\/uploads\/2020\/12\/vicadadianegre5L-600x716nou.png\" class=\"attachment-woocommerce_thumbnail size-woocommerce_thumbnail\" alt=\"vi-de-cada-dia-blanc-3l\" srcset=\"https:\/\/olivera.org\/wp-content\/uploads\/2020\/12\/vicadadianegre5L-600x716nou.png 600w, https:\/\/olivera.org\/wp-content\/uploads\/2020\/12\/vicadadianegre5L-600x716nou-251x300.png 251w\" sizes=\"(max-width: 600px) 100vw, 600px\" \/><h1 class=\"title\">Vino de Cada D\u00eda tinto 5L<\/h1><\/a><\/article><\/div><\/div>\t\t\t\t<\/div>\n\t\t\t\t<\/div>\n\t\t\t\t\t<\/div>\n\t\t<\/div>\n\t\t\t\t\t<\/div>\n\t\t<\/section>\n\t\t\t\t<\/div>\n\t\t","protected":false},"excerpt":{"rendered":"<p>Con el trabajo que realizamos en la bodega queremos expresar todo el potencial de la uva que durante un a\u00f1o se ha estado preparando en el campo. Mediante procesos suaves y respetuosos, buscamos la expresi\u00f3n m\u00e1s natural de cada variedad.&nbsp; Fermentamos en dep\u00f3sitos de acero inoxidable y barricas de roble de diferentes or\u00edgenes y toneleros. [&hellip;]<\/p>\n","protected":false},"author":12,"featured_media":0,"parent":0,"menu_order":0,"comment_status":"closed","ping_status":"closed","template":"","meta":{"_acf_changed":false,"footnotes":""},"class_list":["post-16436","page","type-page","status-publish","hentry"],"acf":[],"jetpack_sharing_enabled":true,"_links":{"self":[{"href":"https:\/\/olivera.org\/es\/wp-json\/wp\/v2\/pages\/16436","targetHints":{"allow":["GET"]}}],"collection":[{"href":"https:\/\/olivera.org\/es\/wp-json\/wp\/v2\/pages"}],"about":[{"href":"https:\/\/olivera.org\/es\/wp-json\/wp\/v2\/types\/page"}],"author":[{"embeddable":true,"href":"https:\/\/olivera.org\/es\/wp-json\/wp\/v2\/users\/12"}],"replies":[{"embeddable":true,"href":"https:\/\/olivera.org\/es\/wp-json\/wp\/v2\/comments?post=16436"}],"version-history":[{"count":12,"href":"https:\/\/olivera.org\/es\/wp-json\/wp\/v2\/pages\/16436\/revisions"}],"predecessor-version":[{"id":31030,"href":"https:\/\/olivera.org\/es\/wp-json\/wp\/v2\/pages\/16436\/revisions\/31030"}],"wp:attachment":[{"href":"https:\/\/olivera.org\/es\/wp-json\/wp\/v2\/media?parent=16436"}],"curies":[{"name":"wp","href":"https:\/\/api.w.org\/{rel}","templated":true}]}}