{"id":4446,"date":"2021-02-23T09:58:01","date_gmt":"2021-02-23T09:58:01","guid":{"rendered":"https:\/\/olivera.org\/vinos\/los-macabeos\/"},"modified":"2021-04-30T09:08:23","modified_gmt":"2021-04-30T09:08:23","slug":"los-macabeos","status":"publish","type":"page","link":"https:\/\/olivera.org\/es\/vinos\/los-macabeos\/","title":{"rendered":"Los Macabeos"},"content":{"rendered":"\t\t<div data-elementor-type=\"wp-page\" data-elementor-id=\"4446\" class=\"elementor elementor-4446 elementor-78\" data-elementor-post-type=\"page\">\n\t\t\t\t\t\t<section class=\"elementor-section elementor-top-section elementor-element elementor-element-c546c20 elementor-section-boxed elementor-section-height-default elementor-section-height-default\" data-id=\"c546c20\" data-element_type=\"section\">\n\t\t\t\t\t\t<div class=\"elementor-container elementor-column-gap-default\">\n\t\t\t\t\t<div class=\"elementor-column elementor-col-100 elementor-top-column elementor-element elementor-element-cc5cfbc\" data-id=\"cc5cfbc\" data-element_type=\"column\">\n\t\t\t<div class=\"elementor-widget-wrap elementor-element-populated\">\n\t\t\t\t\t\t<div class=\"elementor-element elementor-element-c1315d9 elementor-widget elementor-widget-text-editor\" data-id=\"c1315d9\" data-element_type=\"widget\" data-widget_type=\"text-editor.default\">\n\t\t\t\t<div class=\"elementor-widget-container\">\n\t\t\t\t\t\t\t\t\t<p style=\"text-align: center;\">El Macabeo es una variedad importante e hist\u00f3ricamente presente en Vallbona de les Monges y en Costers del Segre. Desde sus inicios, L\u2019Olivera ha hecho una apuesta por esta variedad y para descubrir el potencial de la misma. Los monovarietales de Macabeo de L\u2019Olivera son el resultado de la exploraci\u00f3n de diferentes elaboraciones en b\u00fasqueda de su expresi\u00f3n sutil, a la vez que se participa en la creaci\u00f3n de vinos complejos.<\/p>\n\t\t\t\t\t\t\t\t<\/div>\n\t\t\t\t<\/div>\n\t\t\t\t\t<\/div>\n\t\t<\/div>\n\t\t\t\t\t<\/div>\n\t\t<\/section>\n\t\t\t\t<section class=\"elementor-section elementor-top-section elementor-element elementor-element-30a789f elementor-section-big elementor-section-height-default elementor-section-height-default\" data-id=\"30a789f\" data-element_type=\"section\">\n\t\t\t\t\t\t<div class=\"elementor-container elementor-column-gap-default\">\n\t\t\t\t\t<div class=\"elementor-column elementor-col-100 elementor-top-column elementor-element elementor-element-3388661\" data-id=\"3388661\" data-element_type=\"column\">\n\t\t\t<div class=\"elementor-widget-wrap elementor-element-populated\">\n\t\t\t\t\t\t<div class=\"elementor-element elementor-element-329fbe6 elementor-widget elementor-widget-olivera-productlisting\" data-id=\"329fbe6\" data-element_type=\"widget\" data-widget_type=\"olivera-productlisting.default\">\n\t\t\t\t<div class=\"elementor-widget-container\">\n\t\t\t\t\t<div class=\"product-listing-container\" data-slider=\"no\"><div class=\"product-list\"><article class=\"entry\"><a href=\"https:\/\/olivera.org\/es\/producte\/agaliu-vino-blanco\/\"><img fetchpriority=\"high\" decoding=\"async\" width=\"600\" height=\"899\" src=\"https:\/\/olivera.org\/wp-content\/uploads\/2020\/10\/lasembra-olivera-fotos20--600x899.png\" class=\"attachment-woocommerce_thumbnail size-woocommerce_thumbnail\" alt=\"Agaliu\" srcset=\"https:\/\/olivera.org\/wp-content\/uploads\/2020\/10\/lasembra-olivera-fotos20--600x899.png 600w, https:\/\/olivera.org\/wp-content\/uploads\/2020\/10\/lasembra-olivera-fotos20--200x300.png 200w, https:\/\/olivera.org\/wp-content\/uploads\/2020\/10\/lasembra-olivera-fotos20--683x1024.png 683w, https:\/\/olivera.org\/wp-content\/uploads\/2020\/10\/lasembra-olivera-fotos20--768x1151.png 768w, https:\/\/olivera.org\/wp-content\/uploads\/2020\/10\/lasembra-olivera-fotos20--1025x1536.png 1025w, https:\/\/olivera.org\/wp-content\/uploads\/2020\/10\/lasembra-olivera-fotos20--1367x2048.png 1367w\" sizes=\"(max-width: 600px) 100vw, 600px\" \/><h1 class=\"title\">Agaliu<\/h1><\/a><\/article><article class=\"entry\"><a href=\"https:\/\/olivera.org\/es\/producte\/missenyora\/\"><img decoding=\"async\" width=\"600\" height=\"899\" src=\"https:\/\/olivera.org\/wp-content\/uploads\/2020\/10\/lasembra-olivera-fotos28--600x899.png\" class=\"attachment-woocommerce_thumbnail size-woocommerce_thumbnail\" alt=\"Missenyora\" srcset=\"https:\/\/olivera.org\/wp-content\/uploads\/2020\/10\/lasembra-olivera-fotos28--600x899.png 600w, https:\/\/olivera.org\/wp-content\/uploads\/2020\/10\/lasembra-olivera-fotos28--200x300.png 200w, https:\/\/olivera.org\/wp-content\/uploads\/2020\/10\/lasembra-olivera-fotos28--683x1024.png 683w, https:\/\/olivera.org\/wp-content\/uploads\/2020\/10\/lasembra-olivera-fotos28--768x1151.png 768w, https:\/\/olivera.org\/wp-content\/uploads\/2020\/10\/lasembra-olivera-fotos28--1025x1536.png 1025w, https:\/\/olivera.org\/wp-content\/uploads\/2020\/10\/lasembra-olivera-fotos28--1367x2048.png 1367w\" sizes=\"(max-width: 600px) 100vw, 600px\" \/><h1 class=\"title\">Missenyora<\/h1><\/a><\/article><article class=\"entry\"><a href=\"https:\/\/olivera.org\/es\/producte\/v89-vino-blanco-macabeo-ecologico\/\"><img decoding=\"async\" width=\"600\" height=\"716\" src=\"https:\/\/olivera.org\/wp-content\/uploads\/2020\/10\/V89-600x716.png\" class=\"attachment-woocommerce_thumbnail size-woocommerce_thumbnail\" alt=\"vino blanco macabeo ecologico\" srcset=\"https:\/\/olivera.org\/wp-content\/uploads\/2020\/10\/V89-600x716.png 600w, https:\/\/olivera.org\/wp-content\/uploads\/2020\/10\/V89-251x300.png 251w, https:\/\/olivera.org\/wp-content\/uploads\/2020\/10\/V89-768x917.png 768w, https:\/\/olivera.org\/wp-content\/uploads\/2020\/10\/V89.png 784w\" sizes=\"(max-width: 600px) 100vw, 600px\" \/><h1 class=\"title\">V89<\/h1><\/a><\/article><\/div><\/div>\t\t\t\t<\/div>\n\t\t\t\t<\/div>\n\t\t\t\t\t<\/div>\n\t\t<\/div>\n\t\t\t\t\t<\/div>\n\t\t<\/section>\n\t\t\t\t<\/div>\n\t\t","protected":false},"excerpt":{"rendered":"<p>El Macabeo es una variedad importante e hist\u00f3ricamente presente en Vallbona de les Monges y en Costers del Segre. Desde sus inicios, L\u2019Olivera ha hecho una apuesta por esta variedad y para descubrir el potencial de la misma. Los monovarietales de Macabeo de L\u2019Olivera son el resultado de la exploraci\u00f3n de diferentes elaboraciones en b\u00fasqueda [&hellip;]<\/p>\n","protected":false},"author":12,"featured_media":0,"parent":16436,"menu_order":1,"comment_status":"closed","ping_status":"closed","template":"","meta":{"_acf_changed":false,"footnotes":""},"class_list":["post-4446","page","type-page","status-publish","hentry"],"acf":[],"jetpack_sharing_enabled":true,"_links":{"self":[{"href":"https:\/\/olivera.org\/es\/wp-json\/wp\/v2\/pages\/4446","targetHints":{"allow":["GET"]}}],"collection":[{"href":"https:\/\/olivera.org\/es\/wp-json\/wp\/v2\/pages"}],"about":[{"href":"https:\/\/olivera.org\/es\/wp-json\/wp\/v2\/types\/page"}],"author":[{"embeddable":true,"href":"https:\/\/olivera.org\/es\/wp-json\/wp\/v2\/users\/12"}],"replies":[{"embeddable":true,"href":"https:\/\/olivera.org\/es\/wp-json\/wp\/v2\/comments?post=4446"}],"version-history":[{"count":0,"href":"https:\/\/olivera.org\/es\/wp-json\/wp\/v2\/pages\/4446\/revisions"}],"up":[{"embeddable":true,"href":"https:\/\/olivera.org\/es\/wp-json\/wp\/v2\/pages\/16436"}],"wp:attachment":[{"href":"https:\/\/olivera.org\/es\/wp-json\/wp\/v2\/media?parent=4446"}],"curies":[{"name":"wp","href":"https:\/\/api.w.org\/{rel}","templated":true}]}}