{"id":4459,"date":"2021-02-23T10:02:01","date_gmt":"2021-02-23T10:02:01","guid":{"rendered":"https:\/\/olivera.org\/vinos\/proyecto-rasim\/"},"modified":"2021-04-30T09:08:27","modified_gmt":"2021-04-30T09:08:27","slug":"proyecto-rasim","status":"publish","type":"page","link":"https:\/\/olivera.org\/es\/vinos\/proyecto-rasim\/","title":{"rendered":"Proyecto Rasim"},"content":{"rendered":"\t\t<div data-elementor-type=\"wp-page\" data-elementor-id=\"4459\" class=\"elementor elementor-4459 elementor-84\" data-elementor-post-type=\"page\">\n\t\t\t\t\t\t<section class=\"elementor-section elementor-top-section elementor-element elementor-element-278c9df elementor-section-boxed elementor-section-height-default elementor-section-height-default\" data-id=\"278c9df\" data-element_type=\"section\">\n\t\t\t\t\t\t<div class=\"elementor-container elementor-column-gap-default\">\n\t\t\t\t\t<div class=\"elementor-column elementor-col-100 elementor-top-column elementor-element elementor-element-c799a63\" data-id=\"c799a63\" data-element_type=\"column\">\n\t\t\t<div class=\"elementor-widget-wrap elementor-element-populated\">\n\t\t\t\t\t\t<div class=\"elementor-element elementor-element-0a660dd elementor-widget elementor-widget-text-editor\" data-id=\"0a660dd\" data-element_type=\"widget\" data-widget_type=\"text-editor.default\">\n\t\t\t\t<div class=\"elementor-widget-container\">\n\t\t\t\t\t\t\t\t\t<p style=\"text-align: center;\">Rasim es un proyecto que nace de la pasi\u00f3n por los vinos dulces de sus promotores: Claret Serrahima, dise\u00f1ador barcelon\u00e9s y creador de nuestra imagen, y L\u2019Olivera. Un proyecto para hacer posible en nuestra zona lo que hemos conocido en otras regiones vit\u00edcolas hist\u00f3ricas: llegar a crear vinos dulces con elaboraciones singulares y reivindicar su lugar en nuestra gastronom\u00eda. Son vinos que se mueven siguiendo los ritmos requeridos por la naturaleza, pasificando sobre lechos de paja o bien en la misma cepa, a fin de concentrar la materia de forma natural. Elaboraciones lentas, arriesgadas, al l\u00edmite de la paciencia. El resultado son vinos de meditaci\u00f3n, vinos que requieren un tiempo para degustarlos y descubrir la complejidad que esconden.<\/p>\n\t\t\t\t\t\t\t\t<\/div>\n\t\t\t\t<\/div>\n\t\t\t\t\t<\/div>\n\t\t<\/div>\n\t\t\t\t\t<\/div>\n\t\t<\/section>\n\t\t\t\t<section class=\"elementor-section elementor-top-section elementor-element elementor-element-208256d elementor-section-big elementor-section-height-default elementor-section-height-default\" data-id=\"208256d\" data-element_type=\"section\">\n\t\t\t\t\t\t<div class=\"elementor-container elementor-column-gap-default\">\n\t\t\t\t\t<div class=\"elementor-column elementor-col-100 elementor-top-column elementor-element elementor-element-a4893d8\" data-id=\"a4893d8\" data-element_type=\"column\">\n\t\t\t<div class=\"elementor-widget-wrap elementor-element-populated\">\n\t\t\t\t\t\t<div class=\"elementor-element elementor-element-534337a elementor-widget elementor-widget-olivera-productlisting\" data-id=\"534337a\" data-element_type=\"widget\" data-widget_type=\"olivera-productlisting.default\">\n\t\t\t\t<div class=\"elementor-widget-container\">\n\t\t\t\t\t<div class=\"product-listing-container\" data-slider=\"no\"><div class=\"product-list\"><article class=\"entry\"><a href=\"https:\/\/olivera.org\/es\/producte\/rasim-vipansit\/\"><img fetchpriority=\"high\" decoding=\"async\" width=\"600\" height=\"716\" src=\"https:\/\/olivera.org\/wp-content\/uploads\/2020\/10\/rasimvipansit-600x716-1.png\" class=\"attachment-woocommerce_thumbnail size-woocommerce_thumbnail\" alt=\"rasim-vipansit\" srcset=\"https:\/\/olivera.org\/wp-content\/uploads\/2020\/10\/rasimvipansit-600x716-1.png 600w, https:\/\/olivera.org\/wp-content\/uploads\/2020\/10\/rasimvipansit-600x716-1-251x300.png 251w\" sizes=\"(max-width: 600px) 100vw, 600px\" \/><h1 class=\"title\">Rasim Vipansit<\/h1><\/a><\/article><article class=\"entry\"><a href=\"https:\/\/olivera.org\/es\/producte\/rasim-vimadur\/\"><img decoding=\"async\" width=\"600\" height=\"716\" src=\"https:\/\/olivera.org\/wp-content\/uploads\/2020\/10\/rasimvimadur-600x716-1.png\" class=\"attachment-woocommerce_thumbnail size-woocommerce_thumbnail\" alt=\"rasim-vimadur\" srcset=\"https:\/\/olivera.org\/wp-content\/uploads\/2020\/10\/rasimvimadur-600x716-1.png 600w, https:\/\/olivera.org\/wp-content\/uploads\/2020\/10\/rasimvimadur-600x716-1-251x300.png 251w\" sizes=\"(max-width: 600px) 100vw, 600px\" \/><h1 class=\"title\">Rasim Vimadur<\/h1><\/a><\/article><\/div><\/div>\t\t\t\t<\/div>\n\t\t\t\t<\/div>\n\t\t\t\t\t<\/div>\n\t\t<\/div>\n\t\t\t\t\t<\/div>\n\t\t<\/section>\n\t\t\t\t<\/div>\n\t\t","protected":false},"excerpt":{"rendered":"<p>Rasim es un proyecto que nace de la pasi\u00f3n por los vinos dulces de sus promotores: Claret Serrahima, dise\u00f1ador barcelon\u00e9s y creador de nuestra imagen, y L\u2019Olivera. Un proyecto para hacer posible en nuestra zona lo que hemos conocido en otras regiones vit\u00edcolas hist\u00f3ricas: llegar a crear vinos dulces con elaboraciones singulares y reivindicar su [&hellip;]<\/p>\n","protected":false},"author":12,"featured_media":0,"parent":16436,"menu_order":4,"comment_status":"closed","ping_status":"closed","template":"","meta":{"_acf_changed":false,"footnotes":""},"class_list":["post-4459","page","type-page","status-publish","hentry"],"acf":[],"jetpack_sharing_enabled":true,"_links":{"self":[{"href":"https:\/\/olivera.org\/es\/wp-json\/wp\/v2\/pages\/4459","targetHints":{"allow":["GET"]}}],"collection":[{"href":"https:\/\/olivera.org\/es\/wp-json\/wp\/v2\/pages"}],"about":[{"href":"https:\/\/olivera.org\/es\/wp-json\/wp\/v2\/types\/page"}],"author":[{"embeddable":true,"href":"https:\/\/olivera.org\/es\/wp-json\/wp\/v2\/users\/12"}],"replies":[{"embeddable":true,"href":"https:\/\/olivera.org\/es\/wp-json\/wp\/v2\/comments?post=4459"}],"version-history":[{"count":0,"href":"https:\/\/olivera.org\/es\/wp-json\/wp\/v2\/pages\/4459\/revisions"}],"up":[{"embeddable":true,"href":"https:\/\/olivera.org\/es\/wp-json\/wp\/v2\/pages\/16436"}],"wp:attachment":[{"href":"https:\/\/olivera.org\/es\/wp-json\/wp\/v2\/media?parent=4459"}],"curies":[{"name":"wp","href":"https:\/\/api.w.org\/{rel}","templated":true}]}}