{"id":30141,"date":"2025-01-13T15:09:34","date_gmt":"2025-01-13T15:09:34","guid":{"rendered":"https:\/\/olivera.org\/?post_type=product&#038;p=30141"},"modified":"2025-12-09T14:07:30","modified_gmt":"2025-12-09T14:07:30","slug":"vinyes-de-barcelona-blanco","status":"publish","type":"product","link":"https:\/\/olivera.org\/es\/producte\/vinyes-de-barcelona-blanco\/","title":{"rendered":"Vinyes de Barcelona blanco"},"content":{"rendered":"\t\t<div data-elementor-type=\"product-post\" data-elementor-id=\"30141\" class=\"elementor elementor-30141 elementor-30072\" data-elementor-post-type=\"product\">\n\t\t\t\t\t\t<section class=\"elementor-section elementor-top-section elementor-element elementor-element-a50036a elementor-section-boxed elementor-section-height-default elementor-section-height-default\" data-id=\"a50036a\" data-element_type=\"section\">\n\t\t\t\t\t\t<div class=\"elementor-container elementor-column-gap-default\">\n\t\t\t\t\t<div class=\"elementor-column elementor-col-100 elementor-top-column elementor-element elementor-element-e07ff80\" data-id=\"e07ff80\" data-element_type=\"column\">\n\t\t\t<div class=\"elementor-widget-wrap elementor-element-populated\">\n\t\t\t\t\t\t<div class=\"elementor-element elementor-element-91ffd8e elementor-widget elementor-widget-heading\" data-id=\"91ffd8e\" data-element_type=\"widget\" data-widget_type=\"heading.default\">\n\t\t\t\t<div class=\"elementor-widget-container\">\n\t\t\t\t\t<h2 class=\"elementor-heading-title elementor-size-default\">Vinyes de Barcelona blanco 2024<\/h2>\t\t\t\t<\/div>\n\t\t\t\t<\/div>\n\t\t\t\t\t<\/div>\n\t\t<\/div>\n\t\t\t\t\t<\/div>\n\t\t<\/section>\n\t\t\t\t<section class=\"elementor-section elementor-top-section elementor-element elementor-element-05e9b0b elementor-section-boxed elementor-section-height-default elementor-section-height-default\" data-id=\"05e9b0b\" data-element_type=\"section\">\n\t\t\t\t\t\t<div class=\"elementor-container elementor-column-gap-default\">\n\t\t\t\t\t<div class=\"elementor-column elementor-col-100 elementor-top-column elementor-element elementor-element-cdb9958\" data-id=\"cdb9958\" data-element_type=\"column\">\n\t\t\t<div class=\"elementor-widget-wrap elementor-element-populated\">\n\t\t\t\t\t\t<div class=\"elementor-element elementor-element-23e40ab elementor-widget elementor-widget-text-editor\" data-id=\"23e40ab\" data-element_type=\"widget\" data-widget_type=\"text-editor.default\">\n\t\t\t\t<div class=\"elementor-widget-container\">\n\t\t\t\t\t\t\t\t\t<p class=\"label-sans-serif\">Caracter\u00edsticas de la a\u00f1ada<\/p><p class=\"big-serif\">La a\u00f1ada 2024 en la regi\u00f3n de Barcelona ha estado marcada por temperaturas m\u00e1s c\u00e1lidas que la media, y una pluviometr\u00eda que ha recuperado los valores habituales, incluso un poco por encima. El retorno a la pluviometr\u00eda habitual ha permitido un correcto crecimiento de las plantas, especialmente las m\u00e1s j\u00f3venes, y nos ha obligado a estar muy atentos a la sanidad de la uva para lograr una buena maduraci\u00f3n. Las buenas pr\u00e1cticas en la gesti\u00f3n del suelo, con cubiertas vegetales que permiten la infiltraci\u00f3n y equilibran el crecimiento de la vi\u00f1a, tambi\u00e9n han ayudado a preservar su salud. En general, la producci\u00f3n ha sido buena y seguir\u00e1 creciendo a medida que el proceso de reestructuraci\u00f3n de la finca se vaya consolidando.<\/p>\t\t\t\t\t\t\t\t<\/div>\n\t\t\t\t<\/div>\n\t\t\t\t\t<\/div>\n\t\t<\/div>\n\t\t\t\t\t<\/div>\n\t\t<\/section>\n\t\t\t\t<section class=\"elementor-section elementor-top-section elementor-element elementor-element-684f919 elementor-section-boxed elementor-section-height-default elementor-section-height-default\" data-id=\"684f919\" data-element_type=\"section\">\n\t\t\t\t\t\t<div class=\"elementor-container elementor-column-gap-default\">\n\t\t\t\t\t<div class=\"elementor-column elementor-col-100 elementor-top-column elementor-element elementor-element-d594586\" data-id=\"d594586\" data-element_type=\"column\">\n\t\t\t<div class=\"elementor-widget-wrap elementor-element-populated\">\n\t\t\t\t\t\t<section class=\"elementor-section elementor-inner-section elementor-element elementor-element-5c7213c elementor-section-boxed elementor-section-height-default elementor-section-height-default\" data-id=\"5c7213c\" data-element_type=\"section\">\n\t\t\t\t\t\t<div class=\"elementor-container elementor-column-gap-default\">\n\t\t\t\t\t<div class=\"elementor-column elementor-col-50 elementor-inner-column elementor-element elementor-element-f3c8a18\" data-id=\"f3c8a18\" data-element_type=\"column\">\n\t\t\t<div class=\"elementor-widget-wrap elementor-element-populated\">\n\t\t\t\t\t\t<div class=\"elementor-element elementor-element-6084f3b elementor-widget elementor-widget-image\" data-id=\"6084f3b\" data-element_type=\"widget\" data-widget_type=\"image.default\">\n\t\t\t\t<div class=\"elementor-widget-container\">\n\t\t\t\t\t\t\t\t\t\t\t\t\t\t\t<img fetchpriority=\"high\" decoding=\"async\" width=\"682\" height=\"1024\" src=\"https:\/\/olivera.org\/wp-content\/uploads\/2025\/01\/4869D4E6-B23B-4D2F-BF55-CA699FA463EB-1-682x1024.jpg\" class=\"attachment-large size-large wp-image-30119\" alt=\"vinyes-can-calopa\" srcset=\"https:\/\/olivera.org\/wp-content\/uploads\/2025\/01\/4869D4E6-B23B-4D2F-BF55-CA699FA463EB-1-682x1024.jpg 682w, https:\/\/olivera.org\/wp-content\/uploads\/2025\/01\/4869D4E6-B23B-4D2F-BF55-CA699FA463EB-1-200x300.jpg 200w, https:\/\/olivera.org\/wp-content\/uploads\/2025\/01\/4869D4E6-B23B-4D2F-BF55-CA699FA463EB-1-768x1153.jpg 768w, https:\/\/olivera.org\/wp-content\/uploads\/2025\/01\/4869D4E6-B23B-4D2F-BF55-CA699FA463EB-1-1023x1536.jpg 1023w, https:\/\/olivera.org\/wp-content\/uploads\/2025\/01\/4869D4E6-B23B-4D2F-BF55-CA699FA463EB-1-600x901.jpg 600w, https:\/\/olivera.org\/wp-content\/uploads\/2025\/01\/4869D4E6-B23B-4D2F-BF55-CA699FA463EB-1.jpg 1066w\" sizes=\"(max-width: 682px) 100vw, 682px\" \/>\t\t\t\t\t\t\t\t\t\t\t\t\t\t\t<\/div>\n\t\t\t\t<\/div>\n\t\t\t\t\t<\/div>\n\t\t<\/div>\n\t\t\t\t<div class=\"elementor-column elementor-col-50 elementor-inner-column elementor-element elementor-element-8c0ec26\" data-id=\"8c0ec26\" data-element_type=\"column\">\n\t\t\t<div class=\"elementor-widget-wrap elementor-element-populated\">\n\t\t\t\t\t\t<div class=\"elementor-element elementor-element-28c82df elementor-widget elementor-widget-image\" data-id=\"28c82df\" data-element_type=\"widget\" data-widget_type=\"image.default\">\n\t\t\t\t<div class=\"elementor-widget-container\">\n\t\t\t\t\t\t\t\t\t\t\t\t\t\t\t<img decoding=\"async\" width=\"800\" height=\"800\" src=\"https:\/\/olivera.org\/wp-content\/uploads\/2025\/01\/verema8-1-1024x1024.jpg\" class=\"attachment-large size-large wp-image-30132\" alt=\"\" srcset=\"https:\/\/olivera.org\/wp-content\/uploads\/2025\/01\/verema8-1-1024x1024.jpg 1024w, https:\/\/olivera.org\/wp-content\/uploads\/2025\/01\/verema8-1-300x300.jpg 300w, https:\/\/olivera.org\/wp-content\/uploads\/2025\/01\/verema8-1-150x150.jpg 150w, https:\/\/olivera.org\/wp-content\/uploads\/2025\/01\/verema8-1-768x769.jpg 768w, https:\/\/olivera.org\/wp-content\/uploads\/2025\/01\/verema8-1-1536x1536.jpg 1536w, https:\/\/olivera.org\/wp-content\/uploads\/2025\/01\/verema8-1-2046x2048.jpg 2046w, https:\/\/olivera.org\/wp-content\/uploads\/2025\/01\/verema8-1-600x601.jpg 600w, https:\/\/olivera.org\/wp-content\/uploads\/2025\/01\/verema8-1-100x100.jpg 100w\" sizes=\"(max-width: 800px) 100vw, 800px\" \/>\t\t\t\t\t\t\t\t\t\t\t\t\t\t\t<\/div>\n\t\t\t\t<\/div>\n\t\t\t\t\t<\/div>\n\t\t<\/div>\n\t\t\t\t\t<\/div>\n\t\t<\/section>\n\t\t\t\t\t<\/div>\n\t\t<\/div>\n\t\t\t\t\t<\/div>\n\t\t<\/section>\n\t\t\t\t<section class=\"elementor-section elementor-top-section elementor-element elementor-element-0c75fac elementor-section-boxed elementor-section-height-default elementor-section-height-default\" data-id=\"0c75fac\" data-element_type=\"section\">\n\t\t\t\t\t\t<div class=\"elementor-container elementor-column-gap-default\">\n\t\t\t\t\t<div class=\"elementor-column elementor-col-100 elementor-top-column elementor-element elementor-element-0d2a53b\" data-id=\"0d2a53b\" data-element_type=\"column\">\n\t\t\t<div class=\"elementor-widget-wrap elementor-element-populated\">\n\t\t\t\t\t\t<div class=\"elementor-element elementor-element-ebfa305 elementor-widget elementor-widget-text-editor\" data-id=\"ebfa305\" data-element_type=\"widget\" data-widget_type=\"text-editor.default\">\n\t\t\t\t<div class=\"elementor-widget-container\">\n\t\t\t\t\t\t\t\t\t<p class=\"label-sans-serif\">Viticultura y elaboraci\u00f3n<\/p><p class=\"big-serif\">Viticultura de secano ecol\u00f3gica. Vendimia manual en cajas de 10-12 kg y selecci\u00f3n de la uva en la vi\u00f1a. Este vino es fruto de dos elaboraciones diferentes. Por un lado, el 50% del mosto fermenta en dep\u00f3sito de acero inoxidable y posteriormente realiza una crianza en \u00e1nfora de gres durante tres meses. Por otro lado, el resto del mosto envejece con batonage semanal en barrica de roble franc\u00e9s de segundo y tercer a\u00f1o.<\/p>\t\t\t\t\t\t\t\t<\/div>\n\t\t\t\t<\/div>\n\t\t\t\t\t<\/div>\n\t\t<\/div>\n\t\t\t\t\t<\/div>\n\t\t<\/section>\n\t\t\t\t<section class=\"elementor-section elementor-top-section elementor-element elementor-element-82d3d00 elementor-section-boxed elementor-section-height-default elementor-section-height-default\" data-id=\"82d3d00\" data-element_type=\"section\">\n\t\t\t\t\t\t<div class=\"elementor-container elementor-column-gap-default\">\n\t\t\t\t\t<div class=\"elementor-column elementor-col-100 elementor-top-column elementor-element elementor-element-16acc3c\" data-id=\"16acc3c\" data-element_type=\"column\">\n\t\t\t<div class=\"elementor-widget-wrap elementor-element-populated\">\n\t\t\t\t\t\t<div class=\"elementor-element elementor-element-b951969 elementor-widget elementor-widget-text-editor\" data-id=\"b951969\" data-element_type=\"widget\" data-widget_type=\"text-editor.default\">\n\t\t\t\t<div class=\"elementor-widget-container\">\n\t\t\t\t\t\t\t\t\t<p class=\"label-sans-serif\">Anal\u00edtica<\/p><p class=\"small-sans-serif\">Grado alcoh\u00f3lico: 12,68%<br \/>Acidez total: 3,9 g\/l (\u00e0cid sulf\u00faric)<br \/>Acidez vol\u00e1til: 0,48 g\/l<br \/>Azucar residual: &lt;0,5 g\/l (glucosa + fructosa)<br \/>Sulfuroso total: 68 mg\/l<\/p>\t\t\t\t\t\t\t\t<\/div>\n\t\t\t\t<\/div>\n\t\t\t\t\t<\/div>\n\t\t<\/div>\n\t\t\t\t\t<\/div>\n\t\t<\/section>\n\t\t\t\t<section class=\"elementor-section elementor-top-section elementor-element elementor-element-6f84376 elementor-section-boxed elementor-section-height-default elementor-section-height-default\" data-id=\"6f84376\" data-element_type=\"section\">\n\t\t\t\t\t\t<div class=\"elementor-container elementor-column-gap-default\">\n\t\t\t\t\t<div class=\"elementor-column elementor-col-100 elementor-top-column elementor-element elementor-element-fafc0a2\" data-id=\"fafc0a2\" data-element_type=\"column\">\n\t\t\t<div class=\"elementor-widget-wrap elementor-element-populated\">\n\t\t\t\t\t\t<div class=\"elementor-element elementor-element-e8d5962 elementor-widget elementor-widget-text-editor\" data-id=\"e8d5962\" data-element_type=\"widget\" data-widget_type=\"text-editor.default\">\n\t\t\t\t<div class=\"elementor-widget-container\">\n\t\t\t\t\t\t\t\t\t<p class=\"label-sans-serif\">Cata<\/p><p class=\"big-serif\">Color amarillo pajizo, de aspecto l\u00edmpido y brillante con reflejos dorados, l\u00e1grima marcada. En nariz, presenta una buena intensidad arom\u00e1tica, con aromas de frutas blancas y amarillas maduras (mel\u00f3n, pi\u00f1a); tambi\u00e9n encontramos notas florales como la flor de acacia, notas anisadas y de frutos secos. Si lo dejamos oxigenar bien, aparecen notas de pan tostado.<\/p>\t\t\t\t\t\t\t\t<\/div>\n\t\t\t\t<\/div>\n\t\t\t\t\t<\/div>\n\t\t<\/div>\n\t\t\t\t\t<\/div>\n\t\t<\/section>\n\t\t\t\t<\/div>\n\t\t","protected":false},"excerpt":{"rendered":"<p class=\"big-serif\">Vinyes de Barcelona es el \u00fanico vino que se produce en la ciudad de Barcelona. Nace en la mas\u00eda <a href=\"https:\/\/olivera.org\/ca\/lolivera-vins-i-olis-ecologics-2\/#section-un-projecte-dos-paisatges\">Can Calopa de Dalt<\/a>, en la cara norte de la Serra de Collserola. Aqu\u00ed, cultivamos la vi\u00f1a y elaboramos el vino en una peque\u00f1a bodega rehabilitada, un proyecto impulsado por el Ayuntamiento de Barcelona en el a\u00f1o 2001 y gestionado por L&#8217;Olivera desde 2010, con una propuesta de agricultura social que combina calidad de los productos con inclusi\u00f3n social y respeto por el medio ambiente.<\/p>\n<p><a href=\"https:\/\/olivera.org\/wp-content\/uploads\/2025\/01\/F57040FE-762E-4A9C-A98B-33C70E2EC0DD.jpg\"><img decoding=\"async\" class=\"aligncenter wp-image-30123 size-large\" src=\"https:\/\/olivera.org\/wp-content\/uploads\/2025\/01\/F57040FE-762E-4A9C-A98B-33C70E2EC0DD-768x1024.jpg\" alt=\"\" width=\"768\" height=\"1024\" srcset=\"https:\/\/olivera.org\/wp-content\/uploads\/2025\/01\/F57040FE-762E-4A9C-A98B-33C70E2EC0DD-768x1024.jpg 768w, https:\/\/olivera.org\/wp-content\/uploads\/2025\/01\/F57040FE-762E-4A9C-A98B-33C70E2EC0DD-225x300.jpg 225w, https:\/\/olivera.org\/wp-content\/uploads\/2025\/01\/F57040FE-762E-4A9C-A98B-33C70E2EC0DD-1152x1536.jpg 1152w, https:\/\/olivera.org\/wp-content\/uploads\/2025\/01\/F57040FE-762E-4A9C-A98B-33C70E2EC0DD-600x800.jpg 600w, https:\/\/olivera.org\/wp-content\/uploads\/2025\/01\/F57040FE-762E-4A9C-A98B-33C70E2EC0DD.jpg 1200w\" sizes=\"(max-width: 768px) 100vw, 768px\" \/><\/a><\/p>\n<p class=\"big-serif\">El Vinyes de Barcelona es el resultado de una apuesta colectiva por la agricultura periurbana, que plantea una mirada contempor\u00e1nea a la recuperaci\u00f3n de la actividad agr\u00edcola ligada a las grandes ciudades. Elaborado con Xarel\u00b7lo, presente en la zona de Collserola antiguamente, que en L&#8217;Olivera recuperamos para poner en valor esta variedad y elaborarla en vinificaciones diferentes, investigando en materiales como el gres o la damajuana para obtener un vino sutil y elegante, fiel a su paisaje agr\u00edcola y humano.<\/p>\n<p class=\"label-sans-serif\">Paisaje<\/p>\n<p class=\"small-sans-serif\">ORIGEN: Vi\u00f1as de la finca de Can Calopa, ubicadas en la vertiente nordeste de la sierra de Collserola y dentro del municipio de Barcelona, a 300 metros sobre el nivel del mar. Paisaje de mosaicos agrarios en medio de zonas boscosas conquistadas por pinos, encinas y especies arbustivas mediterr\u00e1neas. La finca combina terrazas con peque\u00f1as parcelas llanas.<\/p>\n<p class=\"small-sans-serif\">SUELOS: Suelos de textura franca, con substratos de pizarras y lutitas.<\/p>\n<p class=\"small-sans-serif\">CLIMA: Clima de influencia mediterr\u00e1nea, con inviernos suaves, veranos calurosos, oscilaci\u00f3n t\u00e9rmica moderada y precipitaciones estacionales escasas y muy irregulares, que suelen situarse entre 500 y 600 mm anuales. La finca de Can Calopa tiene una orientaci\u00f3n noreste que la convierte en una finca fresca donde las maduraciones son lentas y pausadas. La entrada de la marinada por la tarde modera las elevadas temperaturas del verano.<\/p>\n<p class=\"label-sans-serif\">Variedades<\/p>\n<p class=\"small-sans-serif\">Xarel\u00b7lo (100%)<\/p>\n<p class=\"label-sans-serif\">Viticultura<\/p>\n<p class=\"small-sans-serif\">Agricultura ecol\u00f3gica. Vendimia manual en cajas de 10-12 kg y selecci\u00f3n de la uva en la vi\u00f1a.<\/p>\n<p class=\"label-sans-serif\">Vinificaci\u00f3n<\/p>\n<p class=\"small-sans-serif\">Por un lado, el 50% del mosto fermenta en dep\u00f3sito de acero inoxidable y posteriormente realiza una crianza en \u00e1nfora de gres durante tres meses. Por otro lado, el resto del mosto envejece con <em>batonage<\/em> semanal en barrica de roble franc\u00e9s de segundo y tercer a\u00f1o.<\/p>\n<p class=\"label-sans-serif\">Producci\u00f3n<\/p>\n<p class=\"small-sans-serif\">A\u00f1ada 2024: 885 botellas<\/p>\n","protected":false},"featured_media":31117,"comment_status":"open","ping_status":"closed","template":"","meta":{"_acf_changed":false},"product_brand":[],"product_cat":[47],"product_tag":[],"class_list":{"0":"post-30141","1":"product","2":"type-product","3":"status-publish","4":"has-post-thumbnail","6":"product_cat-wines-es","7":"pa_characteristics-wines-urbanos","8":"pa_origin-can-calopa-es","9":"pa_unity-box-es","10":"pa_unity-single-es","11":"pa_wine-type-blancos","13":"first","14":"instock","15":"shipping-taxable","16":"purchasable","17":"product-type-simple"},"acf":[],"jetpack_sharing_enabled":true,"_links":{"self":[{"href":"https:\/\/olivera.org\/es\/wp-json\/wp\/v2\/product\/30141","targetHints":{"allow":["GET"]}}],"collection":[{"href":"https:\/\/olivera.org\/es\/wp-json\/wp\/v2\/product"}],"about":[{"href":"https:\/\/olivera.org\/es\/wp-json\/wp\/v2\/types\/product"}],"replies":[{"embeddable":true,"href":"https:\/\/olivera.org\/es\/wp-json\/wp\/v2\/comments?post=30141"}],"version-history":[{"count":7,"href":"https:\/\/olivera.org\/es\/wp-json\/wp\/v2\/product\/30141\/revisions"}],"predecessor-version":[{"id":32475,"href":"https:\/\/olivera.org\/es\/wp-json\/wp\/v2\/product\/30141\/revisions\/32475"}],"wp:featuredmedia":[{"embeddable":true,"href":"https:\/\/olivera.org\/es\/wp-json\/wp\/v2\/media\/31117"}],"wp:attachment":[{"href":"https:\/\/olivera.org\/es\/wp-json\/wp\/v2\/media?parent=30141"}],"wp:term":[{"taxonomy":"product_brand","embeddable":true,"href":"https:\/\/olivera.org\/es\/wp-json\/wp\/v2\/product_brand?post=30141"},{"taxonomy":"product_cat","embeddable":true,"href":"https:\/\/olivera.org\/es\/wp-json\/wp\/v2\/product_cat?post=30141"},{"taxonomy":"product_tag","embeddable":true,"href":"https:\/\/olivera.org\/es\/wp-json\/wp\/v2\/product_tag?post=30141"}],"curies":[{"name":"wp","href":"https:\/\/api.w.org\/{rel}","templated":true}]}}